{"id":11915,"date":"2023-02-13T09:29:43","date_gmt":"2023-02-13T15:29:43","guid":{"rendered":"https:\/\/vivaro.com\/?page_id=11915"},"modified":"2023-03-21T19:23:09","modified_gmt":"2023-03-22T01:23:09","slug":"rick-neumann-se-une-a-vivaro-media","status":"publish","type":"page","link":"https:\/\/vivaro.com\/fr\/rick-neumann-se-une-a-vivaro-media\/","title":{"rendered":"RICK NEUMANN SE UNE A V\u00cdVARO MEDIA"},"content":{"rendered":"<div data-elementor-type=\"wp-page\" data-elementor-id=\"11915\" class=\"elementor elementor-11915\" data-elementor-post-type=\"page\">\n\t\t\t\t\t\t<section class=\"elementor-section elementor-top-section elementor-element elementor-element-af2d6b0 elementor-section-boxed elementor-section-height-default elementor-section-height-default\" data-id=\"af2d6b0\" data-element_type=\"section\" data-e-type=\"section\">\n\t\t\t\t\t\t<div class=\"elementor-container elementor-column-gap-default\">\n\t\t\t\t\t<div class=\"elementor-column elementor-col-100 elementor-top-column elementor-element elementor-element-211a899\" data-id=\"211a899\" data-element_type=\"column\" data-e-type=\"column\">\n\t\t\t<div class=\"elementor-widget-wrap\">\n\t\t\t\t\t\t\t<\/div>\n\t\t<\/div>\n\t\t\t\t\t<\/div>\n\t\t<\/section>\n\t\t\t\t<section class=\"elementor-section elementor-top-section elementor-element elementor-element-77edd41c elementor-section-height-min-height elementor-section-boxed elementor-section-height-default elementor-section-items-middle\" data-id=\"77edd41c\" data-element_type=\"section\" data-e-type=\"section\" data-settings=\"{&quot;background_background&quot;:&quot;classic&quot;}\">\n\t\t\t\t\t\t\t<div class=\"elementor-background-overlay\"><\/div>\n\t\t\t\t\t\t\t<div class=\"elementor-container elementor-column-gap-default\">\n\t\t\t\t\t<div class=\"elementor-column elementor-col-100 elementor-top-column elementor-element elementor-element-3d5a8e2f\" data-id=\"3d5a8e2f\" data-element_type=\"column\" data-e-type=\"column\">\n\t\t\t<div class=\"elementor-widget-wrap\">\n\t\t\t\t\t\t\t<\/div>\n\t\t<\/div>\n\t\t\t\t\t<\/div>\n\t\t<\/section>\n\t\t\t\t<section class=\"elementor-section elementor-top-section elementor-element elementor-element-58f5f0de elementor-section-boxed elementor-section-height-default elementor-section-height-default\" data-id=\"58f5f0de\" data-element_type=\"section\" data-e-type=\"section\">\n\t\t\t\t\t\t<div class=\"elementor-container elementor-column-gap-default\">\n\t\t\t\t\t<div class=\"elementor-column elementor-col-100 elementor-top-column elementor-element elementor-element-40518f9a\" data-id=\"40518f9a\" data-element_type=\"column\" data-e-type=\"column\" data-settings=\"{&quot;background_background&quot;:&quot;classic&quot;}\">\n\t\t\t<div class=\"elementor-widget-wrap elementor-element-populated\">\n\t\t\t\t\t\t<div class=\"elementor-element elementor-element-455f864d elementor-widget elementor-widget-heading\" data-id=\"455f864d\" data-element_type=\"widget\" data-e-type=\"widget\" data-widget_type=\"heading.default\">\n\t\t\t\t<div class=\"elementor-widget-container\">\n\t\t\t\t\t<h2 class=\"elementor-heading-title elementor-size-default\">Rick Neumann se une a V\u00edvaro Media para fortalecer los planes de crecimiento y expansi\u00f3n de la empresa. <\/h2>\t\t\t\t<\/div>\n\t\t\t\t<\/div>\n\t\t\t\t<div class=\"elementor-element elementor-element-4c0f7073 elementor-align-center elementor-widget elementor-widget-post-info\" data-id=\"4c0f7073\" data-element_type=\"widget\" data-e-type=\"widget\" data-widget_type=\"post-info.default\">\n\t\t\t\t<div class=\"elementor-widget-container\">\n\t\t\t\t\t\t\t<ul class=\"elementor-inline-items elementor-icon-list-items elementor-post-info\">\n\t\t\t\t\t\t\t\t<li class=\"elementor-icon-list-item elementor-repeater-item-6bd1949 elementor-inline-item\">\n\t\t\t\t\t\t\t\t\t\t<span class=\"elementor-icon-list-icon\">\n\t\t\t\t\t\t\t\t<i aria-hidden=\"true\" class=\"far fa-tags\"><\/i>\t\t\t\t\t\t\t<\/span>\n\t\t\t\t\t\t\t\t\t<span class=\"elementor-icon-list-text elementor-post-info__item elementor-post-info__item--type-custom\">\n\t\t\t\t\t\t\t\t\t\t31 DE ENERO DE 2023.\t\t\t\t\t<\/span>\n\t\t\t\t\t\t\t\t<\/li>\n\t\t\t\t<\/ul>\n\t\t\t\t\t\t<\/div>\n\t\t\t\t<\/div>\n\t\t\t\t<div class=\"elementor-element elementor-element-03cb5e3 elementor-widget elementor-widget-image\" data-id=\"03cb5e3\" data-element_type=\"widget\" data-e-type=\"widget\" data-widget_type=\"image.default\">\n\t\t\t\t<div class=\"elementor-widget-container\">\n\t\t\t\t\t\t\t\t\t\t\t\t\t\t\t<img decoding=\"async\" src=\"https:\/\/vivaro.com\/wp-content\/uploads\/elementor\/thumbs\/RICK-NEUMANN_01-q3v7lnuk5plt70w5spldxm56hhwp9oppxgd6qsqcxu.jpg\" title=\"RICK-NEUMANN_01\" alt=\"RICK-NEUMANN_01\" loading=\"lazy\" \/>\t\t\t\t\t\t\t\t\t\t\t\t\t\t\t<\/div>\n\t\t\t\t<\/div>\n\t\t\t\t<div class=\"elementor-element elementor-element-2f0e2b9c elementor-widget elementor-widget-text-editor\" data-id=\"2f0e2b9c\" data-element_type=\"widget\" data-e-type=\"widget\" data-widget_type=\"text-editor.default\">\n\t\t\t\t<div class=\"elementor-widget-container\">\n\t\t\t\t\t\t\t\t\t<h5><strong>Rick Neumann se une a V\u00edvaro Media para fortalecer los planes de crecimiento y expansi\u00f3n de la empresa.<\/strong><\/h5><p>\u00a0<\/p><p>MONTERREY, M\u00c9XICO A 31 DE ENERO DE 2023. \u2014 V\u00edvaro Media, una de las empresas pertenecientes a Grupo V\u00edvaro, l\u00edder en la distribuci\u00f3n de contenidos audiovisuales en directo, se complace en anunciar el nombramiento de Rick Neumann como Director Senior de Ventas Globales, quien liderar\u00e1 los ambiciosos planes de crecimiento y expansi\u00f3n del equipo comercial de la empresa para 2023.<\/p><p>Rick llega a V\u00edvaro Media con una gran experiencia, siendo l\u00edder de ventas y Director de<br \/>Desarrollo de Negocios en las Am\u00e9ricas para empresas l\u00edderes como Research In Motion,<br \/>Nokia, RingCentral, Dejero Labs y otras compa\u00f1\u00edas de tecnolog\u00eda l\u00edderes en la industria. Su<br \/>experiencia en ayudar a las empresas a dise\u00f1ar estrategias de comercializaci\u00f3n y construir y nutrir equipos para la ejecuci\u00f3n de ventas lo convierten en la persona ideal para esta posici\u00f3n. Estamos muy contentos de dar la bienvenida a Rick a nuestro equipo dijo Daniel Gonz\u00e1lez, CEO de V\u00edvaro Media. \u00abSu impresionante historial de \u00e9xito en ventas y desarrollo de negocios, con su profundo conocimiento de la industria tecnol\u00f3gica, lo convierte en el candidato perfecto para liderar nuestros equipos comerciales a medida que seguimos creciendo.\u00bb<\/p><p><br \/>Con la llegada de Rick, y sus m\u00e1s de 20 a\u00f1os de experiencia en el sector, V\u00edvaro Media<br \/>pretende fortalecer sus planes de venta para la ampliaci\u00f3n de servicios con tecnolog\u00edas<br \/>disruptivas como la producci\u00f3n remota (REMI), el SRT y la distribuci\u00f3n de deportes de fibra. \u00abEstoy encantado de unirme a V\u00edvaro Media y ser parte de un equipo din\u00e1mico, espero trabajar con todo el grupo de empresas de V\u00edvaro para construir una visi\u00f3n hol\u00edstica, unir las muchas piezas y agregar una propuesta de mayor valor a nuestros clientes. Ha sido un proyecto en proceso y, con este nombramiento, espero llevar a buen t\u00e9rmino nuestros principales objetivos\u00bb<\/p><p>Es as\u00ed como Grupo V\u00edvaro, contin\u00faa apostando por la disrupci\u00f3n y la adici\u00f3n de talento innovador para su fortalecimiento empresarial. Acerca de V\u00edvaro Media V\u00edvaro Media es una empresa l\u00edder en la distribuci\u00f3n de contenidos audiovisuales en directo.<\/p><p><br \/>Establecido en 2000 y con cobertura global, V\u00edvaro Media ofrece una gama completa de servicios de transmisi\u00f3n de video a trav\u00e9s de fibra \u00f3ptica, sat\u00e9lite, inal\u00e1mbrica o Internet, para distribuci\u00f3n de televisi\u00f3n, producci\u00f3n remota y aplicaciones de plataforma OTT. Sus servicios son empleados diariamente por las principales cadenas de televisi\u00f3n y medios de<br \/>comunicaci\u00f3n para la transmisi\u00f3n de deportes, grandes eventos internacionales, noticias y<br \/>programas de televisi\u00f3n.<\/p><p><br \/>V\u00edvaro Media es una empresa de V\u00edvaro. V\u00edvaro Media tiene su sede en Montreal, Canad\u00e1.<br \/>Visite Vivaro.com\/media y encu\u00e9ntrenos en las redes sociales.<\/p><p>Para m\u00e1s informaci\u00f3n, dirigirse a:<br \/>Renata Cuppen<br \/>Marketing y Comunicaciones<br \/>renata.cuppen@vivaro.com<\/p><p>\u00a0<\/p>\t\t\t\t\t\t\t\t<\/div>\n\t\t\t\t<\/div>\n\t\t\t\t<div class=\"elementor-element elementor-element-4bf24026 elementor-grid-2 elementor-share-buttons--view-icon-text elementor-share-buttons--skin-gradient elementor-share-buttons--shape-square elementor-share-buttons--color-official elementor-widget elementor-widget-share-buttons\" data-id=\"4bf24026\" data-element_type=\"widget\" data-e-type=\"widget\" data-widget_type=\"share-buttons.default\">\n\t\t\t\t<div class=\"elementor-widget-container\">\n\t\t\t\t\t\t\t<div class=\"elementor-grid\" role=\"list\">\n\t\t\t\t\t\t\t\t<div class=\"elementor-grid-item\" role=\"listitem\">\n\t\t\t\t\t\t<div class=\"elementor-share-btn elementor-share-btn_facebook\" role=\"button\" tabindex=\"0\" aria-label=\"Compartir en facebook\">\n\t\t\t\t\t\t\t\t\t\t\t\t\t\t\t<span class=\"elementor-share-btn__icon\">\n\t\t\t\t\t\t\t\t<svg aria-hidden=\"true\" class=\"e-font-icon-svg e-fab-facebook\" viewbox=\"0 0 512 512\" xmlns=\"http:\/\/www.w3.org\/2000\/svg\"><path d=\"M504 256C504 119 393 8 256 8S8 119 8 256c0 123.78 90.69 226.38 209.25 245V327.69h-63V256h63v-54.64c0-62.15 37-96.48 93.67-96.48 27.14 0 55.52 4.84 55.52 4.84v61h-31.28c-30.8 0-40.41 19.12-40.41 38.73V256h68.78l-11 71.69h-57.78V501C413.31 482.38 504 379.78 504 256z\"><\/path><\/svg>\t\t\t\t\t\t\t<\/span>\n\t\t\t\t\t\t\t\t\t\t\t\t\t\t\t\t\t\t\t\t\t\t<div class=\"elementor-share-btn__text\">\n\t\t\t\t\t\t\t\t\t\t\t\t\t\t\t\t\t\t\t<span class=\"elementor-share-btn__title\">\n\t\t\t\t\t\t\t\t\t\tShare on Facebook\t\t\t\t\t\t\t\t\t<\/span>\n\t\t\t\t\t\t\t\t\t\t\t\t\t\t\t\t\t<\/div>\n\t\t\t\t\t\t\t\t\t\t\t\t\t<\/div>\n\t\t\t\t\t<\/div>\n\t\t\t\t\t\t\t\t\t<div class=\"elementor-grid-item\" role=\"listitem\">\n\t\t\t\t\t\t<div class=\"elementor-share-btn elementor-share-btn_linkedin\" role=\"button\" tabindex=\"0\" aria-label=\"Compartir en linkedin\">\n\t\t\t\t\t\t\t\t\t\t\t\t\t\t\t<span class=\"elementor-share-btn__icon\">\n\t\t\t\t\t\t\t\t<svg aria-hidden=\"true\" class=\"e-font-icon-svg e-fab-linkedin\" viewbox=\"0 0 448 512\" xmlns=\"http:\/\/www.w3.org\/2000\/svg\"><path d=\"M416 32H31.9C14.3 32 0 46.5 0 64.3v383.4C0 465.5 14.3 480 31.9 480H416c17.6 0 32-14.5 32-32.3V64.3c0-17.8-14.4-32.3-32-32.3zM135.4 416H69V202.2h66.5V416zm-33.2-243c-21.3 0-38.5-17.3-38.5-38.5S80.9 96 102.2 96c21.2 0 38.5 17.3 38.5 38.5 0 21.3-17.2 38.5-38.5 38.5zm282.1 243h-66.4V312c0-24.8-.5-56.7-34.5-56.7-34.6 0-39.9 27-39.9 54.9V416h-66.4V202.2h63.7v29.2h.9c8.9-16.8 30.6-34.5 62.9-34.5 67.2 0 79.7 44.3 79.7 101.9V416z\"><\/path><\/svg>\t\t\t\t\t\t\t<\/span>\n\t\t\t\t\t\t\t\t\t\t\t\t\t\t\t\t\t\t\t\t\t\t<div class=\"elementor-share-btn__text\">\n\t\t\t\t\t\t\t\t\t\t\t\t\t\t\t\t\t\t\t<span class=\"elementor-share-btn__title\">\n\t\t\t\t\t\t\t\t\t\tShare on Linkdin\t\t\t\t\t\t\t\t\t<\/span>\n\t\t\t\t\t\t\t\t\t\t\t\t\t\t\t\t\t<\/div>\n\t\t\t\t\t\t\t\t\t\t\t\t\t<\/div>\n\t\t\t\t\t<\/div>\n\t\t\t\t\t\t\t\t\t<div class=\"elementor-grid-item\" role=\"listitem\">\n\t\t\t\t\t\t<div class=\"elementor-share-btn elementor-share-btn_twitter\" role=\"button\" tabindex=\"0\" aria-label=\"Compartir en twitter\">\n\t\t\t\t\t\t\t\t\t\t\t\t\t\t\t<span class=\"elementor-share-btn__icon\">\n\t\t\t\t\t\t\t\t<svg aria-hidden=\"true\" class=\"e-font-icon-svg e-fab-twitter\" viewbox=\"0 0 512 512\" xmlns=\"http:\/\/www.w3.org\/2000\/svg\"><path d=\"M459.37 151.716c.325 4.548.325 9.097.325 13.645 0 138.72-105.583 298.558-298.558 298.558-59.452 0-114.68-17.219-161.137-47.106 8.447.974 16.568 1.299 25.34 1.299 49.055 0 94.213-16.568 130.274-44.832-46.132-.975-84.792-31.188-98.112-72.772 6.498.974 12.995 1.624 19.818 1.624 9.421 0 18.843-1.3 27.614-3.573-48.081-9.747-84.143-51.98-84.143-102.985v-1.299c13.969 7.797 30.214 12.67 47.431 13.319-28.264-18.843-46.781-51.005-46.781-87.391 0-19.492 5.197-37.36 14.294-52.954 51.655 63.675 129.3 105.258 216.365 109.807-1.624-7.797-2.599-15.918-2.599-24.04 0-57.828 46.782-104.934 104.934-104.934 30.213 0 57.502 12.67 76.67 33.137 23.715-4.548 46.456-13.32 66.599-25.34-7.798 24.366-24.366 44.833-46.132 57.827 21.117-2.273 41.584-8.122 60.426-16.243-14.292 20.791-32.161 39.308-52.628 54.253z\"><\/path><\/svg>\t\t\t\t\t\t\t<\/span>\n\t\t\t\t\t\t\t\t\t\t\t\t\t\t\t\t\t\t\t\t\t\t<div class=\"elementor-share-btn__text\">\n\t\t\t\t\t\t\t\t\t\t\t\t\t\t\t\t\t\t\t<span class=\"elementor-share-btn__title\">\n\t\t\t\t\t\t\t\t\t\tShare on Twitter\t\t\t\t\t\t\t\t\t<\/span>\n\t\t\t\t\t\t\t\t\t\t\t\t\t\t\t\t\t<\/div>\n\t\t\t\t\t\t\t\t\t\t\t\t\t<\/div>\n\t\t\t\t\t<\/div>\n\t\t\t\t\t\t\t\t\t<div class=\"elementor-grid-item\" role=\"listitem\">\n\t\t\t\t\t\t<div class=\"elementor-share-btn elementor-share-btn_email\" role=\"button\" tabindex=\"0\" aria-label=\"Compartir en email\">\n\t\t\t\t\t\t\t\t\t\t\t\t\t\t\t<span class=\"elementor-share-btn__icon\">\n\t\t\t\t\t\t\t\t<svg aria-hidden=\"true\" class=\"e-font-icon-svg e-fas-envelope\" viewbox=\"0 0 512 512\" xmlns=\"http:\/\/www.w3.org\/2000\/svg\"><path d=\"M502.3 190.8c3.9-3.1 9.7-.2 9.7 4.7V400c0 26.5-21.5 48-48 48H48c-26.5 0-48-21.5-48-48V195.6c0-5 5.7-7.8 9.7-4.7 22.4 17.4 52.1 39.5 154.1 113.6 21.1 15.4 56.7 47.8 92.2 47.6 35.7.3 72-32.8 92.3-47.6 102-74.1 131.6-96.3 154-113.7zM256 320c23.2.4 56.6-29.2 73.4-41.4 132.7-96.3 142.8-104.7 173.4-128.7 5.8-4.5 9.2-11.5 9.2-18.9v-19c0-26.5-21.5-48-48-48H48C21.5 64 0 85.5 0 112v19c0 7.4 3.4 14.3 9.2 18.9 30.6 23.9 40.7 32.4 173.4 128.7 16.8 12.2 50.2 41.8 73.4 41.4z\"><\/path><\/svg>\t\t\t\t\t\t\t<\/span>\n\t\t\t\t\t\t\t\t\t\t\t\t\t\t\t\t\t\t\t\t\t\t<div class=\"elementor-share-btn__text\">\n\t\t\t\t\t\t\t\t\t\t\t\t\t\t\t\t\t\t\t<span class=\"elementor-share-btn__title\">\n\t\t\t\t\t\t\t\t\t\tShare on Email\t\t\t\t\t\t\t\t\t<\/span>\n\t\t\t\t\t\t\t\t\t\t\t\t\t\t\t\t\t<\/div>\n\t\t\t\t\t\t\t\t\t\t\t\t\t<\/div>\n\t\t\t\t\t<\/div>\n\t\t\t\t\t\t<\/div>\n\t\t\t\t\t\t<\/div>\n\t\t\t\t<\/div>\n\t\t\t\t\t<\/div>\n\t\t<\/div>\n\t\t\t\t\t<\/div>\n\t\t<\/section>\n\t\t\t\t<\/div>","protected":false},"excerpt":{"rendered":"<p>Rick Neumann se une a V\u00edvaro Media para fortalecer los planes de crecimiento y expansi\u00f3n de la empresa. Rick Neumann se une a V\u00edvaro Media para fortalecer los planes de crecimiento y expansi\u00f3n de la empresa. \u00a0 MONTERREY, M\u00c9XICO A 31 DE ENERO DE 2023. \u2014 V\u00edvaro Media, una de las empresas pertenecientes a Grupo [&hellip;]<\/p>\n","protected":false},"author":1,"featured_media":0,"parent":0,"menu_order":0,"comment_status":"closed","ping_status":"closed","template":"","meta":{"footnotes":""},"class_list":["post-11915","page","type-page","status-publish","hentry"],"yoast_head":"<!-- This site is optimized with the Yoast SEO plugin v27.5 - https:\/\/yoast.com\/product\/yoast-seo-wordpress\/ -->\n<title>RICK NEUMANN SE UNE A V\u00cdVARO MEDIA - V\u00edvaro<\/title>\n<meta name=\"robots\" content=\"index, follow, max-snippet:-1, max-image-preview:large, max-video-preview:-1\" \/>\n<link rel=\"canonical\" href=\"https:\/\/vivaro.com\/fr\/rick-neumann-se-une-a-vivaro-media\/\" \/>\n<meta property=\"og:locale\" content=\"fr_CA\" \/>\n<meta property=\"og:type\" content=\"article\" \/>\n<meta property=\"og:title\" content=\"RICK NEUMANN SE UNE A V\u00cdVARO MEDIA - V\u00edvaro\" \/>\n<meta property=\"og:description\" content=\"Rick Neumann se une a V\u00edvaro Media para fortalecer los planes de crecimiento y expansi\u00f3n de la empresa. Rick Neumann se une a V\u00edvaro Media para fortalecer los planes de crecimiento y expansi\u00f3n de la empresa. \u00a0 MONTERREY, M\u00c9XICO A 31 DE ENERO DE 2023. \u2014 V\u00edvaro Media, una de las empresas pertenecientes a Grupo [&hellip;]\" \/>\n<meta property=\"og:url\" content=\"https:\/\/vivaro.com\/fr\/rick-neumann-se-une-a-vivaro-media\/\" \/>\n<meta property=\"og:site_name\" content=\"V\u00edvaro\" \/>\n<meta property=\"article:publisher\" content=\"https:\/\/www.facebook.com\/grupovivaro\" \/>\n<meta property=\"article:modified_time\" content=\"2023-03-22T01:23:09+00:00\" \/>\n<meta property=\"og:image\" content=\"http:\/\/vivaro.com\/wp-content\/uploads\/elementor\/thumbs\/RICK-NEUMANN_01-q3v7lnuk5plt70w5spldxm56hhwp9oppxgd6qsqcxu.jpg\" \/>\n<meta name=\"twitter:card\" content=\"summary_large_image\" \/>\n<meta name=\"twitter:site\" content=\"@GrupoVivaro\" \/>\n<meta name=\"twitter:label1\" content=\"Estimation du temps de lecture\" \/>\n\t<meta name=\"twitter:data1\" content=\"3 minutes\" \/>\n<script type=\"application\/ld+json\" class=\"yoast-schema-graph\">{\"@context\":\"https:\\\/\\\/schema.org\",\"@graph\":[{\"@type\":\"WebPage\",\"@id\":\"https:\\\/\\\/vivaro.com\\\/rick-neumann-se-une-a-vivaro-media\\\/\",\"url\":\"https:\\\/\\\/vivaro.com\\\/rick-neumann-se-une-a-vivaro-media\\\/\",\"name\":\"RICK NEUMANN SE UNE A V\u00cdVARO MEDIA - V\u00edvaro\",\"isPartOf\":{\"@id\":\"https:\\\/\\\/vivaro.com\\\/en\\\/#website\"},\"primaryImageOfPage\":{\"@id\":\"https:\\\/\\\/vivaro.com\\\/rick-neumann-se-une-a-vivaro-media\\\/#primaryimage\"},\"image\":{\"@id\":\"https:\\\/\\\/vivaro.com\\\/rick-neumann-se-une-a-vivaro-media\\\/#primaryimage\"},\"thumbnailUrl\":\"http:\\\/\\\/vivaro.com\\\/wp-content\\\/uploads\\\/elementor\\\/thumbs\\\/RICK-NEUMANN_01-q3v7lnuk5plt70w5spldxm56hhwp9oppxgd6qsqcxu.jpg\",\"datePublished\":\"2023-02-13T15:29:43+00:00\",\"dateModified\":\"2023-03-22T01:23:09+00:00\",\"breadcrumb\":{\"@id\":\"https:\\\/\\\/vivaro.com\\\/rick-neumann-se-une-a-vivaro-media\\\/#breadcrumb\"},\"inLanguage\":\"fr-CA\",\"potentialAction\":[{\"@type\":\"ReadAction\",\"target\":[\"https:\\\/\\\/vivaro.com\\\/rick-neumann-se-une-a-vivaro-media\\\/\"]}]},{\"@type\":\"ImageObject\",\"inLanguage\":\"fr-CA\",\"@id\":\"https:\\\/\\\/vivaro.com\\\/rick-neumann-se-une-a-vivaro-media\\\/#primaryimage\",\"url\":\"http:\\\/\\\/vivaro.com\\\/wp-content\\\/uploads\\\/elementor\\\/thumbs\\\/RICK-NEUMANN_01-q3v7lnuk5plt70w5spldxm56hhwp9oppxgd6qsqcxu.jpg\",\"contentUrl\":\"http:\\\/\\\/vivaro.com\\\/wp-content\\\/uploads\\\/elementor\\\/thumbs\\\/RICK-NEUMANN_01-q3v7lnuk5plt70w5spldxm56hhwp9oppxgd6qsqcxu.jpg\"},{\"@type\":\"BreadcrumbList\",\"@id\":\"https:\\\/\\\/vivaro.com\\\/rick-neumann-se-une-a-vivaro-media\\\/#breadcrumb\",\"itemListElement\":[{\"@type\":\"ListItem\",\"position\":1,\"name\":\"Portada\",\"item\":\"https:\\\/\\\/vivaro.com\\\/\"},{\"@type\":\"ListItem\",\"position\":2,\"name\":\"RICK NEUMANN SE UNE A V\u00cdVARO MEDIA\"}]},{\"@type\":\"WebSite\",\"@id\":\"https:\\\/\\\/vivaro.com\\\/en\\\/#website\",\"url\":\"https:\\\/\\\/vivaro.com\\\/en\\\/\",\"name\":\"V\u00edvaro\",\"description\":\"Inovaci\u00f3n tecnol\u00f3gica y servicios de telecomunicaciones.\",\"publisher\":{\"@id\":\"https:\\\/\\\/vivaro.com\\\/en\\\/#organization\"},\"potentialAction\":[{\"@type\":\"SearchAction\",\"target\":{\"@type\":\"EntryPoint\",\"urlTemplate\":\"https:\\\/\\\/vivaro.com\\\/en\\\/?s={search_term_string}\"},\"query-input\":{\"@type\":\"PropertyValueSpecification\",\"valueRequired\":true,\"valueName\":\"search_term_string\"}}],\"inLanguage\":\"fr-CA\"},{\"@type\":\"Organization\",\"@id\":\"https:\\\/\\\/vivaro.com\\\/en\\\/#organization\",\"name\":\"V\u00edvaro\",\"url\":\"https:\\\/\\\/vivaro.com\\\/en\\\/\",\"logo\":{\"@type\":\"ImageObject\",\"inLanguage\":\"fr-CA\",\"@id\":\"https:\\\/\\\/vivaro.com\\\/en\\\/#\\\/schema\\\/logo\\\/image\\\/\",\"url\":\"https:\\\/\\\/vivaro.com\\\/wp-content\\\/uploads\\\/2022\\\/03\\\/vivaro-19-1.png\",\"contentUrl\":\"https:\\\/\\\/vivaro.com\\\/wp-content\\\/uploads\\\/2022\\\/03\\\/vivaro-19-1.png\",\"width\":599,\"height\":308,\"caption\":\"V\u00edvaro\"},\"image\":{\"@id\":\"https:\\\/\\\/vivaro.com\\\/en\\\/#\\\/schema\\\/logo\\\/image\\\/\"},\"sameAs\":[\"https:\\\/\\\/www.facebook.com\\\/grupovivaro\",\"https:\\\/\\\/x.com\\\/GrupoVivaro\",\"https:\\\/\\\/www.instagram.com\\\/grupovivaro\\\/?hl=es-la\",\"https:\\\/\\\/www.linkedin.com\\\/company\\\/grupovivaro\\\/\"]}]}<\/script>\n<!-- \/ Yoast SEO plugin. -->","yoast_head_json":{"title":"RICK NEUMANN SE UNE A V\u00cdVARO MEDIA - V\u00edvaro","robots":{"index":"index","follow":"follow","max-snippet":"max-snippet:-1","max-image-preview":"max-image-preview:large","max-video-preview":"max-video-preview:-1"},"canonical":"https:\/\/vivaro.com\/fr\/rick-neumann-se-une-a-vivaro-media\/","og_locale":"fr_CA","og_type":"article","og_title":"RICK NEUMANN SE UNE A V\u00cdVARO MEDIA - V\u00edvaro","og_description":"Rick Neumann se une a V\u00edvaro Media para fortalecer los planes de crecimiento y expansi\u00f3n de la empresa. Rick Neumann se une a V\u00edvaro Media para fortalecer los planes de crecimiento y expansi\u00f3n de la empresa. \u00a0 MONTERREY, M\u00c9XICO A 31 DE ENERO DE 2023. \u2014 V\u00edvaro Media, una de las empresas pertenecientes a Grupo [&hellip;]","og_url":"https:\/\/vivaro.com\/fr\/rick-neumann-se-une-a-vivaro-media\/","og_site_name":"V\u00edvaro","article_publisher":"https:\/\/www.facebook.com\/grupovivaro","article_modified_time":"2023-03-22T01:23:09+00:00","og_image":[{"url":"http:\/\/vivaro.com\/wp-content\/uploads\/elementor\/thumbs\/RICK-NEUMANN_01-q3v7lnuk5plt70w5spldxm56hhwp9oppxgd6qsqcxu.jpg","type":"","width":"","height":""}],"twitter_card":"summary_large_image","twitter_site":"@GrupoVivaro","twitter_misc":{"Estimation du temps de lecture":"3 minutes"},"schema":{"@context":"https:\/\/schema.org","@graph":[{"@type":"WebPage","@id":"https:\/\/vivaro.com\/rick-neumann-se-une-a-vivaro-media\/","url":"https:\/\/vivaro.com\/rick-neumann-se-une-a-vivaro-media\/","name":"RICK NEUMANN SE UNE A V\u00cdVARO MEDIA - V\u00edvaro","isPartOf":{"@id":"https:\/\/vivaro.com\/en\/#website"},"primaryImageOfPage":{"@id":"https:\/\/vivaro.com\/rick-neumann-se-une-a-vivaro-media\/#primaryimage"},"image":{"@id":"https:\/\/vivaro.com\/rick-neumann-se-une-a-vivaro-media\/#primaryimage"},"thumbnailUrl":"http:\/\/vivaro.com\/wp-content\/uploads\/elementor\/thumbs\/RICK-NEUMANN_01-q3v7lnuk5plt70w5spldxm56hhwp9oppxgd6qsqcxu.jpg","datePublished":"2023-02-13T15:29:43+00:00","dateModified":"2023-03-22T01:23:09+00:00","breadcrumb":{"@id":"https:\/\/vivaro.com\/rick-neumann-se-une-a-vivaro-media\/#breadcrumb"},"inLanguage":"fr-CA","potentialAction":[{"@type":"ReadAction","target":["https:\/\/vivaro.com\/rick-neumann-se-une-a-vivaro-media\/"]}]},{"@type":"ImageObject","inLanguage":"fr-CA","@id":"https:\/\/vivaro.com\/rick-neumann-se-une-a-vivaro-media\/#primaryimage","url":"http:\/\/vivaro.com\/wp-content\/uploads\/elementor\/thumbs\/RICK-NEUMANN_01-q3v7lnuk5plt70w5spldxm56hhwp9oppxgd6qsqcxu.jpg","contentUrl":"http:\/\/vivaro.com\/wp-content\/uploads\/elementor\/thumbs\/RICK-NEUMANN_01-q3v7lnuk5plt70w5spldxm56hhwp9oppxgd6qsqcxu.jpg"},{"@type":"BreadcrumbList","@id":"https:\/\/vivaro.com\/rick-neumann-se-une-a-vivaro-media\/#breadcrumb","itemListElement":[{"@type":"ListItem","position":1,"name":"Portada","item":"https:\/\/vivaro.com\/"},{"@type":"ListItem","position":2,"name":"RICK NEUMANN SE UNE A V\u00cdVARO MEDIA"}]},{"@type":"WebSite","@id":"https:\/\/vivaro.com\/en\/#website","url":"https:\/\/vivaro.com\/en\/","name":"V\u00edvaro","description":"Inovaci\u00f3n tecnol\u00f3gica y servicios de telecomunicaciones.","publisher":{"@id":"https:\/\/vivaro.com\/en\/#organization"},"potentialAction":[{"@type":"SearchAction","target":{"@type":"EntryPoint","urlTemplate":"https:\/\/vivaro.com\/en\/?s={search_term_string}"},"query-input":{"@type":"PropertyValueSpecification","valueRequired":true,"valueName":"search_term_string"}}],"inLanguage":"fr-CA"},{"@type":"Organization","@id":"https:\/\/vivaro.com\/en\/#organization","name":"V\u00edvaro","url":"https:\/\/vivaro.com\/en\/","logo":{"@type":"ImageObject","inLanguage":"fr-CA","@id":"https:\/\/vivaro.com\/en\/#\/schema\/logo\/image\/","url":"https:\/\/vivaro.com\/wp-content\/uploads\/2022\/03\/vivaro-19-1.png","contentUrl":"https:\/\/vivaro.com\/wp-content\/uploads\/2022\/03\/vivaro-19-1.png","width":599,"height":308,"caption":"V\u00edvaro"},"image":{"@id":"https:\/\/vivaro.com\/en\/#\/schema\/logo\/image\/"},"sameAs":["https:\/\/www.facebook.com\/grupovivaro","https:\/\/x.com\/GrupoVivaro","https:\/\/www.instagram.com\/grupovivaro\/?hl=es-la","https:\/\/www.linkedin.com\/company\/grupovivaro\/"]}]}},"_links":{"self":[{"href":"https:\/\/vivaro.com\/fr\/wp-json\/wp\/v2\/pages\/11915","targetHints":{"allow":["GET"]}}],"collection":[{"href":"https:\/\/vivaro.com\/fr\/wp-json\/wp\/v2\/pages"}],"about":[{"href":"https:\/\/vivaro.com\/fr\/wp-json\/wp\/v2\/types\/page"}],"author":[{"embeddable":true,"href":"https:\/\/vivaro.com\/fr\/wp-json\/wp\/v2\/users\/1"}],"replies":[{"embeddable":true,"href":"https:\/\/vivaro.com\/fr\/wp-json\/wp\/v2\/comments?post=11915"}],"version-history":[{"count":0,"href":"https:\/\/vivaro.com\/fr\/wp-json\/wp\/v2\/pages\/11915\/revisions"}],"wp:attachment":[{"href":"https:\/\/vivaro.com\/fr\/wp-json\/wp\/v2\/media?parent=11915"}],"curies":[{"name":"wp","href":"https:\/\/api.w.org\/{rel}","templated":true}]}}