{"id":13204,"date":"2023-10-16T17:52:46","date_gmt":"2023-10-16T22:52:46","guid":{"rendered":"https:\/\/vivaro.com\/?page_id=13204"},"modified":"2023-10-16T17:55:54","modified_gmt":"2023-10-16T22:55:54","slug":"reconoce-congreso-del-estado-trayectoria-de-don-gustavo-m-de-la-garza-ortega","status":"publish","type":"page","link":"https:\/\/vivaro.com\/fr\/reconoce-congreso-del-estado-trayectoria-de-don-gustavo-m-de-la-garza-ortega\/","title":{"rendered":"Reconoce Congreso del Estado trayectoria de Don Gustavo M. de la Garza Ortega"},"content":{"rendered":"<div data-elementor-type=\"wp-page\" data-elementor-id=\"13204\" class=\"elementor elementor-13204\" data-elementor-post-type=\"page\">\n\t\t\t\t\t\t<section class=\"elementor-section elementor-top-section elementor-element elementor-element-af2d6b0 elementor-section-boxed elementor-section-height-default elementor-section-height-default\" data-id=\"af2d6b0\" data-element_type=\"section\" data-e-type=\"section\">\n\t\t\t\t\t\t<div class=\"elementor-container elementor-column-gap-default\">\n\t\t\t\t\t<div class=\"elementor-column elementor-col-100 elementor-top-column elementor-element elementor-element-211a899\" data-id=\"211a899\" data-element_type=\"column\" data-e-type=\"column\">\n\t\t\t<div class=\"elementor-widget-wrap\">\n\t\t\t\t\t\t\t<\/div>\n\t\t<\/div>\n\t\t\t\t\t<\/div>\n\t\t<\/section>\n\t\t\t\t<section class=\"elementor-section elementor-top-section elementor-element elementor-element-77edd41c elementor-section-height-min-height elementor-section-boxed elementor-section-height-default elementor-section-items-middle\" data-id=\"77edd41c\" data-element_type=\"section\" data-e-type=\"section\" data-settings=\"{&quot;background_background&quot;:&quot;classic&quot;}\">\n\t\t\t\t\t\t\t<div class=\"elementor-background-overlay\"><\/div>\n\t\t\t\t\t\t\t<div class=\"elementor-container elementor-column-gap-default\">\n\t\t\t\t\t<div class=\"elementor-column elementor-col-100 elementor-top-column elementor-element elementor-element-3d5a8e2f\" data-id=\"3d5a8e2f\" data-element_type=\"column\" data-e-type=\"column\">\n\t\t\t<div class=\"elementor-widget-wrap\">\n\t\t\t\t\t\t\t<\/div>\n\t\t<\/div>\n\t\t\t\t\t<\/div>\n\t\t<\/section>\n\t\t\t\t<section class=\"elementor-section elementor-top-section elementor-element elementor-element-58f5f0de elementor-section-boxed elementor-section-height-default elementor-section-height-default\" data-id=\"58f5f0de\" data-element_type=\"section\" data-e-type=\"section\">\n\t\t\t\t\t\t<div class=\"elementor-container elementor-column-gap-default\">\n\t\t\t\t\t<div class=\"elementor-column elementor-col-100 elementor-top-column elementor-element elementor-element-40518f9a\" data-id=\"40518f9a\" data-element_type=\"column\" data-e-type=\"column\" data-settings=\"{&quot;background_background&quot;:&quot;classic&quot;}\">\n\t\t\t<div class=\"elementor-widget-wrap elementor-element-populated\">\n\t\t\t\t\t\t<div class=\"elementor-element elementor-element-455f864d elementor-widget elementor-widget-heading\" data-id=\"455f864d\" data-element_type=\"widget\" data-e-type=\"widget\" data-widget_type=\"heading.default\">\n\t\t\t\t<div class=\"elementor-widget-container\">\n\t\t\t\t\t<h2 class=\"elementor-heading-title elementor-size-default\">Reconoce Congreso del Estado trayectoria\nde Don Gustavo M. de la Garza Ortega<\/h2>\t\t\t\t<\/div>\n\t\t\t\t<\/div>\n\t\t\t\t<div class=\"elementor-element elementor-element-4c0f7073 elementor-align-center elementor-widget elementor-widget-post-info\" data-id=\"4c0f7073\" data-element_type=\"widget\" data-e-type=\"widget\" data-widget_type=\"post-info.default\">\n\t\t\t\t<div class=\"elementor-widget-container\">\n\t\t\t\t\t\t\t<ul class=\"elementor-inline-items elementor-icon-list-items elementor-post-info\">\n\t\t\t\t\t\t\t\t<li class=\"elementor-icon-list-item elementor-repeater-item-6bd1949 elementor-inline-item\">\n\t\t\t\t\t\t\t\t\t\t<span class=\"elementor-icon-list-icon\">\n\t\t\t\t\t\t\t\t<i aria-hidden=\"true\" class=\"far fa-tags\"><\/i>\t\t\t\t\t\t\t<\/span>\n\t\t\t\t\t\t\t\t\t<span class=\"elementor-icon-list-text elementor-post-info__item elementor-post-info__item--type-custom\">\n\t\t\t\t\t\t\t\t\t\t16 DE OCTUBRE DE 2023.\t\t\t\t\t<\/span>\n\t\t\t\t\t\t\t\t<\/li>\n\t\t\t\t<\/ul>\n\t\t\t\t\t\t<\/div>\n\t\t\t\t<\/div>\n\t\t\t\t<div class=\"elementor-element elementor-element-03cb5e3 elementor-widget elementor-widget-image\" data-id=\"03cb5e3\" data-element_type=\"widget\" data-e-type=\"widget\" data-widget_type=\"image.default\">\n\t\t\t\t<div class=\"elementor-widget-container\">\n\t\t\t\t\t\t\t\t\t\t\t\t\t\t\t<img fetchpriority=\"high\" decoding=\"async\" width=\"800\" height=\"703\" src=\"https:\/\/vivaro.com\/wp-content\/uploads\/2023\/10\/800.jpg\" class=\"attachment-full size-full wp-image-13207\" alt=\"\" srcset=\"https:\/\/vivaro.com\/wp-content\/uploads\/2023\/10\/800.jpg 800w, https:\/\/vivaro.com\/wp-content\/uploads\/2023\/10\/800-300x264.jpg 300w, https:\/\/vivaro.com\/wp-content\/uploads\/2023\/10\/800-768x675.jpg 768w, https:\/\/vivaro.com\/wp-content\/uploads\/2023\/10\/800-14x12.jpg 14w, https:\/\/vivaro.com\/wp-content\/uploads\/2023\/10\/800-24x21.jpg 24w, https:\/\/vivaro.com\/wp-content\/uploads\/2023\/10\/800-36x32.jpg 36w, https:\/\/vivaro.com\/wp-content\/uploads\/2023\/10\/800-48x42.jpg 48w\" sizes=\"(max-width: 800px) 100vw, 800px\" \/>\t\t\t\t\t\t\t\t\t\t\t\t\t\t\t<\/div>\n\t\t\t\t<\/div>\n\t\t\t\t<div class=\"elementor-element elementor-element-2f0e2b9c elementor-widget elementor-widget-text-editor\" data-id=\"2f0e2b9c\" data-element_type=\"widget\" data-e-type=\"widget\" data-widget_type=\"text-editor.default\">\n\t\t\t\t<div class=\"elementor-widget-container\">\n\t\t\t\t\t\t\t\t\t<p class=\"p1\"><b>Reconoce Congreso del Estado trayectoria de Don Gustavo M. de la Garza Ortega<\/b><\/p><p>\u2022 Dedican legisladores locales espacio solemne a empresario y precursor de las<br \/>telecomunicaciones en Nuevo Le\u00f3n.<br \/>\u2022 Honran palmar\u00e9s empresarial, social y cultural de presidente y fundador de Grupo V\u00edvaro.<\/p><p class=\"p1\"><b>Monterrey, N.L., a 16 de octubre del 2023.<\/b><\/p><p>&#8211; Por su trayectoria ininterrumpida de m\u00e1s de medio siglo en el mundo de las telecomunicaciones y la innovaci\u00f3n tecnol\u00f3gica -que ha traspasado fronteras-, el empresario sampetrino Don Gustavo M. de la Garza Ortega, presidente y fundador de Grupo V\u00edvaro (antes Marcatel), recibi\u00f3 este lunes un homenaje en el H. Congreso del Estado de Nuevo Le\u00f3n, por parte de los integrantes de la LXXVI legislatura.<\/p><p>Al filo de las 13:00 horas, durante la Sesi\u00f3n Ordinaria programada para este d\u00eda, se dio<br \/>paso a la ceremonia de reconocimiento al tambi\u00e9n fundador de Radio Beep, empresa que<br \/>en los sesenta fue parteaguas en la comunicaci\u00f3n de la sociedad alrededor del mundo.<br \/>Fue el pasado 12 de septiembre cuando el Diputado del Grupo Legislativo de Acci\u00f3n<br \/>Nacional, Luis Alberto Susarrey Flores, subi\u00f3 a tribuna su propuesta para rendirle tributo a<br \/>De la Garza Ortega, moci\u00f3n que recibi\u00f3 el apoyo un\u00e1nime del resto de los legisladores.<br \/>\u201cNuevo Le\u00f3n es lo que es, gracias a gente trabajadora, gente solidaria, a familias<br \/>emprendedoras. Personas cuyo legado pone en alto el nombre de nuestra capital y el<br \/>nombre de nuestro Estado\u201d, se\u00f1al\u00f3 Susarrey Flores durante su discurso del espacio<br \/>solemne, \u201cuna de esas personas es quien hoy, con profundo respeto y admiraci\u00f3n,<br \/>rendimos este homenaje, a Don Gustavo de la Garza\u201d.<br \/>\u201cLas ense\u00f1anzas de Don Gustavo, su persona y su legado, son el traje a la medida de<br \/>nuestra sociedad. En su vida, Don Gustavo no solo gener\u00f3 riqueza y empleo. Tambi\u00e9n<br \/>con, su gran coraz\u00f3n, dedic\u00f3 tiempo y recursos a la creaci\u00f3n de instituciones de apoyo a<br \/>los m\u00e1s necesitados\u201d.<\/p><p>Don Gustavo acudi\u00f3 al recinto junto a su esposa Mar\u00eda del Carmen Guadalupe Bortoni<br \/>Gonz\u00e1lez y sus hijos Gustavo, Jorge, Marcelo, Mar\u00eda Cristina, Gabriela Mar\u00eda y Alejandra<br \/>de la Garza Flores, quienes lo acompa\u00f1aron en las curules del Congreso estatal.<br \/>\u201cPara nuestro homenajeado, Don Gustavo, el emprendimiento no ha sido un asunto de<br \/>dinero o de posici\u00f3n social, sino de responsabilidad y de exprimir el talento con el que se<br \/>cuenta y con el que se quieren hacer las cosas, as\u00ed como crear un legado y generar<br \/>fuentes de trabajo\u201d, expres\u00f3 el Diputado Mauro Guerra, presidente del Poder Legislativo.<br \/>\u201cM\u00e1s all\u00e1 de pretender una ganancia econ\u00f3mica para as\u00ed mismo, sino como emprendedor<br \/>que \u00e9l es, ha buscado que ese bienestar se distribuya entre quienes han ayudado a<br \/>generarlo. Uno de sus proyectos insignia, fue Radio Beep, con el que la idea principal era<br \/>ofrecer un servicio de transmisi\u00f3n de mensajes a receptores de bolsillo. Hoy algo muy<br \/>normal, en nuestro d\u00eda a d\u00eda, pero que es posible gracias a la visi\u00f3n, al trabajo y a la<br \/>implementaci\u00f3n de hombres que, como Don Gustavo, pusiera esa primera piedra\u201d.<\/p><p>Visiblemente emocionado, el empresario de 83 a\u00f1os tom\u00f3 la palabra para compartir un<br \/>mensaje a los diputados de la LXXVI legislatura e invitados especiales a la ceremonia.<br \/>\u201cJam\u00e1s, ni en mis sue\u00f1os m\u00e1s guajiros, me imagin\u00e9 hablar ante tan distinguida audiencia.<br \/>Ni tampoco me cre\u00ed digno de pisar esta tribuna\u201d, dijo Don Gustavo, \u201choy enfrento el reto,<br \/>jam\u00e1s alucinado, de dirigirme a ustedes en ocasi\u00f3n tan honrosa\u201d.<\/p><p>\u201cMi trabajo ha sido enfrentar retos y lo he hecho con una alegr\u00eda y optimismo<br \/>contagiantes, sin descanso. Nuestro orgullo m\u00e1s grande es que una entidad, en donde<br \/>hay varias empresas que se han globalizado a trav\u00e9s de varias generaciones, nosotros<br \/>hayamos conseguido globalizarnos en primera generaci\u00f3n.<\/p><p>\u201cIniciamos con 30 mil pesos prestados, a 90 d\u00edas, del Banco Regional del Norte, en 1963,<br \/>y hemos visto c\u00f3mo crecimos hasta cubrir el globo entero. La vida me ense\u00f1\u00f3 que todos<br \/>los problemas tienen soluci\u00f3n, que no hay problema que no se pueda resolver. Me retiro<br \/>de esta tribuna, eternamente agradecido, sin robarles m\u00e1s tiempo. Muchas gracias por su<br \/>honorable distinci\u00f3n que jam\u00e1s olvidar\u00e9 y que guardar\u00e9 para quienes vienen detr\u00e1s de m\u00ed.<br \/>Hasta pronto\u201d.<\/p><p>En el vest\u00edbulo del recinto legislativo se coloc\u00f3 una exhibici\u00f3n de im\u00e1genes que repas\u00f3 la<br \/>historia, vida y obra del tambi\u00e9n promotor cultural y fil\u00e1ntropo sampetrino.<br \/>Adem\u00e1s -como agradecimiento- el equipo de trabajo de Don Gustavo coloc\u00f3 sus libros<br \/>\u2018Persistencia vs. Terquedad\u2019 e \u2018Inanis et vacua\u2019, en cada una de las 42 curules del Poder<br \/>Legislativo nuevoleon\u00e9s.<\/p><p>Participa Don Gustavo en cierre de la FIL<br \/>Con sus dos obras literarias bajo el brazo, Don Gustavo M. de la Garza Ortega, particip\u00f3<br \/>la tarde del domingo en el cierre de la edici\u00f3n 2023 de la Feria de Libro Monterrey, a<br \/>invitaci\u00f3n de la Fundaci\u00f3n Dr. Ildefonso V\u00e1zquez Santos.<\/p><p>Durante aproximadamente una hora, el empresario comparti\u00f3 sus vivencias en el mundo<br \/>empresarial y personal, a trav\u00e9s de mensajes inspiradores que escucharon decenas de<br \/>regiomontanos que visitaron el stand en el que se pusieron a la venta sus obras literarias,<br \/>cuyas ganancias son destinadas a sus programas de apoyo educativo y cultural.<\/p><p>Brillante palmar\u00e9s<br \/>Estos son algunos de los logros que llev\u00f3 a los diputados a reconocer la trayectoria de<br \/>Don Gustavo M. de la Garza Ortega:<br \/>&#8211; En 1973 crea y desarrolla el sistema de radiolocalizaci\u00f3n m\u00f3vil Radio Beep, la primera<br \/>compa\u00f1\u00eda de paging en Am\u00e9rica Latina.<br \/>&#8211; 1994. Funda y preside Marcatel, hoy denominada Grupo V\u00edvaro, una compa\u00f1\u00eda<br \/>totalmente globalizada.<br \/>&#8211; Apoya a LULAC, grupo a favor de los derechos civiles de los latinos radicados en los<br \/>Estados Unidos.<br \/>&#8211; A partir del 2000, es fundador y presidente de la Beca Jorge Garc\u00eda Abaroa, A.C., que<br \/>actualmente costea la educaci\u00f3n de m\u00e1s de 200 j\u00f3venes de educaci\u00f3n Media Superior<br \/>y Superior<br \/>&#8211; Es uno de los fundadores del M\u00e9xico \u00d3pera Studio y es patrocinador de las carreras<br \/>de j\u00f3venes talentos musicales que dejaron el pa\u00eds para prepararse en el extranjero.<br \/>&#8211; Es pieza fundamental del Patronato de la Sinf\u00f3nica de Nuevo Le\u00f3n y miembro<br \/>fundador del Consejo Consultivo del Centro Cultural Rosa de los Vientos.<br \/>&#8211; Propietaro de MuTel, Museo de las Telecomunicaciones, que pr\u00f3ximamente dejar\u00e1 de<br \/>ser virtual a ser presencial, con docenas de piezas hist\u00f3ricas.<br \/>&#8211; Fundador y ex presidente de la secci\u00f3n Noreste de la CANIETI.<br \/>&#8211; Anteriormente recibi\u00f3 la Medalla al M\u00e9rito C\u00edvico, la Presea Pedro Maiz Arsuaga, el<br \/>Reconocimiento Dr. Carlos Canseco; y, apenas un d\u00eda antes a este evento, fue<br \/>homenajeado en la Feria Internacional del Libro.<\/p><p>Sitio: https:\/\/vivaro.com<br \/>Contacto:<br \/>Elena Torres<br \/>Relaciones P\u00fablicas<\/p><p>81.17.04.95.18<br \/>elenatorres27@hotmail.com<\/p>\t\t\t\t\t\t\t\t<\/div>\n\t\t\t\t<\/div>\n\t\t\t\t<div class=\"elementor-element elementor-element-4bf24026 elementor-grid-2 elementor-share-buttons--view-icon-text elementor-share-buttons--skin-gradient elementor-share-buttons--shape-square elementor-share-buttons--color-official elementor-widget elementor-widget-share-buttons\" data-id=\"4bf24026\" data-element_type=\"widget\" data-e-type=\"widget\" data-widget_type=\"share-buttons.default\">\n\t\t\t\t<div class=\"elementor-widget-container\">\n\t\t\t\t\t\t\t<div class=\"elementor-grid\" role=\"list\">\n\t\t\t\t\t\t\t\t<div class=\"elementor-grid-item\" role=\"listitem\">\n\t\t\t\t\t\t<div class=\"elementor-share-btn elementor-share-btn_facebook\" role=\"button\" tabindex=\"0\" aria-label=\"Compartir en facebook\">\n\t\t\t\t\t\t\t\t\t\t\t\t\t\t\t<span class=\"elementor-share-btn__icon\">\n\t\t\t\t\t\t\t\t<svg aria-hidden=\"true\" class=\"e-font-icon-svg e-fab-facebook\" viewbox=\"0 0 512 512\" xmlns=\"http:\/\/www.w3.org\/2000\/svg\"><path d=\"M504 256C504 119 393 8 256 8S8 119 8 256c0 123.78 90.69 226.38 209.25 245V327.69h-63V256h63v-54.64c0-62.15 37-96.48 93.67-96.48 27.14 0 55.52 4.84 55.52 4.84v61h-31.28c-30.8 0-40.41 19.12-40.41 38.73V256h68.78l-11 71.69h-57.78V501C413.31 482.38 504 379.78 504 256z\"><\/path><\/svg>\t\t\t\t\t\t\t<\/span>\n\t\t\t\t\t\t\t\t\t\t\t\t\t\t\t\t\t\t\t\t\t\t<div class=\"elementor-share-btn__text\">\n\t\t\t\t\t\t\t\t\t\t\t\t\t\t\t\t\t\t\t<span class=\"elementor-share-btn__title\">\n\t\t\t\t\t\t\t\t\t\tShare on Facebook\t\t\t\t\t\t\t\t\t<\/span>\n\t\t\t\t\t\t\t\t\t\t\t\t\t\t\t\t\t<\/div>\n\t\t\t\t\t\t\t\t\t\t\t\t\t<\/div>\n\t\t\t\t\t<\/div>\n\t\t\t\t\t\t\t\t\t<div class=\"elementor-grid-item\" role=\"listitem\">\n\t\t\t\t\t\t<div class=\"elementor-share-btn elementor-share-btn_linkedin\" role=\"button\" tabindex=\"0\" aria-label=\"Compartir en linkedin\">\n\t\t\t\t\t\t\t\t\t\t\t\t\t\t\t<span class=\"elementor-share-btn__icon\">\n\t\t\t\t\t\t\t\t<svg aria-hidden=\"true\" class=\"e-font-icon-svg e-fab-linkedin\" viewbox=\"0 0 448 512\" xmlns=\"http:\/\/www.w3.org\/2000\/svg\"><path d=\"M416 32H31.9C14.3 32 0 46.5 0 64.3v383.4C0 465.5 14.3 480 31.9 480H416c17.6 0 32-14.5 32-32.3V64.3c0-17.8-14.4-32.3-32-32.3zM135.4 416H69V202.2h66.5V416zm-33.2-243c-21.3 0-38.5-17.3-38.5-38.5S80.9 96 102.2 96c21.2 0 38.5 17.3 38.5 38.5 0 21.3-17.2 38.5-38.5 38.5zm282.1 243h-66.4V312c0-24.8-.5-56.7-34.5-56.7-34.6 0-39.9 27-39.9 54.9V416h-66.4V202.2h63.7v29.2h.9c8.9-16.8 30.6-34.5 62.9-34.5 67.2 0 79.7 44.3 79.7 101.9V416z\"><\/path><\/svg>\t\t\t\t\t\t\t<\/span>\n\t\t\t\t\t\t\t\t\t\t\t\t\t\t\t\t\t\t\t\t\t\t<div class=\"elementor-share-btn__text\">\n\t\t\t\t\t\t\t\t\t\t\t\t\t\t\t\t\t\t\t<span class=\"elementor-share-btn__title\">\n\t\t\t\t\t\t\t\t\t\tShare on Linkdin\t\t\t\t\t\t\t\t\t<\/span>\n\t\t\t\t\t\t\t\t\t\t\t\t\t\t\t\t\t<\/div>\n\t\t\t\t\t\t\t\t\t\t\t\t\t<\/div>\n\t\t\t\t\t<\/div>\n\t\t\t\t\t\t\t\t\t<div class=\"elementor-grid-item\" role=\"listitem\">\n\t\t\t\t\t\t<div class=\"elementor-share-btn elementor-share-btn_twitter\" role=\"button\" tabindex=\"0\" aria-label=\"Compartir en twitter\">\n\t\t\t\t\t\t\t\t\t\t\t\t\t\t\t<span class=\"elementor-share-btn__icon\">\n\t\t\t\t\t\t\t\t<svg aria-hidden=\"true\" class=\"e-font-icon-svg e-fab-twitter\" viewbox=\"0 0 512 512\" xmlns=\"http:\/\/www.w3.org\/2000\/svg\"><path d=\"M459.37 151.716c.325 4.548.325 9.097.325 13.645 0 138.72-105.583 298.558-298.558 298.558-59.452 0-114.68-17.219-161.137-47.106 8.447.974 16.568 1.299 25.34 1.299 49.055 0 94.213-16.568 130.274-44.832-46.132-.975-84.792-31.188-98.112-72.772 6.498.974 12.995 1.624 19.818 1.624 9.421 0 18.843-1.3 27.614-3.573-48.081-9.747-84.143-51.98-84.143-102.985v-1.299c13.969 7.797 30.214 12.67 47.431 13.319-28.264-18.843-46.781-51.005-46.781-87.391 0-19.492 5.197-37.36 14.294-52.954 51.655 63.675 129.3 105.258 216.365 109.807-1.624-7.797-2.599-15.918-2.599-24.04 0-57.828 46.782-104.934 104.934-104.934 30.213 0 57.502 12.67 76.67 33.137 23.715-4.548 46.456-13.32 66.599-25.34-7.798 24.366-24.366 44.833-46.132 57.827 21.117-2.273 41.584-8.122 60.426-16.243-14.292 20.791-32.161 39.308-52.628 54.253z\"><\/path><\/svg>\t\t\t\t\t\t\t<\/span>\n\t\t\t\t\t\t\t\t\t\t\t\t\t\t\t\t\t\t\t\t\t\t<div class=\"elementor-share-btn__text\">\n\t\t\t\t\t\t\t\t\t\t\t\t\t\t\t\t\t\t\t<span class=\"elementor-share-btn__title\">\n\t\t\t\t\t\t\t\t\t\tShare on Twitter\t\t\t\t\t\t\t\t\t<\/span>\n\t\t\t\t\t\t\t\t\t\t\t\t\t\t\t\t\t<\/div>\n\t\t\t\t\t\t\t\t\t\t\t\t\t<\/div>\n\t\t\t\t\t<\/div>\n\t\t\t\t\t\t\t\t\t<div class=\"elementor-grid-item\" role=\"listitem\">\n\t\t\t\t\t\t<div class=\"elementor-share-btn elementor-share-btn_email\" role=\"button\" tabindex=\"0\" aria-label=\"Compartir en email\">\n\t\t\t\t\t\t\t\t\t\t\t\t\t\t\t<span class=\"elementor-share-btn__icon\">\n\t\t\t\t\t\t\t\t<svg aria-hidden=\"true\" class=\"e-font-icon-svg e-fas-envelope\" viewbox=\"0 0 512 512\" xmlns=\"http:\/\/www.w3.org\/2000\/svg\"><path d=\"M502.3 190.8c3.9-3.1 9.7-.2 9.7 4.7V400c0 26.5-21.5 48-48 48H48c-26.5 0-48-21.5-48-48V195.6c0-5 5.7-7.8 9.7-4.7 22.4 17.4 52.1 39.5 154.1 113.6 21.1 15.4 56.7 47.8 92.2 47.6 35.7.3 72-32.8 92.3-47.6 102-74.1 131.6-96.3 154-113.7zM256 320c23.2.4 56.6-29.2 73.4-41.4 132.7-96.3 142.8-104.7 173.4-128.7 5.8-4.5 9.2-11.5 9.2-18.9v-19c0-26.5-21.5-48-48-48H48C21.5 64 0 85.5 0 112v19c0 7.4 3.4 14.3 9.2 18.9 30.6 23.9 40.7 32.4 173.4 128.7 16.8 12.2 50.2 41.8 73.4 41.4z\"><\/path><\/svg>\t\t\t\t\t\t\t<\/span>\n\t\t\t\t\t\t\t\t\t\t\t\t\t\t\t\t\t\t\t\t\t\t<div class=\"elementor-share-btn__text\">\n\t\t\t\t\t\t\t\t\t\t\t\t\t\t\t\t\t\t\t<span class=\"elementor-share-btn__title\">\n\t\t\t\t\t\t\t\t\t\tShare on Email\t\t\t\t\t\t\t\t\t<\/span>\n\t\t\t\t\t\t\t\t\t\t\t\t\t\t\t\t\t<\/div>\n\t\t\t\t\t\t\t\t\t\t\t\t\t<\/div>\n\t\t\t\t\t<\/div>\n\t\t\t\t\t\t<\/div>\n\t\t\t\t\t\t<\/div>\n\t\t\t\t<\/div>\n\t\t\t\t\t<\/div>\n\t\t<\/div>\n\t\t\t\t\t<\/div>\n\t\t<\/section>\n\t\t\t\t<\/div>","protected":false},"excerpt":{"rendered":"<p>Reconoce Congreso del Estado trayectoria de Don Gustavo M. de la Garza Ortega Reconoce Congreso del Estado trayectoria de Don Gustavo M. de la Garza Ortega \u2022 Dedican legisladores locales espacio solemne a empresario y precursor de lastelecomunicaciones en Nuevo Le\u00f3n.\u2022 Honran palmar\u00e9s empresarial, social y cultural de presidente y fundador de Grupo V\u00edvaro. Monterrey, [&hellip;]<\/p>\n","protected":false},"author":1,"featured_media":0,"parent":0,"menu_order":0,"comment_status":"closed","ping_status":"closed","template":"","meta":{"footnotes":""},"class_list":["post-13204","page","type-page","status-publish","hentry"],"yoast_head":"<!-- This site is optimized with the Yoast SEO plugin v27.5 - https:\/\/yoast.com\/product\/yoast-seo-wordpress\/ -->\n<title>Reconoce Congreso del Estado trayectoria de Don Gustavo M. de la Garza Ortega - V\u00edvaro<\/title>\n<meta name=\"robots\" content=\"index, follow, max-snippet:-1, max-image-preview:large, max-video-preview:-1\" \/>\n<link rel=\"canonical\" href=\"https:\/\/vivaro.com\/fr\/reconoce-congreso-del-estado-trayectoria-de-don-gustavo-m-de-la-garza-ortega\/\" \/>\n<meta property=\"og:locale\" content=\"fr_CA\" \/>\n<meta property=\"og:type\" content=\"article\" \/>\n<meta property=\"og:title\" content=\"Reconoce Congreso del Estado trayectoria de Don Gustavo M. de la Garza Ortega - V\u00edvaro\" \/>\n<meta property=\"og:description\" content=\"Reconoce Congreso del Estado trayectoria de Don Gustavo M. de la Garza Ortega Reconoce Congreso del Estado trayectoria de Don Gustavo M. de la Garza Ortega \u2022 Dedican legisladores locales espacio solemne a empresario y precursor de lastelecomunicaciones en Nuevo Le\u00f3n.\u2022 Honran palmar\u00e9s empresarial, social y cultural de presidente y fundador de Grupo V\u00edvaro. Monterrey, [&hellip;]\" \/>\n<meta property=\"og:url\" content=\"https:\/\/vivaro.com\/fr\/reconoce-congreso-del-estado-trayectoria-de-don-gustavo-m-de-la-garza-ortega\/\" \/>\n<meta property=\"og:site_name\" content=\"V\u00edvaro\" \/>\n<meta property=\"article:publisher\" content=\"https:\/\/www.facebook.com\/grupovivaro\" \/>\n<meta property=\"article:modified_time\" content=\"2023-10-16T22:55:54+00:00\" \/>\n<meta property=\"og:image\" content=\"http:\/\/vivaro.com\/wp-content\/uploads\/2023\/10\/800.jpg\" \/>\n<meta name=\"twitter:card\" content=\"summary_large_image\" \/>\n<meta name=\"twitter:site\" content=\"@GrupoVivaro\" \/>\n<meta name=\"twitter:label1\" content=\"Estimation du temps de lecture\" \/>\n\t<meta name=\"twitter:data1\" content=\"6 minutes\" \/>\n<script type=\"application\/ld+json\" class=\"yoast-schema-graph\">{\"@context\":\"https:\\\/\\\/schema.org\",\"@graph\":[{\"@type\":\"WebPage\",\"@id\":\"https:\\\/\\\/vivaro.com\\\/reconoce-congreso-del-estado-trayectoria-de-don-gustavo-m-de-la-garza-ortega\\\/\",\"url\":\"https:\\\/\\\/vivaro.com\\\/reconoce-congreso-del-estado-trayectoria-de-don-gustavo-m-de-la-garza-ortega\\\/\",\"name\":\"Reconoce Congreso del Estado trayectoria de Don Gustavo M. de la Garza Ortega - V\u00edvaro\",\"isPartOf\":{\"@id\":\"https:\\\/\\\/vivaro.com\\\/en\\\/#website\"},\"primaryImageOfPage\":{\"@id\":\"https:\\\/\\\/vivaro.com\\\/reconoce-congreso-del-estado-trayectoria-de-don-gustavo-m-de-la-garza-ortega\\\/#primaryimage\"},\"image\":{\"@id\":\"https:\\\/\\\/vivaro.com\\\/reconoce-congreso-del-estado-trayectoria-de-don-gustavo-m-de-la-garza-ortega\\\/#primaryimage\"},\"thumbnailUrl\":\"http:\\\/\\\/vivaro.com\\\/wp-content\\\/uploads\\\/2023\\\/10\\\/800.jpg\",\"datePublished\":\"2023-10-16T22:52:46+00:00\",\"dateModified\":\"2023-10-16T22:55:54+00:00\",\"breadcrumb\":{\"@id\":\"https:\\\/\\\/vivaro.com\\\/reconoce-congreso-del-estado-trayectoria-de-don-gustavo-m-de-la-garza-ortega\\\/#breadcrumb\"},\"inLanguage\":\"fr-CA\",\"potentialAction\":[{\"@type\":\"ReadAction\",\"target\":[\"https:\\\/\\\/vivaro.com\\\/reconoce-congreso-del-estado-trayectoria-de-don-gustavo-m-de-la-garza-ortega\\\/\"]}]},{\"@type\":\"ImageObject\",\"inLanguage\":\"fr-CA\",\"@id\":\"https:\\\/\\\/vivaro.com\\\/reconoce-congreso-del-estado-trayectoria-de-don-gustavo-m-de-la-garza-ortega\\\/#primaryimage\",\"url\":\"http:\\\/\\\/vivaro.com\\\/wp-content\\\/uploads\\\/2023\\\/10\\\/800.jpg\",\"contentUrl\":\"http:\\\/\\\/vivaro.com\\\/wp-content\\\/uploads\\\/2023\\\/10\\\/800.jpg\"},{\"@type\":\"BreadcrumbList\",\"@id\":\"https:\\\/\\\/vivaro.com\\\/reconoce-congreso-del-estado-trayectoria-de-don-gustavo-m-de-la-garza-ortega\\\/#breadcrumb\",\"itemListElement\":[{\"@type\":\"ListItem\",\"position\":1,\"name\":\"Portada\",\"item\":\"https:\\\/\\\/vivaro.com\\\/\"},{\"@type\":\"ListItem\",\"position\":2,\"name\":\"Reconoce Congreso del Estado trayectoria de Don Gustavo M. de la Garza Ortega\"}]},{\"@type\":\"WebSite\",\"@id\":\"https:\\\/\\\/vivaro.com\\\/en\\\/#website\",\"url\":\"https:\\\/\\\/vivaro.com\\\/en\\\/\",\"name\":\"V\u00edvaro\",\"description\":\"Inovaci\u00f3n tecnol\u00f3gica y servicios de telecomunicaciones.\",\"publisher\":{\"@id\":\"https:\\\/\\\/vivaro.com\\\/en\\\/#organization\"},\"potentialAction\":[{\"@type\":\"SearchAction\",\"target\":{\"@type\":\"EntryPoint\",\"urlTemplate\":\"https:\\\/\\\/vivaro.com\\\/en\\\/?s={search_term_string}\"},\"query-input\":{\"@type\":\"PropertyValueSpecification\",\"valueRequired\":true,\"valueName\":\"search_term_string\"}}],\"inLanguage\":\"fr-CA\"},{\"@type\":\"Organization\",\"@id\":\"https:\\\/\\\/vivaro.com\\\/en\\\/#organization\",\"name\":\"V\u00edvaro\",\"url\":\"https:\\\/\\\/vivaro.com\\\/en\\\/\",\"logo\":{\"@type\":\"ImageObject\",\"inLanguage\":\"fr-CA\",\"@id\":\"https:\\\/\\\/vivaro.com\\\/en\\\/#\\\/schema\\\/logo\\\/image\\\/\",\"url\":\"https:\\\/\\\/vivaro.com\\\/wp-content\\\/uploads\\\/2022\\\/03\\\/vivaro-19-1.png\",\"contentUrl\":\"https:\\\/\\\/vivaro.com\\\/wp-content\\\/uploads\\\/2022\\\/03\\\/vivaro-19-1.png\",\"width\":599,\"height\":308,\"caption\":\"V\u00edvaro\"},\"image\":{\"@id\":\"https:\\\/\\\/vivaro.com\\\/en\\\/#\\\/schema\\\/logo\\\/image\\\/\"},\"sameAs\":[\"https:\\\/\\\/www.facebook.com\\\/grupovivaro\",\"https:\\\/\\\/x.com\\\/GrupoVivaro\",\"https:\\\/\\\/www.instagram.com\\\/grupovivaro\\\/?hl=es-la\",\"https:\\\/\\\/www.linkedin.com\\\/company\\\/grupovivaro\\\/\"]}]}<\/script>\n<!-- \/ Yoast SEO plugin. -->","yoast_head_json":{"title":"Reconoce Congreso del Estado trayectoria de Don Gustavo M. de la Garza Ortega - V\u00edvaro","robots":{"index":"index","follow":"follow","max-snippet":"max-snippet:-1","max-image-preview":"max-image-preview:large","max-video-preview":"max-video-preview:-1"},"canonical":"https:\/\/vivaro.com\/fr\/reconoce-congreso-del-estado-trayectoria-de-don-gustavo-m-de-la-garza-ortega\/","og_locale":"fr_CA","og_type":"article","og_title":"Reconoce Congreso del Estado trayectoria de Don Gustavo M. de la Garza Ortega - V\u00edvaro","og_description":"Reconoce Congreso del Estado trayectoria de Don Gustavo M. de la Garza Ortega Reconoce Congreso del Estado trayectoria de Don Gustavo M. de la Garza Ortega \u2022 Dedican legisladores locales espacio solemne a empresario y precursor de lastelecomunicaciones en Nuevo Le\u00f3n.\u2022 Honran palmar\u00e9s empresarial, social y cultural de presidente y fundador de Grupo V\u00edvaro. Monterrey, [&hellip;]","og_url":"https:\/\/vivaro.com\/fr\/reconoce-congreso-del-estado-trayectoria-de-don-gustavo-m-de-la-garza-ortega\/","og_site_name":"V\u00edvaro","article_publisher":"https:\/\/www.facebook.com\/grupovivaro","article_modified_time":"2023-10-16T22:55:54+00:00","og_image":[{"url":"http:\/\/vivaro.com\/wp-content\/uploads\/2023\/10\/800.jpg","type":"","width":"","height":""}],"twitter_card":"summary_large_image","twitter_site":"@GrupoVivaro","twitter_misc":{"Estimation du temps de lecture":"6 minutes"},"schema":{"@context":"https:\/\/schema.org","@graph":[{"@type":"WebPage","@id":"https:\/\/vivaro.com\/reconoce-congreso-del-estado-trayectoria-de-don-gustavo-m-de-la-garza-ortega\/","url":"https:\/\/vivaro.com\/reconoce-congreso-del-estado-trayectoria-de-don-gustavo-m-de-la-garza-ortega\/","name":"Reconoce Congreso del Estado trayectoria de Don Gustavo M. de la Garza Ortega - V\u00edvaro","isPartOf":{"@id":"https:\/\/vivaro.com\/en\/#website"},"primaryImageOfPage":{"@id":"https:\/\/vivaro.com\/reconoce-congreso-del-estado-trayectoria-de-don-gustavo-m-de-la-garza-ortega\/#primaryimage"},"image":{"@id":"https:\/\/vivaro.com\/reconoce-congreso-del-estado-trayectoria-de-don-gustavo-m-de-la-garza-ortega\/#primaryimage"},"thumbnailUrl":"http:\/\/vivaro.com\/wp-content\/uploads\/2023\/10\/800.jpg","datePublished":"2023-10-16T22:52:46+00:00","dateModified":"2023-10-16T22:55:54+00:00","breadcrumb":{"@id":"https:\/\/vivaro.com\/reconoce-congreso-del-estado-trayectoria-de-don-gustavo-m-de-la-garza-ortega\/#breadcrumb"},"inLanguage":"fr-CA","potentialAction":[{"@type":"ReadAction","target":["https:\/\/vivaro.com\/reconoce-congreso-del-estado-trayectoria-de-don-gustavo-m-de-la-garza-ortega\/"]}]},{"@type":"ImageObject","inLanguage":"fr-CA","@id":"https:\/\/vivaro.com\/reconoce-congreso-del-estado-trayectoria-de-don-gustavo-m-de-la-garza-ortega\/#primaryimage","url":"http:\/\/vivaro.com\/wp-content\/uploads\/2023\/10\/800.jpg","contentUrl":"http:\/\/vivaro.com\/wp-content\/uploads\/2023\/10\/800.jpg"},{"@type":"BreadcrumbList","@id":"https:\/\/vivaro.com\/reconoce-congreso-del-estado-trayectoria-de-don-gustavo-m-de-la-garza-ortega\/#breadcrumb","itemListElement":[{"@type":"ListItem","position":1,"name":"Portada","item":"https:\/\/vivaro.com\/"},{"@type":"ListItem","position":2,"name":"Reconoce Congreso del Estado trayectoria de Don Gustavo M. de la Garza Ortega"}]},{"@type":"WebSite","@id":"https:\/\/vivaro.com\/en\/#website","url":"https:\/\/vivaro.com\/en\/","name":"V\u00edvaro","description":"Inovaci\u00f3n tecnol\u00f3gica y servicios de telecomunicaciones.","publisher":{"@id":"https:\/\/vivaro.com\/en\/#organization"},"potentialAction":[{"@type":"SearchAction","target":{"@type":"EntryPoint","urlTemplate":"https:\/\/vivaro.com\/en\/?s={search_term_string}"},"query-input":{"@type":"PropertyValueSpecification","valueRequired":true,"valueName":"search_term_string"}}],"inLanguage":"fr-CA"},{"@type":"Organization","@id":"https:\/\/vivaro.com\/en\/#organization","name":"V\u00edvaro","url":"https:\/\/vivaro.com\/en\/","logo":{"@type":"ImageObject","inLanguage":"fr-CA","@id":"https:\/\/vivaro.com\/en\/#\/schema\/logo\/image\/","url":"https:\/\/vivaro.com\/wp-content\/uploads\/2022\/03\/vivaro-19-1.png","contentUrl":"https:\/\/vivaro.com\/wp-content\/uploads\/2022\/03\/vivaro-19-1.png","width":599,"height":308,"caption":"V\u00edvaro"},"image":{"@id":"https:\/\/vivaro.com\/en\/#\/schema\/logo\/image\/"},"sameAs":["https:\/\/www.facebook.com\/grupovivaro","https:\/\/x.com\/GrupoVivaro","https:\/\/www.instagram.com\/grupovivaro\/?hl=es-la","https:\/\/www.linkedin.com\/company\/grupovivaro\/"]}]}},"_links":{"self":[{"href":"https:\/\/vivaro.com\/fr\/wp-json\/wp\/v2\/pages\/13204","targetHints":{"allow":["GET"]}}],"collection":[{"href":"https:\/\/vivaro.com\/fr\/wp-json\/wp\/v2\/pages"}],"about":[{"href":"https:\/\/vivaro.com\/fr\/wp-json\/wp\/v2\/types\/page"}],"author":[{"embeddable":true,"href":"https:\/\/vivaro.com\/fr\/wp-json\/wp\/v2\/users\/1"}],"replies":[{"embeddable":true,"href":"https:\/\/vivaro.com\/fr\/wp-json\/wp\/v2\/comments?post=13204"}],"version-history":[{"count":6,"href":"https:\/\/vivaro.com\/fr\/wp-json\/wp\/v2\/pages\/13204\/revisions"}],"predecessor-version":[{"id":13218,"href":"https:\/\/vivaro.com\/fr\/wp-json\/wp\/v2\/pages\/13204\/revisions\/13218"}],"wp:attachment":[{"href":"https:\/\/vivaro.com\/fr\/wp-json\/wp\/v2\/media?parent=13204"}],"curies":[{"name":"wp","href":"https:\/\/api.w.org\/{rel}","templated":true}]}}