{"id":1439,"date":"2021-11-19T16:37:19","date_gmt":"2021-11-19T16:37:19","guid":{"rendered":"https:\/\/vivaro.com\/?page_id=1439"},"modified":"2021-11-19T21:18:20","modified_gmt":"2021-11-19T21:18:20","slug":"modelo-de-contrato-de-adhesion-profeco","status":"publish","type":"page","link":"https:\/\/vivaro.com\/fr\/modelo-de-contrato-de-adhesion-profeco\/","title":{"rendered":"Modelo de contrato de Adhesi\u00f3n PROFECO"},"content":{"rendered":"\t\t<div data-elementor-type=\"wp-page\" data-elementor-id=\"1439\" class=\"elementor elementor-1439\" data-elementor-post-type=\"page\">\n\t\t\t\t\t\t<section class=\"elementor-section elementor-top-section elementor-element elementor-element-1229599 elementor-section-boxed elementor-section-height-default elementor-section-height-default\" data-id=\"1229599\" data-element_type=\"section\" data-e-type=\"section\">\n\t\t\t\t\t\t<div class=\"elementor-container elementor-column-gap-default\">\n\t\t\t\t\t<div class=\"elementor-column elementor-col-16 elementor-top-column elementor-element elementor-element-8fa2181\" data-id=\"8fa2181\" data-element_type=\"column\" data-e-type=\"column\">\n\t\t\t<div class=\"elementor-widget-wrap\">\n\t\t\t\t\t\t\t<\/div>\n\t\t<\/div>\n\t\t\t\t<div class=\"elementor-column elementor-col-66 elementor-top-column elementor-element elementor-element-3855927\" data-id=\"3855927\" data-element_type=\"column\" data-e-type=\"column\">\n\t\t\t<div class=\"elementor-widget-wrap elementor-element-populated\">\n\t\t\t\t\t\t<div class=\"elementor-element elementor-element-77f6717 elementor-widget elementor-widget-text-editor\" data-id=\"77f6717\" data-element_type=\"widget\" data-e-type=\"widget\" data-widget_type=\"text-editor.default\">\n\t\t\t\t<div class=\"elementor-widget-container\">\n\t\t\t\t\t\t\t\t\t<div id=\"comp-j95se004\" class=\"_1Q9if\" data-testid=\"richTextElement\"><p>\u00a0<\/p><h3 class=\"font_8\"><strong>CONTRATO MARCO DE PRESTACI\u00d3N DE SERVICIOS DE TELECOMUNICACIONES (EN LO SUCESIVO, EL \u201cCONTRATO\u201d) QUE CELEBRAN POR UNA PARTE MARCATEL COM, S.A. DE C.V., A QUIEN EN LO SUCESIVO SE LE DENOMINAR\u00c1 \u201cEL PROVEEDOR\u201d; Y POR LA OTRA PARTE \u00a0, A QUIEN EN LO SUCESIVO SE LE DENOMINAR\u00c1 \u201cEL CONSUMIDOR\u201d, AL TENOR DE LAS SIGUIENTES DECLARACIONES Y CL\u00c1USULAS:<\/strong><\/h3><\/div><p class=\"font_8\">\u00a0<\/p><div id=\"comp-j95se004\" class=\"_1Q9if\" data-testid=\"richTextElement\"><p class=\"font_8\">I. Declara EL PROVEEDOR, a trav\u00e9s de su representante legal:<\/p><ol class=\"font_8\"><li><p class=\"font_8\">Es una sociedad an\u00f3nima de capital variable, debidamente constituida conforme a las leyes de los Estados Unidos Mexicanos, seg\u00fan consta en la escritura p\u00fablica n\u00famero 7,364 de fecha 17 de noviembre del 2000, otorgada ante la fe del Lic. Eduardo Adolfo Manautou Ayala, notario p\u00fablico n\u00famero 123 de la ciudad de Monterrey, Nuevo Le\u00f3n, debidamente inscrita en el Registro P\u00fablico de la Propiedad y del Comercio de Monterrey, Nuevo Le\u00f3n, n\u00famero 4941, volumen 1, libro primero de fecha 29 de noviembre de 2000.<\/p><\/li><\/ol><p class=\"font_8\">\u00a0 \u00a02.\u00a0 Que apoderado legal cuenta con las facultades necesarias para celebrar el presente Contrato; facultades\u00a0 \u00a0 \u00a0 \u00a0 \u00a0que a la fecha no le han sido revocadas en forma alguna.<\/p><p class=\"font_8\">\u00a0 \u00a03. Que su representada es concesionaria del Gobierno Federal para prestar servicios de telefon\u00eda de, Larga\u00a0 \u00a0 \u00a0 \u00a0 \u00a0 \u00a0 Distancia Internacional, telefon\u00eda local fija, servicios de valor agregado y enlaces de microondas punto a\u00a0 \u00a0 \u00a0 \u00a0 \u00a0 \u00a0 \u00a0 \u00a0 punto;\u00a0concesiones que fueron otorgadas a trav\u00e9s de la Secretar\u00eda de Comunicaciones y Transportes y la\u00a0 \u00a0 \u00a0 \u00a0 \u00a0 \u00a0 \u00a0 \u00a0Comisi\u00f3n Federal de Telecomunicaciones, mediante las concesiones de fechas 26 de octubre de 1995, 6 de\u00a0 \u00a0 \u00a0 \u00a0 \u00a0 noviembre de 2003 y 4 de junio de 1998, respectivamente.<\/p><p class=\"font_8\">\u00a0 \u00a04.Que su representada cuenta con infraestructura propia y contratada de terceros, necesaria para la prestaci\u00f3n\u00a0 \u00a0 \u00a0de los Servicios materia del presente Contrato, en los t\u00e9rminos pactados en el mismo, los cuales se prestar\u00e1n\u00a0 \u00a0 \u00a0 \u00a0 de conformidad\u00a0 a lo establecido por la concesi\u00f3n y las diferentes disposiciones legales aplicables, as\u00ed como\u00a0 \u00a0 \u00a0 \u00a0 por la Ley Federal de Telecomunicaciones y Radiodifusi\u00f3n,\u00a0 la Ley Federal de Protecci\u00f3n al Consumidor, as\u00ed\u00a0 \u00a0 \u00a0 \u00a0 \u00a0como tambi\u00e9n por lo planteado en la NOM-184-SCFI-2012-Pr\u00e1cticas Comerciales Elementos Normativos para\u00a0 \u00a0 \u00a0 \u00a0 la Comercializaci\u00f3n y\/o Prestaci\u00f3n de los Servicios de Telecomunicaciones cuando utilicen una Red P\u00fablica de\u00a0 \u00a0 \u00a0 Telecomunicaciones y dem\u00e1s disposiciones aplicables.<\/p><p class=\"font_8\">\u00a0 \u00a0 \u00a05.Que dar\u00e1 a conocer las condiciones comerciales establecidas en el contrato, mismas que tendr\u00e1n\u00a0 \u00a0 \u00a0 \u00a0 \u00a0 \u00a0 \u00a0 \u00a0 \u00a0 \u00a0 \u00a0 \u00a0 funcionalidades de accesibilidad de conformidad con los lineamientos que emita el Instituto a trav\u00e9s de la\u00a0 \u00a0 \u00a0 \u00a0 \u00a0 \u00a0 p\u00e1gina de internet: <a href=\"http:\/\/www.marcatel.com\" target=\"_blank\" rel=\"noopener\">www.marcatel.com<\/a>. Del mismo modo podr\u00e1 entregar a los CONSUMIDORES la Carta de\u00a0 \u00a0 \u00a0 \u00a0 Derechos M\u00ednimos de los Usuarios de los Servicios de Telecomunicaciones por la v\u00eda electr\u00f3nica a trav\u00e9s del\u00a0 \u00a0 \u00a0 \u00a0 \u00a0correo electr\u00f3nico autorizado.\u00a0<\/p><p class=\"font_8\">II. Declara EL CONSUMIDOR, que:<\/p><ol class=\"font_8\"><li><p class=\"font_8\">Que bajo sus propios derechos (persona f\u00edsica) o a trav\u00e9s de su representada (persona moral):<\/p><\/li><\/ol><p class=\"font_8\">i). Llamarse como ha quedado plasmado en el proemio del presente contrato, as\u00ed como ser una persona f\u00edsica, de nacionalidad\u00a0, mayor de edad, con Registro Federal de Contribuyentes \u00a0\u00a0\u00a0\u00a0\u00a0\u00a0\u00a0\u00a0\u00a0\u00a0\u00a0\u00a0 \u00a0\u00a0\u00a0 y en pleno uso de sus derechos y obligaciones<\/p><p class=\"font_8\">ii) Su representada es una sociedad debidamente constituida seg\u00fan consta en la escritura p\u00fablica n\u00famero \u00a0\u00a0\u00a0\u00a0\u00a0 de fecha\u00a0del____\u00a0del___, otorgada ante la fe del Licenciado___ , notario p\u00fablico n\u00famero____de la ciudad de \u00a0\u00a0\u00a0\u00a0\u00a0\u00a0\u00a0\u00a0\u00a0 \u00a0\u00a0\u00a0_____ , debidamente inscrita en el Registro P\u00fablico de la Propiedad y del Comercio de________ bajo el folio mercantil n\u00famero_____. Dicha escritura se anexa al presente Contrato como Ap\u00e9ndice 3.<\/p><p class=\"font_8\">(b)\u00a0\u00a0Que cuenta con las facultades necesarias para celebrar el presente Contrato.<\/p><p class=\"font_8\">\u00a0<\/p><p class=\"font_8\">(c)\u00a0\u00a0Que es su voluntad contratar el o los Servicios ser\u00e1n proporcionados por EL PROVEEDOR de acuerdo a las condiciones establecidas en el presente Contrato y Anexo(s) respectivo(s).<\/p><ol class=\"font_8\"><li><p class=\"font_8\">Que es su deseo obligarse en los t\u00e9rminos y condiciones del presente contrato, manifestando que cuenta con la capacidad legal para la celebraci\u00f3n de este contrato.<\/p><\/li><\/ol><ol class=\"font_8\"><li><p class=\"font_8\">Que su domicilio se encuentra ubicado en_________, tel\u00e9fono______ \u00a0 \u00a0 \u00a0 \u00a0 \u00a0 \u00a0 \u00a0 \u00a0 \u00a0 \u00a0 \u00a0 .<\/p><\/li><\/ol><ol class=\"font_8\"><li><p class=\"font_8\">EL CONSUMIDOR SI \u00a0_____NO____ acepta se le env\u00ede la Factura al siguiente correo:\u00a0\u00a0\u00a0\u00a0\u00a0 \u00a0Firma:_________________<\/p><\/li><\/ol><p class=\"font_8\">Con base a las declaraciones anteriores, las Partes de com\u00fan acuerdo convienen y se obligan de acuerdo a lo siguiente:<\/p><p class=\"font_8\">CL\u00c1USULA PRIMERA.\u00a0\u00a0\u00a0\u00a0\u00a0\u00a0\u00a0\u00a0\u00a0<\/p><p class=\"font_8\">OBJETO DEL CONTRATO.<\/p><p class=\"font_8\">\u00a0<\/p><p class=\"font_8\">EL PROVEEDOR proporciona a EL CONSUMIDOR los Servicios descritos en su respectivo anexo, los cuales deber\u00e1n de ser contratados por este \u00faltimo, de conformidad con los t\u00e9rminos y condiciones establecidas en el presente Contrato y su Anexo, mismos que se refieren a la prestaci\u00f3n de los servicios. Derivado de lo anterior EL PROVEEDOR es el \u00fanico responsable frente a EL CONSUMIDOR por la prestaci\u00f3n del o los servicios establecidos en el Anexo.<\/p><p class=\"font_8\">Las Partes acuerdan que el Anexo contendr\u00e1 las especificaciones del Servicio de Voz, L\u00edneas Privadas, Servicios Adicionales y Datos respectivamente, as\u00ed las condiciones particulares inherentes a dicho Servicio, y una vez firmado por los representantes legales de las Partes, formar\u00e1 parte integrante del presente Contrato.<\/p><p class=\"font_8\">EL PROVEEDOR podr\u00e1 prestar servicios adicionales siempre y cuando EL CONSUMIDOR lo solicite o autorice por escrito, v\u00eda electr\u00f3nica o por cualquier otro medio acordado entre las partes<\/p><p class=\"font_8\">El o los servicios contratados por parte de EL CONSUMIDOR, se prestar\u00e1n en forma continua, uniforme, regular y eficiente, cumpliendo con las normas y metas de calidad que establezca la normatividad aplicable, as\u00ed como los par\u00e1metros de calidad establecidos por el Instituto Federal de Telecomunicaciones.<\/p><p class=\"font_8\">En ning\u00fan caso EL PROVEEDOR podr\u00e1 condicionar a EL CONSUMIDOR de contratar bienes, servicios adicionales o valores con el objeto de poder prestarle el servicio solicitado, a menos que existan condiciones t\u00e9cnicas ineludibles. As\u00ed mismo, EL PROVEEDOR no podr\u00e1 obligar a EL CONSUMIDOR a contratar servicios adicionales como requisito para la contrataci\u00f3n o continuaci\u00f3n de la prestaci\u00f3n de los servicios originalmente contratados<\/p><p class=\"font_8\">CLAUSULA SEGUNDA.\u00a0\u00a0\u00a0\u00a0\u00a0\u00a0<\/p><p class=\"font_8\">\u00a0CONTRAPRESTACI\u00d3N.<\/p><p class=\"font_8\">\u00a0<\/p><p class=\"font_8\">EL CONSUMIDOR deber\u00e1 pagar a EL PROVEEDOR como contraprestaci\u00f3n por los Servicios contratados, las tarifas que se encuentran registradas y vigentes ante el IFT bajo el n\u00famero de Folio:________, \u00a0El pago deber\u00e1 realizarse en la forma y lugar se\u00f1alado en la cl\u00e1usula TERCERA del presente CONTRATO.<\/p><p class=\"font_8\">EL CONSUMIDOR podr\u00e1 consultar las tarifas y planes que ofrece EL PROVEEDOR en los siguientes sitios de internet: <a href=\"http:\/\/www.marcatel.com\" target=\"_blank\" rel=\"noopener\">www.marcatel.com<\/a> y en la p\u00e1gina que para tal efecto designe el Instituto Federal de Telecomunicaciones en el apartado de tarifas y que puede ser consultado en <a href=\"http:\/\/www.ift.org.mx\" target=\"_blank\" rel=\"noopener\" data-auto-recognition=\"true\">www.ift.org.mx<\/a> .\u00a0 Asimismo, las tarifas se encuentran previamente registradas ante el Instituto Federal De Telecomunicaciones.\u00a0 EL CONSUMIDOR podr\u00e1 directamente en los establecimientos de EL PROVEEDOR, consultar las \u00e1reas o regiones geogr\u00e1ficas en donde EL PROVEEDOR tiene cobertura autorizada para prestar el servicio<\/p><p class=\"font_8\">EL PROVEEDOR cobrar\u00e1 a EL CONSUMIDOR los servicios por tiempo, evento, capacidad o cualquier otra modalidad seg\u00fan el tipo de Servicio.<\/p><p class=\"font_8\">En caso de que el servicio se cobre por tiempo, EL PROVEEDOR empezar\u00e1 a cobrar el mismo desde el momento en que recibe el servicio a EL CONSUMIDOR y terminar\u00e1 al finalizar su ciclo de facturaci\u00f3n, el cobro por tiempo se har\u00e1 en \u25a1 Minuto \u25a1 Segundo.<\/p><p class=\"font_8\">CLAUSULA TERCERA. \u00a0\u00a0\u00a0<\/p><p class=\"font_8\">\u00a0PAGO Y FACTURACI\u00d3N.<\/p><p class=\"font_8\">\u00a0<\/p><p class=\"font_8\">EL PROVEEDOR entregar\u00e1 a EL CONSUMIDOR, en su domicilio especificado en el presente Contrato o enviar\u00e1 al correo electr\u00f3nico previa autorizaci\u00f3n se\u00f1alada en la declaraci\u00f3n f) de EL CONSUMIDOR, con por lo menos 10 (diez) d\u00edas naturales previos a la fecha de vencimiento, una factura desglosando el adeudo total por cada uno de los servicios que EL PROVEEDOR le proporciona de acuerdo con lo establecido en el Anexo al presente Contrato.<\/p><p class=\"font_8\">EL CONSUMIDOR se obliga a pagar la factura que le emita EL PROVEEDOR mediante dep\u00f3sito o transferencia electr\u00f3nica en la cuenta bancaria que se enuncia a continuaci\u00f3n:<\/p><p class=\"font_8\">Beneficiario: MARCATEL COM, S.A. DE C.V., Instituci\u00f3n Bancaria Bancomer, Cuenta Bancaria 448877793, CIIE 5464-8, CLABE Interbancaria 012580004488777935<\/p><p class=\"font_8\">Asimismo, EL CONSUMIDOR podr\u00e1 realizar los pagos del servicio que le proporciona EL PROVEEDOR en el siguiente domicilio: Avenida San Jer\u00f3nimo n\u00famero 210 Poniente, Colonia San Jer\u00f3nimo, C.P. 64640, Monterrey, Nuevo Le\u00f3n, as\u00ed como tambi\u00e9n por aquellos otros medios que se se\u00f1alen en la factura correspondiente.<\/p><p class=\"font_8\">En caso de que en lo posterior EL CONSUMIDOR requiera modificar el env\u00edo de la factura por los servicios que se le prestan, deber\u00e1 solicitarlo al n\u00famero telef\u00f3nico de atenci\u00f3n a clientes: 018000244332.<\/p><p class=\"font_8\">EL PROVEEDOR podr\u00e1 presentar cargos por Servicios omitidos o incorrectamente facturados hasta 30 (treinta) d\u00edas naturales despu\u00e9s de la conclusi\u00f3n del ciclo de facturaci\u00f3n correspondiente. Dichos cargos por Servicios omitidos o incorrectamente facturados deber\u00e1n ser debidamente acreditados por EL PROVEEDOR una vez que los haga del conocimiento de EL CONSUMIDOR.<\/p><p class=\"font_8\">Las partes acuerdan que EL PROVEEDOR podr\u00e1 suspender por falta de pago los servicios que se prestan al amparo del presente Contrato a los 10 d\u00edas siguiente del vencimiento de la factura sin necesidad de notificaci\u00f3n previa alguna. Para efectos de restablecer un Servicio suspendido, EL CONSUMIDOR deber\u00e1 cubrir cualquier adeudo pendiente Una vez realizado el pago de todos los adeudos pendientes, EL PROVEEDOR restituir\u00e1 el servicio en un plazo m\u00e1ximo de 24 horas. \u00a0<\/p><p class=\"font_8\">EL PROVEEDOR deber\u00e1 facturar a EL CONSUMIDOR el importe por el consumo de los servicios contratados, desglosando el adeudo total en los conceptos originados por cada uno de los servicios utilizados.<\/p><p class=\"font_8\">En caso de que surja una controversia en las cantidades estipuladas en las facturas, se contar\u00e1 con un acuerdo del mecanismo de objeci\u00f3n de facturas, el cual ser\u00e1 el siguiente:<\/p><ol class=\"font_8\"><li><p class=\"font_8\">Para que cualquier objeci\u00f3n de facturas sea procedente, la misma deber\u00e1 referirse exclusivamente al servicio que se preste bajo el presente Contrato, errores matem\u00e1ticos de c\u00e1lculo o de actualizaci\u00f3n de los servicios, pero en ning\u00fan caso ser\u00e1 a la tarifa pactada en el Anexo por las partes, entregando a EL PROVEEDOR una explicaci\u00f3n detallada por escrito de cada una de las causas por las cuales la factura es objetada por EL CONSUMIDOR.<\/p><\/li><\/ol><ol class=\"font_8\"><li><p class=\"font_8\">Deber\u00e1 hacerse dentro de los 180 (ciento ochenta) d\u00edas naturales siguientes a la fecha de recepci\u00f3n del estado de cuenta correspondiente o de las facturas correspondientes. Con independencia de lo anterior, EL CONSUMIDOR podr\u00e1 hacer valer sus derechos ante la PROFECO con prescripci\u00f3n de 1 a\u00f1o, ello conforme a lo estipulado en el art\u00edculo 14 de la Ley Federal de Protecci\u00f3n al Consumidor.<\/p><\/li><\/ol><p class=\"font_8\">EL PROVEEDOR revisar\u00e1 las facturas objetadas, para determinar su procedencia o improcedencia dentro de un plazo que no exceder\u00e1 de 30 (treinta d\u00edas naturales contados a partir de la fecha de recepci\u00f3n de la objeci\u00f3n en cuesti\u00f3n, Dicho plazo sin que exista respuesta de EL PROVEEDOR, se entender\u00e1 que la objeci\u00f3n es procedente.<\/p><p class=\"font_8\">Si EL PROVEEDOR determina que la objeci\u00f3n es improcedente por no contener la factura errores matem\u00e1ticos de c\u00e1lculo, o bien que los mismos sean por las tarifas pactadas en el Anexo, en ese momento queda cerrado el proceso de objeci\u00f3n de facturas<\/p><p class=\"font_8\">En caso de que EL PROVEEDOR determine que la objeci\u00f3n de EL CONSUMIDOR es procedente, EL PROVEEDOR proceder\u00e1 a realizar el ajuste correspondiente mediante un ajuste equivalente al monto objetado, la cual se le compensara a EL CONSUMIDOR en la siguiente factura, as\u00ed como una bonificaci\u00f3n de al menos del 20% de dicho monto en la siguiente factura.<\/p><p class=\"font_8\">CLAUSULA CUARTA. \u00a0\u00a0\u00a0\u00a0\u00a0\u00a0\u00a0\u00a0\u00a0<\/p><p class=\"font_8\">\u00a0VIGENCIA<\/p><p class=\"font_8\">\u00a0<\/p><p class=\"font_8\">La vigencia del presente Contrato ser\u00e1 por tiempo indefinido y podr\u00e1 darse por terminado en cualquier momento por cualquiera de las partes previa notificaci\u00f3n por escrito o por medio electr\u00f3nico. La cancelaci\u00f3n del servicio por parte de EL CONSUMIDOR no lo exime del pago de las cantidades adeudadas a EL PROVEEDOR<\/p><p class=\"font_8\">En caso de que EL CONSUMIDOR dese\u00e9 cancelar el presente Contrato, lo podr\u00e1 realizar en cualquier momento a trav\u00e9s de los medios descritos en la cl\u00e1usula d\u00e9cima o por la misma v\u00eda en la que contrat\u00f3 el servicio.<\/p><p class=\"font_8\">Las partes establecen que EL CONSUMIDOR podr\u00e1 dar por terminado el presente contrato siempre que EL PROVEEDOR no preste los servicios de telecomunicaciones en la forma y t\u00e9rminos contratados, convenidos ofrecidos o publicitados, as\u00ed como con los est\u00e1ndares de calidad contratados o establecidos conforme a las disposiciones legales vigentes.<\/p><p class=\"font_8\">CL\u00c1USULA QUINTA.\u00a0\u00a0\u00a0\u00a0\u00a0\u00a0\u00a0\u00a0<\/p><p class=\"font_8\">GARANT\u00cdA DE CUMPLIMIENTO DE PAGO.<\/p><p class=\"font_8\">En caso de que EL CONSUMIDOR incumpla con el pago de 2 (dos) facturas, y con el objeto de garantizar las obligaciones de pago generado por la prestaci\u00f3n de los Servicios, EL CONSUMIDOR se obliga a entregar a EL PROVEEDOR, una garant\u00eda en efectivo hasta por el equivalente de hasta 2 facturas de renta mensual, lo anterior con el objetivo de garantizar el pago de las obligaciones derivadas de la prestaci\u00f3n de los servicios por parte de EL PROVEEDOR a favor de EL CONSUMIDOR. Una vez terminada la relaci\u00f3n contractual entre las partes y que se haya verificado de manera fehacientemente por parte de EL PROVEEDOR que EL CONSUMIDOR ya no tiene alg\u00fan adeudo pendiente, se har\u00e1 la devoluci\u00f3n de la garant\u00eda requerida inmediatamente<\/p><p class=\"font_8\">La garant\u00eda a solicitud de EL PROVEEDOR podr\u00e1 ser sustituida, ampliada o renovada, seg\u00fan sea el caso en cualquiera de los siguientes supuestos:<\/p><ol class=\"font_8\"><li><p class=\"font_8\">Cuando las tarifas previamente aceptadas por EL CONSUMIDOR con 15 d\u00edas de anticipaci\u00f3n hayan sufrido un incremento, mismas que estar\u00e1n previamente registradas y vigentes ante el IFT.<\/p><\/li><li><p class=\"font_8\">Cuando la garant\u00eda se haya utilizado para el pago de una o m\u00e1s facturas pendientes de pago.<\/p><\/li><li><p class=\"font_8\">Cuando se ampl\u00eden los servicios originalmente contratados por los cuales se otorg\u00f3 originalmente la garant\u00eda.<\/p><\/li><\/ol><p class=\"font_8\">El incremento de la garant\u00eda se le dar\u00e1 conocer a EL CONSUMIDOR por cualquier medio, incluido el electr\u00f3nico con 30 d\u00edas de anticipaci\u00f3n.<\/p><p class=\"font_8\">\u00a0<\/p><p class=\"font_8\"><b>CL\u00c1USULA SEXTA.<\/b><\/p><p class=\"font_8\">RESPONSABILIDADES<\/p><p class=\"font_8\">\u00a0<\/p><p class=\"font_8\">En caso de que el incumplimiento sea imputable EL PROVEEDOR por su negligencia, o el servicio no se preste en la forma y t\u00e9rminos convenidos este se obliga a compensar la parte proporcional de los servicios que se dejaron de prestar, as\u00ed como realizar\u00e1 una bonificaci\u00f3n adicional del 20% (veinte por ciento) del monto del periodo de afectaci\u00f3n.<\/p><p class=\"font_8\">En caso fortuito o fuerza mayor, EL PROVEEDOR compensar\u00e1 el tiempo que EL CONSUMIDOR no tengan servicio, la bonificaci\u00f3n se realizar\u00e1 siempre y cuando la interrupci\u00f3n del servicio sea durante un per\u00edodo mayor a 72 (setenta y dos horas) consecutivas<\/p><p class=\"font_8\">En caso de fallas en el servicio o cargos indebidos, imputables a EL PROVEEDOR, EL CONSUMIDOR tendr\u00e1 derecho a la bonificaci\u00f3n o descuento conforme a lo establecido en el primer p\u00e1rrafo de esta cl\u00e1usula o cuando as\u00ed lo determine la autoridad competente m\u00e1s una compensaci\u00f3n por el tiempo en que no se recibe el servicio.<\/p><p class=\"font_8\">EL CONSUMIDOR deber\u00e1 proporcionar la energ\u00eda el\u00e9ctrica necesaria para el debido funcionamiento del Equipo necesario para la prestaci\u00f3n del servicio, y a utilizar \u00fanicamente equipos homologados y\/o certificados por las autoridades competentes, \u00a0y que cumpla con las especificaciones t\u00e9cnicas\u00a0 que EL PROVEEDOR le indique, a no instalar extensiones para utilizar el Servicio en otro domicilio distinto al estipulado en este Anexo y no realizar ning\u00fan tipo de reventa y comercializaci\u00f3n del Servicio sin autorizaci\u00f3n expresa por escrito de EL PROVEEDOR y sin que se haya cumplido previamente con los requisitos establecidos para dichos efectos por las leyes aplicables<\/p><p class=\"font_8\">EL CONSUMIDOR es responsable de la seguridad en el acceso a sus servidores, ruteadores y dem\u00e1s equipos y\/o programas necesarios para mantener la seguridad de su informaci\u00f3n.<\/p><p class=\"font_8\">EL PROVEEDOR podr\u00e1 suspender alg\u00fan Servicio espec\u00edfico contratado por EL CONSUMIDOR, cuando el Instituto Federal de Telecomunicaciones o cualquier autoridad competente, as\u00ed lo requiera, siempre y cuando se demuestre que el uso de ese Servicio contraviene las disposiciones legales y reglamentarias en materia de telecomunicaciones, notificando EL PROVEEDOR al EL CONSUMIDOR de dicho requerimiento.<\/p><p class=\"font_8\">EL CONSUMIDOR est\u00e1 de acuerdo en que est\u00e1 prohibido usar los servicios prestados por EL PROVEEDOR con un fin contrario a lo estipulado en los ordenamientos legales o reglamentos aplicables. De igual manera, EL CONSUMIDOR tiene prohibido comercializar los servicios otorgados por EL PROVEEDOR si va en contra de las disposiciones legales aplicables y sin la plena autorizaci\u00f3n de la autoridad responsable.<\/p><p class=\"font_8\">En caso de que EL PROVEEDOR no preste los servicios de telecomunicaciones en la forma y t\u00e9rminos convenidos, contratados, ofrecidos o publicitados, as\u00ed como con los est\u00e1ndares de calidad contratados o establecidos conforme a las disposiciones legales vigentes, EL CONSUMIDOR tiene el derecho a terminar el contrato sin responsabilidad alguna para \u00e9ste.<\/p><p class=\"font_8\">CL\u00c1USULA S\u00c9PTIMA.\u00a0\u00a0\u00a0\u00a0\u00a0\u00a0\u00a0\u00a0\u00a0\u00a0<\/p><p class=\"font_8\">CESI\u00d3N<\/p><p class=\"font_8\">\u00a0<\/p><p class=\"font_8\">Las Partes se obligan a cumplir sus obligaciones objeto del presente Contrato por s\u00ed mismas, no obstante, ambas partes podr\u00e1n ceder los derechos y obligaciones derivados de este instrumento, con la autorizaci\u00f3n previa de la otra parte, quedando en todo caso obligados a notificar por escrito con acuse de recibido de dicha cesi\u00f3n, lo cual deber\u00e1 realizar con por lo menos 15 (quince) d\u00edas naturales de anticipaci\u00f3n a la cesi\u00f3n; dicha notificaci\u00f3n ser\u00e1 por cualquier medio incluido el electr\u00f3nico. En caso de que alguna de las partes no est\u00e9 de acuerdo con la cesi\u00f3n podr\u00e1 dar por terminada la relaci\u00f3n contractual. Las partes en su caso cuentan con 15 (quince) d\u00edas h\u00e1biles para dar una respuesta a la otra parte sobre la solicitud de cesi\u00f3n de derechos, as\u00ed como informar sobre el tr\u00e1mite y las condiciones que deber\u00e1 de cumplir el tercero al cual EL CONSUMIDOR desee otorgar la cesi\u00f3n de derechos y obligaciones del presente Contrato.<\/p><p class=\"font_8\">Al t\u00e9rmino de los 15 (quince) d\u00edas h\u00e1biles, la parte que no ha dado una respuesta a respecto a la solicitud de cesi\u00f3n de derechos, se tomar\u00e1 por aceptada.<\/p><h6 class=\"font_6\">CL\u00c1USULA OCTAVA.\u00a0\u00a0\u00a0\u00a0\u00a0\u00a0\u00a0\u00a0\u00a0\u00a0\u00a0<\/h6><h6 class=\"font_6\">RESCISI\u00d3N Y CANCELACI\u00d3N<\/h6><h6 class=\"font_6\">\u00a0<\/h6><p class=\"font_8\">Cualquiera de las Partes podr\u00e1 dar por rescindido y cancelado el presente Contrato de conformidad con lo establecido en la presente Cl\u00e1usula, as\u00ed como en el Anexo.<\/p><p class=\"font_8\">Son causas de rescisi\u00f3n del presente Contrato las siguientes:<\/p><p class=\"font_8\">(i) La terminaci\u00f3n, renuncia, revocaci\u00f3n o suspensi\u00f3n, por parte del Instituto Federal de Telecomunicaciones o cualquier autoridad gubernamental, de alguna de las concesiones de EL PROVEEDOR.<\/p><ol class=\"font_8\"><li><p class=\"font_8\">En caso de que llegare a existir alguna prohibici\u00f3n o limitaci\u00f3n en la legislaci\u00f3n aplicable en materia de telecomunicaciones, o bien derivada de alg\u00fan acuerdo y\/o resoluci\u00f3n dictada en dicho sentido por el Instituto Federal de Telecomunicaciones u otra autoridad competente, con posterioridad a la fecha de firma del presente Contrato, que como consecuencia impida la prestaci\u00f3n de los Servicios o en caso de alguno o algunos Servicios, la rescisi\u00f3n aplicara solo a \u00e9stos;<\/p><\/li><li><p class=\"font_8\">El incumplimiento por cualquiera de las Partes a las obligaciones establecidas en el presente Contrato y su Anexo;<\/p><\/li><li><p class=\"font_8\">En caso de que cualquiera de las Partes se declare o sea declarado en quiebra, suspensi\u00f3n de pagos, concurso mercantil o pretenda suspender sus actividades mediante disoluci\u00f3n o liquidaci\u00f3n;<\/p><\/li><li><p class=\"font_8\">En caso de que, por causas ajenas a su voluntad, EL PROVEEDOR se encuentre imposibilitado para prestar los servicios de la forma y t\u00e9rmino convenidos en el presente Contrato.<\/p><\/li><li><p class=\"font_8\">Se lleve a cabo la portabilidad num\u00e9rica hacia otro proveedor de servicios de telecomunicaciones.<\/p><\/li><li><p class=\"font_8\">Cuando EL CONSUMIDOR utilice el servicio con fines contrarios a los se\u00f1alados en las leyes o disposiciones legales.<\/p><\/li><li><p class=\"font_8\">EL CONSUMIDOR tendr\u00e1 derecho a rescindir el servicio contratado o cambiar de paquete o plan en forma anticipada.<\/p><\/li><li><p class=\"font_8\">Cuando la garant\u00eda no alcance a cubrir el adeudo que presente EL CONSUMIDOR o, cuando este se niegue a entregar dicha garant\u00eda.<\/p><\/li><\/ol><p class=\"font_8\">Son causas de cancelaci\u00f3n del presente Contrato las siguientes:<\/p><ol class=\"font_8\"><li><p class=\"font_8\">Cuando cualquiera de las partes ceda sin el consentimiento expreso los derechos y obligaciones derivadas del presente Contrato.<\/p><\/li><li><p class=\"font_8\">En caso de que los planes o paquetes de servicio sufrieran modificaci\u00f3n alguna, respecto a las caracter\u00edsticas y\/o contenidos de los mismos, \u00e9stas deben ser notificadas a EL CONSUMIDOR al menos con 15 d\u00edas naturales de anticipaci\u00f3n a que se lleve a cabo dicha modificaci\u00f3n. En caso de que la modificaci\u00f3n implique un aumento en el precio de la prestaci\u00f3n de servicio y\/o una disminuci\u00f3n en el n\u00famero de servicios originalmente contratados, EL CONSUMIDOR podr\u00e1 solicitar la cancelaci\u00f3n dentro de los 30 d\u00edas naturales siguientes a que entren en vigor las modificaciones.<\/p><\/li><\/ol><p class=\"font_8\">Asimismo, el hecho de que las Partes no ejerciten su derecho de rescisi\u00f3n se\u00f1alado en la presente Cl\u00e1usula en los t\u00e9rminos antes referidos, esto no deber\u00e1 entenderse como renuncia expresa o t\u00e1cita de las Partes para ejercitar dicho derecho en caso de que se presenten incumplimientos posteriores o en caso de que el evento de rescisi\u00f3n persista.<\/p><p class=\"font_8\">En el supuesto de que por causas imputables a alguna de las Partes, la Parte afectada decidiera ejercitar su derecho a rescindir este Contrato o en el Anexo de conformidad con lo estipulado en esta Cl\u00e1usula o en el Anexo, seg\u00fan sea el caso, dicha rescisi\u00f3n se har\u00e1 sin necesidad de declaraci\u00f3n judicial previa y sin responsabilidad alguna para la Parte afectada, y traer\u00e1 como consecuencia el que las Partes cesen inmediatamente con el cumplimiento de sus obligaciones conforme a este Contrato o con respecto al Anexo rescindido, seg\u00fan sea el caso. En todo caso, las obligaciones de pago l\u00edquidas y exigibles derivadas del presente Contrato y su Anexo por Servicios efectivamente prestados a cargo de EL CONSUMIDOR, subsistir\u00e1n hasta su debida solventaci\u00f3n<\/p><p class=\"font_8\">Una vez presentada cualquier causa de rescisi\u00f3n prevista en este Contrato o en el Anexo, seg\u00fan sea el caso, las Partes se obligan a devolverse, dentro de los siguientes 5 (cinco) d\u00edas h\u00e1biles a la fecha de rescisi\u00f3n, toda la informaci\u00f3n, base de datos, agendas, libros, registros, listas de clientes, disquetes, programas de computaci\u00f3n, archivos y en general, toda la documentaci\u00f3n propiedad de cada una de ellas que se encuentre en su poder o bajo su control, con respecto al Contrato o al Anexo rescindido, seg\u00fan sea el caso.<\/p><p class=\"font_8\">CL\u00c1USULA NOVENA. CONFIDENCIALIDAD Y AVISO DE PRIVACIDAD<\/p><p class=\"font_8\">Ninguna de las Partes podr\u00e1, durante la vigencia de este Contrato divulgar o comunicar a cualquier tercero, cualquier informaci\u00f3n general o espec\u00edfica que se haya proporcionado para cumplir con el objeto del presente Contrato. Asimismo, las Partes ser\u00e1n responsables de actos u omisiones que respecto a esta Cl\u00e1usula llegasen a cometer sus empleados, funcionarios, directores, consultores, subcontratistas, o representantes.<\/p><p class=\"font_8\">Queda exceptuado de lo anterior la informaci\u00f3n que: (i) se considere de conocimiento p\u00fablico, (ii) sea desarrollada independientemente por la receptora, sin basarse en la informaci\u00f3n confidencial recibida por la divulgante, (iii) hubiere sido o que sea recibida, libre de restricci\u00f3n, por cualquier otra fuente que tenga derecho o licencia para divulgar dicha informaci\u00f3n, (iv) al momento de haberse divulgado la informaci\u00f3n confidencial a la receptora, ya fuera conocida por \u00e9sta sin restricci\u00f3n de uso, seg\u00fan se compruebe documentalmente por la receptora, o (v) requiera ser divulgada por disposici\u00f3n legal o por orden judicial.<\/p><p class=\"font_8\">EL PROVEEDOR pondr\u00e1 a disposici\u00f3n de EL CONSUMIDOR el Aviso de Privacidad con el objeto de hacerle saber el destino y el objeto que tendr\u00e1n los datos personales que por virtud de la relaci\u00f3n contractual se recaben.<\/p><p class=\"font_8\">EL PROVEEDOR no realizar\u00e1 llamadas a EL CONSUMIDOR con el objeto de promocionar los servicios o paquetes que ofrezca EL PROVEEDOR, lo anterior quedar\u00e1 sin efectos siempre que EL CONSUMIDOR manifiesta su autorizaci\u00f3n expresa a trav\u00e9s de medios electr\u00f3nicos.<\/p><p class=\"font_8\">CLAUSULA D\u00c9CIMA.\u00a0\u00a0\u00a0\u00a0\u00a0\u00a0\u00a0\u00a0\u00a0\u00a0\u00a0\u00a0<\/p><p class=\"font_8\">AVISOS NOTIFICACIONES Y ATENCI\u00d3N A CLIENTES.<\/p><p class=\"font_8\">\u00a0<\/p><p class=\"font_8\">Para todo lo relativo o relacionado con el presente Contrato y\/o su Anexo y para todas las notificaciones, comunicaciones o avisos que las Partes deban darse en cumplimiento del mismo, \u00e9stas designan como sus domicilios convencionales los siguientes:<\/p><p class=\"font_8\">\u00a0<\/p><p class=\"font_8\">MARCATEL<\/p><p class=\"font_8\">Domicilio de Localizaci\u00f3n:<\/p><p class=\"font_8\">Avenida San Jer\u00f3nimo 210 Poniente<\/p><p class=\"font_8\">Colonia San Jer\u00f3nimo, C.P. 64640<\/p><p class=\"font_8\">Monterrey, Nuevo Le\u00f3n<\/p><p class=\"font_8\">Tel. 01 81 4777 7000<\/p><p class=\"font_8\">RFC: MCO0011173W6<\/p><p class=\"font_8\">Correo Electr\u00f3nico: <a href=\"mailto:atencionempresarial@marcatel.net\" target=\"_self\">atencionempresarial@marcatel.net<\/a><\/p><p class=\"font_8\">Atenci\u00f3n: Representante Legal<\/p><p class=\"font_8\">EL CONSUMIDOR<\/p><p class=\"font_8\">Domicilio de localizaci\u00f3n:<\/p><p class=\"font_8\">Calle: \u00a0\u00a0\u00a0\u00a0\u00a0<\/p><p class=\"font_8\">Colonia \u00a0\u00a0\u00a0\u00a0\u00a0<\/p><p class=\"font_8\">Ciudad: \u00a0\u00a0\u00a0\u00a0\u00a0<\/p><p class=\"font_8\">Tel. \u00a0\u00a0\u00a0\u00a0\u00a0<\/p><p class=\"font_8\">RFC<\/p><p class=\"font_8\">Correo Electr\u00f3nico: \u00a0\u00a0\u00a0\u00a0\u00a0<\/p><p class=\"font_8\">Atenci\u00f3n: \u00a0\u00a0\u00a0\u00a0\u00a0<\/p><p class=\"font_8\">Todas las notificaciones o avisos que las Partes deban darse conforme al presente Contrato y\/o su Anexo, se efectuar\u00e1n mediante notificaci\u00f3n por cualquier medio, incluido el electr\u00f3nico que se proporcione, y se considerar\u00e1n realizadas en la fecha de su recibo, en forma fehaciente, por la Parte a quien van dirigidas y en\u00a0 caso de cambio de domicilio, deber\u00e1n notificarlo con cuando menos 5 (cinco) d\u00edas h\u00e1biles de anticipaci\u00f3n a la fecha en que ocurra el cambio, de lo contrario se entender\u00e1 que los avisos, notificaciones o comunicaciones que conforme al presente Contrato deban darse, surtir\u00e1n efectos legales en el \u00faltimo domicilio as\u00ed informado a la otra Parte, hasta en tanto se notifique el nuevo domicilio. En caso de que EL CONSUMIDOR no cuente con un correo electr\u00f3nico, las notificaciones se llevar\u00e1n a cabo en el domicilio establecido en la presente cl\u00e1usula.<\/p><p class=\"font_8\">EL PROVEEDOR cuenta con un departamento de Atenci\u00f3n al Cliente que pone a disposici\u00f3n de EL CONSUMIDOR las 24 horas los 365 d\u00edas del a\u00f1o a trav\u00e9s de la cuenta de correo electr\u00f3nico <a href=\"mailto:atencionempresarial@marcatel.net\" target=\"_self\">atencionempresarial@marcatel.net<\/a>, o por medio telef\u00f3nico marcando el n\u00famero 018000244332. En dicho departamento EL CONSUMIDOR podr\u00e1 levantar cualquier reclamaci\u00f3n, queja o atender cualquier consulta relacionada con el servicio de EL PROVEEDOR.<\/p><p class=\"font_8\">CLAUSULA D\u00c9CIMO PRIMERA.<\/p><p class=\"font_8\">INFORMACI\u00d3N CREDITICIA.<\/p><p class=\"font_8\">\u00a0<\/p><p class=\"font_8\">EL CONSUMIDOR \u00a0SI(\u00a0\u00a0\u00a0\u00a0\u00a0\u00a0\u00a0\u00a0\u00a0 )NO (\u00a0 \u00a0\u00a0) , autoriza a EL PROVEEDOR para que realice las investigaciones crediticias necesarias con las diferentes sociedades de informaci\u00f3n crediticia que estime convenientes y est\u00e1 consciente y acepta que cualquier documento derivado de dicha investigaci\u00f3n quede bajo propiedad de EL PROVEEDOR, para efectos de control y cumplimiento a las Reglas Generales a que deber\u00e1n sujetarse las Sociedades de Informaci\u00f3n Crediticia a que se refiere el Art\u00edculo 33 de la Ley para regular a las Agrupaciones Financieras. La presente autorizaci\u00f3n estar\u00e1 vigente por el tiempo que dure la prestaci\u00f3n de los servicios entre EL PROVEEDOR y EL CONSUMIDOR. Firma:________________<\/p><p class=\"font_8\">La informaci\u00f3n relativa al comportamiento crediticio de EL CONSUMIDOR se deber\u00e1 encontrar debidamente resguardada en t\u00e9rminos de la Ley Federal de Protecci\u00f3n de Datos Personales en Posesi\u00f3n de los Particulares, de igual manera, EL CONSUMIDOR SI (\u00a0\u00a0\u00a0 )\u00a0\u00a0\u00a0\u00a0 NO (\u00a0 )\u00a0 autoriza que EL PROVEEDOR transfiera al Bur\u00f3 de Cr\u00e9dito su informaci\u00f3n personal financiera la cual se desprende de la relaci\u00f3n jur\u00eddica del presente Contrato. Firma:________________<\/p><p class=\"font_8\">CL\u00c1USULA D\u00c9CIMO SEGUNDA.\u00a0\u00a0\u00a0\u00a0\u00a0\u00a0\u00a0<\/p><p class=\"font_8\">JURISDICCI\u00d3N Y COMPETENCIA.<\/p><p class=\"font_8\">\u00a0<\/p><p class=\"font_8\">La Procuradur\u00eda Federal del Consumidor es competente en la v\u00eda administrativa para resolver cualquier controversia que se suscite sobre la interpretaci\u00f3n o cumplimiento del presente Contrato. Sin perjuicio de lo anterior, las partes se someten a la jurisdicci\u00f3n de los Tribunales competentes.<\/p><p class=\"font_8\">CL\u00c1USULA D\u00c9CIMO TERCERA.\u00a0\u00a0\u00a0\u00a0\u00a0\u00a0\u00a0\u00a0<\/p><p class=\"font_8\">\u00a0ACUERDO INTEGRAL.<\/p><p class=\"font_8\">\u00a0<\/p><p class=\"font_8\">Este Contrato, incluyendo su Anexo(s), constituye el acuerdo integral de prestaci\u00f3n de Servicios entre EL PROVEEDOR y EL CONSUMIDOR con respecto al objeto materia de este Contrato y su Anexo.<\/p><p class=\"font_8\">El presente contrato celebrado entre EL PROVEEDOR y EL CONSUMIDOR solamente podr\u00e1 ser modificado mediante acuerdo entre ambas partes. El consentimiento manifestado entre ambas partes para realizar cualquier cambio podr\u00e1 manifestarse por cualquier medio incluido el electr\u00f3nico.<\/p><p class=\"font_8\">Si EL PROVEEDOR realiza una modificaci\u00f3n al presente contrato de adhesi\u00f3n o a las condiciones del servicio, notificar\u00e1 a EL CONSUMIDOR de conformidad y a trav\u00e9s de los medios establecidos en la cl\u00e1usula d\u00e9cima del presente Contrato, con por lo menos 30 (treinta) d\u00edas naturales de anticipaci\u00f3n a la fecha en la que se lleve a cabo la modificaci\u00f3n. En el supuesto de que EL CONSUMIDOR no est\u00e9 de acuerdo con dichas modificaciones podr\u00e1 exigir el cumplimiento forzoso del contrato al PROVEEDOR y en caso de que no las cumpla, a rescindir del mismo<\/p><p class=\"font_8\">El presente contrato \u00fanicamente se podr\u00e1 cambiar a otro por acuerdo de las partes. El consentimiento se podr\u00e1 otorgar por medios electr\u00f3nicos<\/p><p class=\"font_8\">EL CONSUMIDOR tendr\u00e1 el derecho a cancelar el contrato sin necesidad de recabar autorizaci\u00f3n de EL PROVEEDOR.<\/p><p class=\"font_8\">CL\u00c1USULA D\u00c9CIMA CUARTA.<\/p><p class=\"font_8\">PORTABILIDAD<\/p><p class=\"font_8\">\u00a0<\/p><p class=\"font_8\">EL CONSUMIDOR podr\u00e1 hacer valer su derecho de solicitar la portabilidad del n\u00famero de tel\u00e9fono que le haya asignado EL PROVEEDOR.<\/p><p class=\"font_8\">La portabilidad num\u00e9rica deber\u00e1 realizarse en un m\u00e1ximo de 24 (veinticuatro) horas a partir en que EL CONSUMIDOR ingrese la solicitud que cumpla con todos los requisitos, conforme a lo dispuesto en las Reglas de Portabilidad Num\u00e9rica. En caso contrario EL CONSUMIDOR tiene derecho a cancelar, sin el pago de penas convencionales, los servicios de telecomunicaciones contratados al PROVEEDOR<\/p><p class=\"font_8\">La Portabilidad no exentar\u00e1 a los Usuarios de cumplir con sus obligaciones contractuales, entre las que se incluyen de manera enunciativa m\u00e1s no limitativa, el pago de cargos pendientes por servicios efectivamente prestados. \u00a0<\/p><p class=\"font_8\">Si la portaci\u00f3n a realizar por parte de EL CONSUMIDOR hacia EL PROVEEDOR no se ejecuta en los plazos establecidos o en la fecha comprometida por EL PROVEEDOR previamente pactada con EL CONSUMIDOR, no se preste conforme a las disposiciones administrativas que resulten aplicables, este \u00faltimo tendr\u00e1 el derecho de exigir el pago de la pena convencional que no ser\u00e1 superior al 20% de la facturaci\u00f3n mensual, conforme a lo se\u00f1alado en el presente Contrato, o en su defecto podr\u00e1 cancelar el servicio sin penalizaci\u00f3n alguna.<\/p><p class=\"font_8\">Ser\u00e1 causa de cancelaci\u00f3n del servicio de Voz la ejecuci\u00f3n de la portabilidad.<\/p><p class=\"font_8\">CL\u00c1USULA D\u00c9CIMA QUINTA.<\/p><p class=\"font_8\">PRESTACI\u00d3N DEL SERVICIO A PERSONAS CON DISCAPACIDAD Y LA NO DISCRIMINACI\u00d3N DE LOS USUARIOS CONFORME A LOS LINEAMIENTOS GENERALES DE ACCESIBILIDAD A SERVICIOS DE TELECOMUNICACIONES PARA LOS\u00a0USUARIOS CON DISCAPACIDAD.<\/p><p class=\"font_8\">EL PROVEEDOR pondr\u00e1 a disposici\u00f3n de todas las personas con alguna discapacidad las herramientas necesarias para que puedan estar informados de los servicios de telecomunicaciones que EL PROVEEDOR presenta al p\u00fablico, as\u00ed como tambi\u00e9n sobre todos los derechos y obligaciones que se desprenden del presente Contrato. Lo anterior de conformidad a lo establecido en el art\u00edculo 200 de la Ley Federal de Telecomunicaciones y Radiodifusi\u00f3n.<\/p><p class=\"font_8\">EL PROVEEDOR reconoce que ofrecer\u00e1 el servicio a toda aquella persona que lo solicite, siempre de una manera equitativa sin que se presenten distinciones o privilegios que hagan posible alguna discriminaci\u00f3n hacia su persona.<\/p><p class=\"font_8\">El presente Contrato se firma por duplicado, por los representantes debidamente facultados de las Partes, en la Ciudad de \u00a0\u00a0\u00a0\u00a0\u00a0, el d\u00eda \u00a0\u00a0\u00a0\u00a0\u00a0.<\/p><p class=\"font_8\">Este contrato fue aprobado y registrado por la Procuradur\u00eda Federal del Consumidor bajo el n\u00famero 145-2017 de fecha 23 de junio del a\u00f1o 2017. Cualquier variaci\u00f3n del presente contrato en perjuicio de EL CONSUMIDOR, frente al contrato de adhesi\u00f3n registrado, se tendr\u00e1 por no puesta.<\/p><p class=\"font_8\">EL CONSUMIDOR si (\u00a0\u00a0\u00a0\u00a0\u00a0) no (\u00a0\u00a0\u00a0\u00a0\u00a0) acepta que EL PROVEEDOR ceda o transmita a terceros, con fines mercadot\u00e9cnicos o publicitarios, la informaci\u00f3n proporcionada por \u00e9l con motivo del presente contrato. Firma de EL CONSUMIDOR______________________________________________________<\/p><p class=\"font_8\">\u00a0EL CONSUMIDOR si (\u00a0\u00a0\u00a0\u00a0\u00a0) no (\u00a0\u00a0\u00a0\u00a0\u00a0) acepta que EL PROVEEDOR le env\u00ede publicidad sobre bienes y servicios.<\/p><p class=\"font_8\">Firma de EL CONSUMIDOR______________________________________________________<\/p><p class=\"font_8\">\u00a0<\/p><p class=\"font_8\">\u00a0<\/p><p class=\"font_8\">\u00a0<\/p><p class=\"font_8\">\u00a0<\/p><p class=\"font_8\">\u00a0<\/p><p class=\"font_8\">ANEXO VOZ<\/p><p class=\"font_8\">AL CONTRATO MARCO DE PRESTACI\u00d3N DE SERVICIOS DE TELECOMUNICACIONES (EN LO SUCESIVO, EL \u201cANEXO\u201d) QUE CELEBRAN POR UNA PARTE MARCATEL COM, S.A. DE C.V., A QUIEN EN LO SUCESIVO SE LE DENOMINAR\u00c1 \u201cEL PROVEEDOR\u201d, REPRESENTADA EN ESTE ACTO POR; Y POR LA OTRA PARTE, A QUIEN EN LO SUCESIVO SE LE DENOMINAR\u00c1 EL \u201cEL CONSUMIDOR\u201d<\/p><p class=\"font_8\">Glosario<\/p><p class=\"font_8\">LDM: Larga Distancia Mundial<\/p><p class=\"font_8\">IPPBX: Es un equipo de comunicaciones dise\u00f1ado para ofrecer servicios de comunicaci\u00f3n a trav\u00e9s de las redes de datos. A esta aplicaci\u00f3n se le conoce como voz sobre IP (VoIP), donde IP es la identificaci\u00f3n de los dispositivos dentro de la web.<\/p><p class=\"font_8\">Troncal SIP: es un servicio ofrecido por un proveedor de telecomunicaciones que permite a negocios que tienen instalado un IPPBX, el usar servicios VoIP a trav\u00e9s Internet.<\/p><p class=\"font_8\">Troncal Digital: medio de acceso a la Red Telef\u00f3nica P\u00fablica Conmutada, para efectuar y recibir llamadas tanto de telefon\u00eda local como de Larga Distancia. Es una l\u00ednea telef\u00f3nica que es entregada multiplexada en un enlace tipo E1, utilizando diferentes medios de acceso, principalmente cobre. La capacidad de un E1 es de 30 canales (cada canal tiene 64Kbps), por lo que puede transportar un m\u00e1ximo de 30 troncales digitales.<\/p><p class=\"font_8\">Troncal Virtual: Es una troncal SIP que se entrega sobre un acceso de internet con EL PROVEEDOR o con cualquier otro proveedor.<\/p><p class=\"font_8\">Troncal Dedicada: Es una troncal SIP que se entrega sobre un acceso de internet o Ethernet (L2L) de EL PROVEEDOR.<\/p><p class=\"font_8\">Punto de demarcaci\u00f3n: Representa los l\u00edmites entre la responsabilidad de EL PROVEEDOR de servicios y la de EL CONSUMIDOR.<\/p><p class=\"font_8\">\u00daltima milla: Tramo final de una l\u00ednea de comunicaci\u00f3n, es la parte de la red conecta a los usuarios finales a las redes de las operadoras de telecomunicaciones.<\/p><p class=\"font_8\">Mbps: Megabit por segundo, unidad utilizada para cuantificar un caudal de datos.<\/p><p class=\"font_8\">IP P\u00fablica: Direcci\u00f3n IP que se utiliza para salir a Internet.<\/p><p class=\"font_8\">Servidor: Equipo que puede ser utilizado para diferentes funcionas aplicativas o de red, su funci\u00f3n es proporcionar recursos a una serie de usuarios.<\/p><p class=\"font_8\">Ruteador: Dispositivo de red que opera en la capa 3 del modelo OSI, permite que varias redes u ordenadores se conecten entre s\u00ed.<\/p><p class=\"font_8\">SERVICIOS<\/p><p class=\"font_8\">Direcci\u00f3n de instalaci\u00f3n<\/p><p class=\"font_8\">\u00a0<\/p><p class=\"font_8\">Gastos de Instalaci\u00f3n<\/p><p class=\"font_8\">\u00a0<\/p><p class=\"font_8\">SERVICIOS DE VOZ<\/p><p class=\"font_8\">EL PROVEEDOR se compromete a prestar a EL CONSUMIDOR el servicio de voz de conformidad a lo siguiente:<\/p><p class=\"font_8\">Todas las tarifas est\u00e1n expresadas en Pesos, moneda de curso legal en los Estados Unidos Mexicanos.<\/p><p class=\"font_8\">POLITICA DE USO PARA EL SERVICIO DE TRONCAL SIP DEDICADA\/VIRTUAL<\/p><p class=\"font_8\">1. POLITICAS DE USO DE TELEFON\u00cdA.<\/p><p class=\"font_8\">\u00a0<\/p><p class=\"font_8\">Se informa que el uso de servicio telef\u00f3nico por parte de EL CONSUMIDOR implica su aceptaci\u00f3n y conformidad con lo siguiente.<\/p><ol class=\"font_8\"><li><p class=\"font_8\">Que el uso de cualquier informaci\u00f3n obtenida a trav\u00e9s del servicio es bajo riesgo y responsabilidad de \u201cEL CONSUMIDOR\u201d.<\/p><\/li><li><p class=\"font_8\">En relaci\u00f3n a los servicios de telefon\u00eda del presente contrato queda prohibida la venta o reventa del servicio de telefon\u00eda por parte de \u201cEL CONSUMIDOR\u201d a un tercero ya sea de forma directa o indirecta, prestar servicios de telecomunicaciones o realizar actividades tales como transportar o reoriginar tr\u00e1fico conmutado en otra Ciudad o Pa\u00eds, as\u00ed como realizar actividades de regreso de llamadas (call-back) y puenteo de llamadas (By-Pass) as\u00ed como cualquier otra pr\u00e1ctica irregular establecida por el Instituto Federal de Telecomunicaciones o la ley subjetiva a la materia. En caso de que se detecte dicha actividad en el servicio de \u201cEL CONSUMIDOR\u201d proceder\u00e1 a dar aviso de manera inmediata y proceder\u00e1 a la suspensi\u00f3n del servicio, sin responsabilidad legal para \u201cEL PROVEEDOR\u201d, quien se reserva el derecho de dar vista a las autoridades competentes.<\/p><\/li><\/ol><p class=\"font_8\">En caso de que se detecte la reventa de los servicios de telefon\u00eda por parte del \u201cEL CONSUMIDOR\u201d se proceder\u00e1 a dar vista a las autoridades competentes.<\/p><p class=\"font_8\">Se entiende por (By-Pass), en relaci\u00f3n a los servicios de telefon\u00eda del presente contrato a la transmisi\u00f3n de tr\u00e1fico p\u00fablico conmutado que realiza \u201cEL CONSUMIDOR\u201d cuando este tr\u00e1fico se origina o termina en un n\u00famero asignado al servicio local provisto por \u201cEL PROVEEDOR\u201d, lo cual implica de facto el evadir el pago de la tarifa de interconexi\u00f3n al operador local, en este caso \u201cEL PROVEEDOR\u201d.<\/p><p class=\"font_8\">Se entiende por \u201cregeneraci\u00f3n\u201d la transmisi\u00f3n de tr\u00e1fico p\u00fablico conmutado entrante manipulado por \u201cEL CONSUMIDOR\u201d de tal forma que se termine a trav\u00e9s del n\u00famero asignado al servicio provisto por \u201cEL PROVEEDOR\u201d, lo cual constituir\u00eda una evasi\u00f3n de pago de la tarifa de interconexi\u00f3n al operador local, en este caso \u201cEL PROVEEDOR\u201d.<\/p><p class=\"font_8\">En el supuesto que \u201cEL CONSUMIDOR\u201d realice alguna de las actividades mencionadas en esta cl\u00e1usula EL PROVEEDOR dar\u00e1 aviso a las autoridades competentes.<\/p><p class=\"font_8\">CONDICIONES PARTICULARES PARA LOS SERVICIOS DE VOZ<\/p><p class=\"font_8\">A) La duraci\u00f3n de cada llamada ser\u00e1 cobrada (AGREGAR SI SER\u00c1 POR MUNUTO O SEGUNDO) de conformidad con la tarifa aceptada por EL CONSUMIDOR y que se encuentren debidamente registradas en el Instituto Federal de Telecomunicaciones.<\/p><p class=\"font_8\">B) En caso de ser necesarias adecuaciones del sitio adicionales a las ya presupuestadas y descritas en el presente anexo, tales como canalizaci\u00f3n, cableado, el\u00e9ctrico, ambiental y de espacio, estas deber\u00e1n ser realizadas en forma independiente y por cuenta de EL CONSUMIDOR, de conformidad con las especificaciones que las partes acuerden en el sitio.<\/p><p class=\"font_8\">La instalaci\u00f3n de los servicios contratados por EL CONSUMIDOR no comprende obra civil ni adecuaci\u00f3n alguna en el domicilio de la instalaci\u00f3n.<\/p><p class=\"font_8\">C) En caso de ser necesarias adecuaciones para la recepci\u00f3n del Acceso Local (Planta Interna o Planta Externa.), estas deber\u00e1n ser realizadas en forma independiente y por cuenta de EL CONSUMIDOR.<\/p><p class=\"font_8\">EL CONSUMIDOR deber\u00e1 contar con la instalaci\u00f3n el\u00e9ctrica que cumpla con las especificaciones de la Comisi\u00f3n Federal de Electricidad; EL CONSUMIDOR reconoce que EL PROVEEDOR no se har\u00e1 responsable de los da\u00f1os o p\u00e9rdidas en los equipos propiedad de EL CONSUMIDOR por variaciones de voltaje o descargas el\u00e9ctricas., EL CONSUMIDOR y\/o un tercero que haya manipulado las instalaciones el\u00e9ctricas.<\/p><p class=\"font_8\">Los equipos nuevos propiedad de EL CONSUMIDOR, deber\u00e1n contar con las especificaciones se\u00f1aladas en el Contrato Marco.<\/p><p class=\"font_8\">F) El equipo propiedad de EL CONSUMIDOR deber\u00e1 de tener capacidad y estar preparado recibir troncales SIP, Virtual o Dedicada, de conformidad con la propuesta que previamente a la contrataci\u00f3n de los servicios le sea entregada.<\/p><p class=\"font_8\">CONDICIONES GENERALES PARA LOS SERVICIOS DE VOZ<\/p><p class=\"font_8\">\u00a0Las partes acuerdan que la vigencia del presente Anexo para los servicios de voz ser\u00e1 de manera indefinida y podr\u00e1 ser rescindido por cualquiera de las partes.<\/p><ol class=\"font_8\"><li><p class=\"font_8\">EL CONSUMIDOR se obliga a pagar mensualmente a EL PROVEEDOR la cantidad de %%EDITORCONTENT%%nbsp;\u00a0\u00a0\u00a0\u00a0 (\u00a0\u00a0\u00a0\u00a0\u00a0), por concepto de la prestaci\u00f3n del servicio contratado, seg\u00fan el presente anexo, m\u00e1s el consumo mensual excedente por concepto de los servicios recibidos que EL PROVEEDOR le proporciona a EL CONSUMIDOR. Las partes acuerdan que dichos importes incluyen aquellos impuestos aplicables o inherentes a la prestaci\u00f3n del servicio. Todos los precios est\u00e1n expresados y deber\u00e1n ser pagados en Pesos moneda de curso legal en los Estados Unidos Mexicanos.<\/p><\/li><\/ol><p class=\"font_8\">\u00a0 \u00a0 2. Para efectos de pago por la recepci\u00f3n de los servicios, EL PROVEEDOR entregar\u00e1 al EL CONSUMIDOR, en\u00a0 \u00a0 \u00a0 el domicilio o correo electr\u00f3nico previamente autorizado por EL CONSUMIDOR, a m\u00e1s tardar 10 (diez) d\u00edas\u00a0 \u00a0 \u00a0 \u00a0 \u00a0 naturales previos a la fecha de vencimiento, una factura por los Servicios respecto del mes inmediato\u00a0 \u00a0 \u00a0 \u00a0 \u00a0 \u00a0 \u00a0 \u00a0 \u00a0 \u00a0 \u00a0 siguiente.<\/p><p class=\"font_8\">\u00a0 \u00a0 3. EL CONSUMIDOR se obliga a pagarle a EL PROVEEDOR el importe de las tarifas y dem\u00e1s cargos que se\u00a0 \u00a0 \u00a0 \u00a0 \u00a0 encuentren autorizados bajo el presente Anexo como contraprestaci\u00f3n por los Servicios objeto del Contrato,\u00a0 \u00a0 \u00a0 \u00a0 en la fecha l\u00edmite de pago establecida en la Factura.<\/p><p class=\"font_8\">\u00a0 \u00a04. EL CONSUMIDOR se obliga a pagar mensualmente a EL PROVEEDOR la cantidad que resulte de los\u00a0 \u00a0 \u00a0 \u00a0 \u00a0 \u00a0 \u00a0 \u00a0 \u00a0servicios efectivamente prestados durante el periodo respectivo.Una vez instalados y entregados los servicios,\u00a0 \u00a0 \u00a0EL PROVEEDOR comenzar\u00e1 a facturar los servicios contratados por EL CONSUMIDOR y este \u00faltimo se obliga\u00a0 \u00a0 \u00a0 \u00a0a\u00a0pagar por los servicios recibidos a partir recibir efectivamente los servicios.<\/p><p class=\"font_8\">\u00a0 \u00a05. EL PROVEEDOR podr\u00e1 cambiar las condiciones de contrataci\u00f3n por EL CONSUMIDOR, previa notificaci\u00f3n\u00a0 \u00a0 \u00a0 \u00a0por escrito al PROVEEDOR con al menos 15 d\u00edas de anticipaci\u00f3n. En el entendido de que EL CONSUMIDOR\u00a0 \u00a0 \u00a0 \u00a0 \u00a0no se encuentre de acuerdo con dichos cambios, podr\u00e1 dar por cancelado el presente Anexo Marco con 15\u00a0 \u00a0 \u00a0 \u00a0 \u00a0 d\u00edas posteriores a que entren en vigor dichas modificaciones.<\/p><p class=\"font_8\">\u00a0 \u00a0 6. EL PROVEEDOR, previa notificaci\u00f3n que realice con por lo menos 24 (veinticuatro) horas de anticipaci\u00f3n,\u00a0 \u00a0 \u00a0 \u00a0 \u00a0tendr\u00e1 el derecho de interrumpir la prestaci\u00f3n de los Servicios objeto del presente Anexo cuando sea\u00a0 \u00a0 \u00a0 \u00a0 \u00a0 \u00a0 \u00a0 \u00a0 \u00a0 necesaria la verificaci\u00f3n o mantenimiento del servicio<\/p><p class=\"font_8\">\u00a0 \u00a0 7. Las Partes convienen en que EL PROVEEDOR hace entrega de los Servicios de conformidad con la\u00a0 \u00a0 \u00a0 \u00a0 \u00a0 \u00a0 \u00a0 \u00a0 \u00a0 \u00a0 \u00a0regulaci\u00f3n vigente, nacional en materia de telecomunicaciones y de protecci\u00f3n al consumidor. EL\u00a0 \u00a0 \u00a0 \u00a0 \u00a0 \u00a0 \u00a0 \u00a0 \u00a0 \u00a0 \u00a0 \u00a0 \u00a0 \u00a0PROVEEDOR\u00a0 no tendr\u00e1 responsabilidad alguna por el mal uso, uso contrario a especificaciones y\/o uso\u00a0 \u00a0 \u00a0 \u00a0 \u00a0 \u00a0 \u00a0 desautorizado que EL CONSUMIDOR o los usuarios de EL CONSUMIDOR hagan de sus facilidades, l\u00ednea(s) y\/o\u00a0 \u00a0 \u00a0equipo de telecomunicaciones, ya sea a trav\u00e9s de sus funcionarios o empleados o por cualquier tercero, que\u00a0 \u00a0 \u00a0 \u00a0 \u00a0pudieran tener acceso directo o indirecto a las mismas. EL CONSUMIDOR, deber\u00e1 adoptar las medidas\u00a0 \u00a0 \u00a0 \u00a0 \u00a0 \u00a0 \u00a0 \u00a0 \u00a0necesarias para prevenir dichos actos.<\/p><p class=\"font_8\">\u00a0 \u00a0 8. EL CONSUMIDOR conviene en no conectar ning\u00fan equipo, aparato, accesorio y\/o dispositivo, relacionado\u00a0 \u00a0 \u00a0con la prestaci\u00f3n de los Servicios objeto de este Anexo, que no se encuentre debidamente autorizado y\u00a0 \u00a0 \u00a0 \u00a0 \u00a0 \u00a0 \u00a0 \u00a0 homologado para su uso por el Instituto Federal de Telecomunicaciones. En caso de contravenir lo anterior,\u00a0 \u00a0 \u00a0 \u00a0 \u00a0EL\u00a0CONSUMIDOR deber\u00e1 pagar a EL PROVEEDOR los da\u00f1os que le ocasione, adem\u00e1s de ser causa de\u00a0 \u00a0 \u00a0 \u00a0 \u00a0 \u00a0 \u00a0 \u00a0 rescisi\u00f3n autom\u00e1tica del Contrato.<\/p><p class=\"font_8\">DERECHOS Y OBLIGACIONES DE LAS PARTES PARA LOS SERVICIOS ARRIBA DESCRITOS<\/p><p class=\"font_8\">Adem\u00e1s de las obligaciones y derechos establecidas en el presente Anexo, EL CONSUMIDOR deber\u00e1:<\/p><p class=\"font_8\">(i) \u00a0 \u00a0EL CONSUMIDOR est\u00e1 de acuerdo en que est\u00e1 prohibido usar los servicios prestados por EL PROVEEDOR con un fin contrario a lo estipulado en los ordenamientos legales o reglamentos aplicables.<\/p><p class=\"font_8\">(ii)\u00a0 Cubrir a EL PROVEEDOR los cargos por reanudaci\u00f3n del Servicio que se generen, en el caso de que se haya suspendido el Servicio en los t\u00e9rminos del presente Anexo y\/o el Contrato, los cuales podr\u00e1n ser consultados por EL CONSUMIDOR en los centros de atenci\u00f3n que EL PROVEEDOR ponga a su disposici\u00f3n.<\/p><p class=\"font_8\">EL PROVEEDOR deber\u00e1:<\/p><ul class=\"font_8\"><li><p class=\"font_8\">Instalar, mantener y operar la Red y el Equipo de EL PROVEEDOR, garantizando un m\u00e1ximo de eficiencia hasta el punto de demarcaci\u00f3n.<\/p><\/li><\/ul><p class=\"font_8\">\u00a0<\/p><ul class=\"font_8\"><li><p class=\"font_8\">Iniciar la prestaci\u00f3n del Servicio dentro del plazo y en el lugar establecido en el presente Anexo, contado a partir de la fecha en que EL CONSUMIDOR haya recibido los Servicios.<\/p><\/li><\/ul><p class=\"font_8\">CANCELACI\u00d3N DEL SERVICIO DE VOZ<\/p><p class=\"font_8\">En el evento de que EL CONSUMIDOR haya solicitado un cambio de domicilio del lugar en donde se presten los Servicios aqu\u00ed establecidos y previamente presupuestado y autorizado por EL CONSUMIDOR, y en la nueva ubicaci\u00f3n no sea posible t\u00e9cnicamente por parte de EL PROVEEDOR prestar dichos Servicios contratados y\/o las nuevas adecuaciones y presupuesto que EL PROVEEDOR tenga que ejecutar\u00a0 en el nuevo sitio de entrega del servicio no sean aprobadas por EL CONSUMIDOR \u00a0y por consiguiente decida no utilizar los Servicios en el domicilio original, el presente Anexo se dar\u00e1 por terminado como si lo hubiera solicitado EL CONSUMIDOR.<\/p><p class=\"font_8\">EL PROVEEDOR podr\u00e1 dar por terminado anticipadamente el presente Anexo en forma autom\u00e1tica, sin responsabilidad y sin necesidad de declaraci\u00f3n judicial de conformidad con lo siguiente:<\/p><p class=\"font_8\">(i) \u00a0Cuando, al momento de efectuar la instalaci\u00f3n por razones t\u00e9cnicas de cobertura no sea factible t\u00e9cnicamente suministrar los Servicios.<\/p><p class=\"font_8\">(ii) \u00a0Cuando EL CONSUMIDOR se niegue a seguir las recomendaciones que EL PROVEEDOR le ha hecho saber debidamente por escrito, y que estas negligencias tengan como consecuencia que EL PROVEEDOR no pueda prestar el servicio de una manera \u00f3ptima o como se establece en el presente Anexo Marco.\u00a0\u00a0<\/p><p class=\"font_8\">El presente Contrato se firma por duplicado, por los representantes debidamente facultados de las Partes, en la Ciudad de___, el d\u00eda ____ \u00a0 \u00a0 .<\/p><p class=\"font_8\">\u00a0<\/p><p class=\"font_8\">\u00a0<\/p><p class=\"font_8\">ANEXO LINEAS PRIVADAS<\/p><p class=\"font_8\">AL CONTRATO MARCO DE PRESTACI\u00d3N DE SERVICIOS DE TELECOMUNICACIONES (EN LO SUCESIVO, EL \u201cANEXO\u201d) QUE CELEBRAN POR UNA PARTE MARCATEL COM, S.A. DE C.V., A QUIEN EN LO SUCESIVO SE LE DENOMINAR\u00c1 \u201cEL PROVEEDOR\u201d, REPRESENTADA EN ESTE ACTO POR \u00a0\u00a0\u00a0\u00a0\u00a0\u00a0\u00a0\u00a0\u00a0\u00a0\u00a0\u00a0\u00a0\u00a0 \u00a0\u00a0\u00a0; Y POR LA OTRA PARTE \u00a0\u00a0\u00a0 \u00a0\u00a0\u00a0\u00a0\u00a0\u00a0\u00a0\u00a0\u00a0\u00a0\u00a0\u00a0\u00a0\u00a0\u00a0\u00a0\u00a0\u00a0\u00a0\u00a0, A QUIEN EN LO SUCESIVO SE LE DENOMINAR\u00c1 EL \u201cEL CONSUMIDOR\u201d<\/p><p class=\"font_8\">GLOSARIO<\/p><p class=\"font_8\">Carrier Ethernet E-LAN: E-LAN Marcatel brinda la posibilidad de mantener conectividad como una misma red local de datos entre los edificios remotos de nuestros clientes, ofreciendo cobertura en M\u00e9xico y Estados Unidos.<\/p><p class=\"font_8\">Carrier Ethernet E-Line: Servicio punto a punto con un ancho de banda dedicado<\/p><p class=\"font_8\">IP P\u00fablica: Direcci\u00f3n IP que se utiliza para salir a Internet.<\/p><p class=\"font_8\">L\u00ednea Privada: significa la red privada propiedad de EL PROVEEDOR y\/o de terceros con los que tenga convenio, para la transmisi\u00f3n de voz, datos y\/o video, de conformidad con los t\u00e9rminos y condiciones establecidos en el presente Contrato. EL PROVEEDOR se har\u00e1 responsable en todo momento por el mantenimiento de su red, y realizar\u00e1 las gestiones necesarias para el debido mantenimiento de las redes de los terceros con los que tenga convenio, con la finalidad que se presten con la calidad ofrecida a EL CONSUMIDOR.<\/p><p class=\"font_8\">Mbps: Megabit por segundo, unidad utilizada para cuantificar un caudal de datos.<\/p><p class=\"font_8\">Punto de demarcaci\u00f3n: Representa los l\u00edmites entre la responsabilidad de EL PROVEEDOR de servicios y la del cliente.<\/p><p class=\"font_8\">Servidor: Equipo que puede ser utilizado para diferentes funcionas aplicativas o de red, su funci\u00f3n es proporcionar recursos a una serie de usuarios.<\/p><p class=\"font_8\">Ruteador: Dispositivo de red que opera en la capa 3 del modelo OSI, permite que varias redes u ordenadores se conecten entre s\u00ed.<\/p><p class=\"font_8\">\u00daltima milla: Tramo final de una l\u00ednea de comunicaci\u00f3n, es la parte de la red conecta a los usuarios finales a las redes de las operadoras de telecomunicaciones.<\/p><p class=\"font_8\">SERVICIOS<\/p><p class=\"font_8\">El Servicio que se brindar\u00e1 por parte de EL PROVEEDOR ser\u00e1:<\/p><p class=\"font_8\">[\u00a0\u00a0 \u00a0] L\u00ednea Privada\u00a0\u00a0\u00a0\u00a0\u00a0\u00a0\u00a0\u00a0\u00a0\u00a0\u00a0\u00a0 [\u00a0\u00a0\u00a0\u00a0 ] Carrier Ethernet E-LAN<\/p><p class=\"font_8\">Tarifas Instalaci\u00f3n\u00a0 \u00a0\u00a0\u00a0\u00a0\u00a0<\/p><p class=\"font_8\">Tarifas Rentas\u00a0\u00a0\u00a0<\/p><p class=\"font_8\">\u00a0<\/p><p class=\"font_8\">\u00a0<\/p><p class=\"font_8\">\u00a0<\/p><p class=\"font_8\">\u00a0<\/p><p class=\"font_8\">\u00a0<\/p><p class=\"font_8\">\u00a0<\/p><p class=\"font_8\">\u00a0<\/p><p class=\"font_8\">\u00a0<\/p><p class=\"font_8\">\u00a0<\/p><p class=\"font_8\">\u00a0<\/p><p class=\"font_8\">\u00a0<\/p><p class=\"font_8\">\u00a0<\/p><p class=\"font_8\">\u00a0<\/p><p class=\"font_8\">Para la configuraci\u00f3n de VLANs el cliente puede sugerir la VLAN a utilizar, pero estar\u00e1 sujeto a la disponibilidad de VLANs por parte del EL PROVEEDOR.<\/p><p class=\"font_8\">CONDICIONES GENERALES PARA LOS SERVICIOS DE L\u00cdNEAS PRIVADAS<\/p><p class=\"font_8\">Las partes acuerdan que la vigencia del presente Anexo para los servicios de l\u00edneas privadas ser\u00e1 de manera indefinida y podr\u00e1 ser rescindido por cualquiera de las partes.<\/p><p class=\"font_8\">EL CONSUMIDOR se obliga a pagar mensualmente a EL PROVEEDOR la cantidad de %%EDITORCONTENT%%nbsp;(\u00a0\u00a0\u00a0\u00a0\u00a0), por concepto de la prestaci\u00f3n del servicio contratado, seg\u00fan el presente anexo, m\u00e1s el\u00a0<\/p><p class=\"font_8\">\u00a0<\/p><ul class=\"font_8\"><li><p class=\"font_8\">consumo mensual excedente por concepto de los servicios recibidos que EL PROVEEDOR le proporciona a EL CONSUMIDOR. Las partes acuerdan que dichos importes incluyen aquellos impuestos aplicables o inherentes a la prestaci\u00f3n del servicio. Todos los precios est\u00e1n expresados y deber\u00e1n ser pagados en Pesos moneda de curso legal en los Estados Unidos Mexicanos.<\/p><\/li><\/ul><p class=\"font_8\">\u00a0<\/p><ul class=\"font_8\"><li><p class=\"font_8\">Para efectos de pago por la recepci\u00f3n de los servicios, EL PROVEEDOR entregar\u00e1 al EL CONSUMIDOR, en el domicilio o correo electr\u00f3nico previamente autorizado por EL CONSUMIDOR, a m\u00e1s tardar 10 (diez) d\u00edas naturales previos a la fecha de vencimiento, una factura por los Servicios respecto del mes inmediato siguiente.<\/p><\/li><\/ul><ul class=\"font_8\"><li><p class=\"font_8\">EL CONSUMIDOR se obliga a pagarle a EL PROVEEDOR el importe de las tarifas y dem\u00e1s cargos que se encuentren autorizados bajo el presente Anexo como contraprestaci\u00f3n por los Servicios objeto del Contrato, en la fecha l\u00edmite de pago establecida en la Factura.<\/p><\/li><\/ul><p class=\"font_8\">\u00a0<\/p><ul class=\"font_8\"><li><p class=\"font_8\">EL CONSUMIDOR se obliga a pagar mensualmente a EL PROVEEDOR la cantidad que resulte de los servicios efectivamente prestados durante el periodo respectivo.<\/p><\/li><\/ul><p class=\"font_8\">\u00a0<\/p><ul class=\"font_8\"><li><p class=\"font_8\">Una vez instalados y entregados los servicios, EL PROVEEDOR comenzar\u00e1 a facturar los servicios contratados por EL CONSUMIDOR y este \u00faltimo se obliga a pagar por los servicios recibidos a partir recibir efectivamente los servicios.<\/p><\/li><\/ul><p class=\"font_8\">\u00a0<\/p><ul class=\"font_8\"><li><p class=\"font_8\">EL PROVEEDOR podr\u00e1 cambiar los precios o la cantidad de servicios contratados por EL CONSUMIDOR, previa notificaci\u00f3n por escrito al PROVEEDOR con al menos 15 d\u00edas de anticipaci\u00f3n. En el entendido de que EL CONSUMIDOR no se encuentre de acuerdo con dichos cambios, podr\u00e1 dar por cancelado el presente Anexo Marco con 15 d\u00edas posteriores a que entren en vigor dichas modificaciones.<\/p><\/li><\/ul><p class=\"font_8\">\u00a0<\/p><ul class=\"font_8\"><li><p class=\"font_8\">EL PROVEEDOR, previa notificaci\u00f3n que realice con por lo menos 24 (veinticuatro) horas de anticipaci\u00f3n, tendr\u00e1 el derecho de interrumpir la prestaci\u00f3n de los Servicios objeto del presente Anexo cuando sea necesaria la verificaci\u00f3n o mantenimiento del servicio<\/p><\/li><\/ul><p class=\"font_8\">\u00a0<\/p><ul class=\"font_8\"><li><p class=\"font_8\">Las Partes convienen en que EL PROVEEDOR hace entrega de los Servicios de conformidad con la regulaci\u00f3n vigente, nacional en materia de telecomunicaciones y de protecci\u00f3n al consumidor. EL PROVEEDOR no tendr\u00e1 responsabilidad alguna por el mal uso, uso contrario a especificaciones y\/o uso desautorizado que EL CONSUMIDOR o los usuarios de EL CONSUMIDOR hagan de sus facilidades, l\u00ednea(s) y\/o equipo de telecomunicaciones, ya sea a trav\u00e9s de sus funcionarios o empleados o por cualquier tercero, que pudieran tener acceso directo o indirecto a las mismas. EL CONSUMIDOR, deber\u00e1 adoptar las medidas necesarias para prevenir dichos actos.<\/p><\/li><\/ul><p class=\"font_8\">\u00a0<\/p><ul class=\"font_8\"><li><p class=\"font_8\">EL CONSUMIDOR conviene en no conectar ning\u00fan equipo, aparato, accesorio y\/o dispositivo, relacionado con la prestaci\u00f3n de los Servicios objeto de este Anexo, que no se encuentre debidamente autorizado y homologado para su uso por el Instituto Federal de Telecomunicaciones. En caso de contravenir lo anterior, EL CONSUMIDOR deber\u00e1 pagar a EL PROVEEDOR los da\u00f1os que le ocasione, adem\u00e1s de ser causa de rescisi\u00f3n autom\u00e1tica del Contrato.<\/p><\/li><\/ul><p class=\"font_8\">DERECHOS Y OBLIGACIONES DE LAS PARTES PARA LOS SERVICIOS ARRIBA DESCRITOS<\/p><p class=\"font_8\">Adem\u00e1s de las obligaciones y derechos establecidas en el presente Anexo, EL CONSUMIDOR deber\u00e1:<\/p><ol class=\"font_8\"><li><p class=\"font_8\">EL CONSUMIDOR est\u00e1 de acuerdo en que est\u00e1 prohibido usar los servicios prestados por EL PROVEEDOR con un fin contrario a lo estipulado en los ordenamientos legales o reglamentos aplicables.<\/p><\/li><\/ol><ol class=\"font_8\"><li><p class=\"font_8\">Cubrir a EL PROVEEDOR todos los cargos por pagos extempor\u00e1neos, y\/o comisiones por reanudaci\u00f3n del Servicio que se generen, en el caso de que se haya suspendido el Servicio en los t\u00e9rminos del presente Anexo y\/o el Contrato, los cuales podr\u00e1n ser consultados por EL CONSUMIDOR en los centros de atenci\u00f3n que EL PROVEEDOR ponga a su disposici\u00f3n.<\/p><\/li><\/ol><p class=\"font_8\">EL PROVEEDOR deber\u00e1:<\/p><ol class=\"font_8\"><li><p class=\"font_8\">Instalar, mantener y operar la Red y el Equipo de EL PROVEEDOR, garantizando un m\u00e1ximo de eficiencia hasta el punto de demarcaci\u00f3n.<\/p><\/li><\/ol><ol class=\"font_8\"><li><p class=\"font_8\">Iniciar la prestaci\u00f3n del Servicio dentro del plazo y en el lugar establecido en el presente Anexo, contado a partir de la fecha en que EL CONSUMIDOR haya recibido los Servicios.<\/p><\/li><\/ol><p class=\"font_8\">RESCISI\u00d3N DEL SERVICIO DE L\u00cdNEAS PRIVADAS<\/p><p class=\"font_8\">En el evento de que EL CONSUMIDOR haya solicitado un cambio de domicilio del lugar en donde se presten los Servicios aqu\u00ed establecidos y previamente presupuestado y autorizado por EL CONSUMIDOR, y en la nueva ubicaci\u00f3n no sea posible t\u00e9cnicamente por parte de EL PROVEEDOR prestar dichos Servicios contratados y\/o las nuevas adecuaciones y presupuesto que EL PROVEEDOR tenga que ejecutar\u00a0 en el nuevo sitio de entrega del servicio no sean aprobadas por EL CONSUMIDOR \u00a0y por consiguiente decida no utilizar los Servicios en el domicilio original, el presente Anexo se dar\u00e1 por terminado como si lo hubiera solicitado EL CONSUMIDOR.<\/p><p class=\"font_8\">EL PROVEEDOR podr\u00e1 dar por terminado anticipadamente el presente Anexo en forma autom\u00e1tica, sin responsabilidad y sin necesidad de declaraci\u00f3n judicial de conformidad con lo siguiente:<\/p><p class=\"font_8\">(i) Cuando, al momento de efectuar la instalaci\u00f3n por razones t\u00e9cnicas de cobertura no sea factible t\u00e9cnicamente suministrar los Servicios.<\/p><p class=\"font_8\">(ii) Cuando EL CONSUMIDOR se niegue a seguir las recomendaciones que EL PROVEEDOR le ha hecho saber debidamente por escrito, y que estas negligencias tengan como consecuencia que EL PROVEEDOR no pueda prestar el servicio de una manera \u00f3ptima o como se establece en el presente Anexo Marco.<\/p><p class=\"font_8\">El presente Contrato se firma por duplicado, por los representantes debidamente facultados de las Partes, en la Ciudad de ___, el d\u00eda _____.<\/p><p class=\"font_8\">ANEXO DATOS<\/p><p class=\"font_8\">AL CONTRATO MARCO DE PRESTACI\u00d3N DE SERVICIOS DE TELECOMUNICACIONES (EN LO SUCESIVO, EL \u201cANEXO\u201d) QUE CELEBRAN POR UNA PARTE MARCATEL COM, S.A. DE C.V., A QUIEN EN LO SUCESIVO SE LE DENOMINAR\u00c1 \u201cEL PROVEEDOR\u201d, REPRESENTADA EN ESTE ACTO POR \u00a0\u00a0\u00a0\u00a0\u00a0; Y POR LA OTRA PARTE \u00a0\u00a0\u00a0\u00a0\u00a0, A QUIEN EN LO SUCESIVO SE LE DENOMINAR\u00c1 EL \u201cEL CONSUMIDOR\u201d<\/p><p class=\"font_8\">SERVICIOS<\/p><p class=\"font_8\">CL\u00c1USULAS DE EQUIPAMIENTO<\/p><p class=\"font_8\">Internet dedicado: Es un servicio de acceso a Internet a trav\u00e9s de un puerto IP Ethernet que le proporciona al cliente un ancho de banda dedicado para acceso a internet.<\/p><p class=\"font_8\">IP P\u00fablica: Direcci\u00f3n IP que se utiliza para salir a Internet.<\/p><p class=\"font_8\">Mbps: Megabit por segundo, unidad utilizada para cuantificar un caudal de datos.<\/p><p class=\"font_8\">Punto de demarcaci\u00f3n: Representa los l\u00edmites entre la responsabilidad de EL PROVEEDOR de servicios y la del cliente.<\/p><p class=\"font_8\">Ruteador: Dispositivo de red que opera en la capa 3 del modelo OSI, permite que varias redes u ordenadores se conecten entre s\u00ed.<\/p><p class=\"font_8\">Servidor: Equipo que puede ser utilizado para diferentes funcionas aplicativas o de red, su funci\u00f3n es proporcionar recursos a una serie de usuarios.<\/p><p class=\"font_8\">\u00daltima milla: Tramo final de una l\u00ednea de comunicaci\u00f3n, es la parte de la red conecta a los usuarios finales a las redes de las operadoras de telecomunicaciones.<\/p><p class=\"font_8\">SERVICIOS DE DATOS<\/p><p class=\"font_8\">EL PROVEEDOR se compromete a prestar a EL CONSUMIDOR el servicio de DATOS, servicio que consiste en el medio de conexi\u00f3n entre dos o m\u00e1s lugares con el prop\u00f3sito de transmitir o recibir informaci\u00f3n de datos de conformidad a lo siguiente:<\/p><p class=\"font_8\">Direcci\u00f3n de Instalaci\u00f3n:<\/p><p class=\"font_8\">\u00a0<\/p><p class=\"font_8\">\u00a0<\/p><\/div><div id=\"comp-j95vbk86\" class=\"XUUsC\" title=\"\"><div class=\"xQ_iF\" data-testid=\"linkElement\">\u00a0<\/div><\/div><div id=\"comp-j95vl85q\" class=\"XUUsC\" title=\"\"><div class=\"xQ_iF\" data-testid=\"linkElement\">\u00a0<\/div><\/div><div id=\"comp-j95voa2q\" class=\"XUUsC\" title=\"\"><div class=\"xQ_iF\" data-testid=\"linkElement\">\u00a0<\/div><\/div><div id=\"comp-j95vt6ld\" class=\"XUUsC\" title=\"\"><div class=\"xQ_iF\" data-testid=\"linkElement\">\u00a0<\/div><\/div><div id=\"comp-j95vxojc\" class=\"XUUsC\" title=\"\"><div class=\"xQ_iF\" data-testid=\"linkElement\">\u00a0<\/div><\/div><div id=\"comp-j95vutn2\" class=\"XUUsC\" title=\"\"><div class=\"xQ_iF\" data-testid=\"linkElement\">\u00a0<\/div><\/div><div id=\"comp-j95vzg3o\" class=\"XUUsC\" title=\"\"><div class=\"xQ_iF\" data-testid=\"linkElement\">\u00a0<\/div><\/div><div id=\"comp-j95tz3ed\" class=\"XUUsC\" title=\"\"><div class=\"xQ_iF\" data-testid=\"linkElement\">\u00a0<\/div><\/div><div id=\"comp-j95tz3e8\" class=\"XUUsC\" title=\"\"><div class=\"xQ_iF\" data-testid=\"linkElement\">\u00a0<\/div><\/div><div id=\"comp-j95ulxz7\" class=\"XUUsC\" title=\"\"><div class=\"xQ_iF\" data-testid=\"linkElement\">\u00a0<\/div><\/div><div id=\"comp-j95ve5gl\" class=\"_1Q9if\" data-testid=\"richTextElement\"><p class=\"font_8\">CONDICIONES PARTICULARES PARA LOS SERVICIOS DE DATOS<\/p><p class=\"font_8\">A).- EL CONSUMIDOR reconoce y acepta que EL PROVEEDOR no opera o controla el servicio de datos y\/o Internet y que todos los productos, informaci\u00f3n o servicios disponibles en Internet son ofrecidos por terceras partes, aun as\u00ed EL PROVEEDOR es el \u00fanico responsable frente a los usuarios por la prestaci\u00f3n del servicio de datos. EL CONSUMIDOR asume toda responsabilidad y riesgo que derive del uso que le d\u00e9 al servicio de Internet que le proporciona EL PROVEEDOR. En relaci\u00f3n a cualquier comercializaci\u00f3n, informaci\u00f3n o suministro de servicios a trav\u00e9s de Internet, EL PROVEEDOR y sus filiales no ser\u00e1n responsables de la idoneidad de los productos que se adquieran, ni de la comerciabilidad de los productos o servicios que se anuncian, ni de ning\u00fan da\u00f1o o perjuicio derivado directa o indirectamente de cualquiera de dichas transacciones.<\/p><p class=\"font_8\">EL PROVEEDOR manifiesta y EL CONSUMIDOR reconoce que EL PROVEEDOR no tiene acceso a la informaci\u00f3n transmitida a trav\u00e9s de la Red y\/o a trav\u00e9s de los servicios objeto del presente Servicio de Datos, por lo que EL PROVEEDOR no ser\u00e1 responsable de p\u00e9rdidas, acceso no autorizado, alteraci\u00f3n, robo, destrucci\u00f3n o desviaci\u00f3n de dicha informaci\u00f3n.<\/p><p class=\"font_8\">Bajo ninguna circunstancia EL PROVEEDOR, ser\u00e1 responsable de los da\u00f1os y perjuicios que se deriven del mal uso o inhabilidad de EL CONSUMIDOR para utilizar el servicio de Internet proporcionado por EL PROVEEDOR o acceder a la Red de Internet o a cualquier parte del mismo; o por la dependencia de EL CONSUMIDOR sobre la informaci\u00f3n, contenido o uso de la misma; por servicios o productos referidos, localizados o adquiridos a trav\u00e9s del servicio de Internet proporcionado por EL PROVEEDOR; o por el resultado de errores, omisiones, interrupciones, p\u00e9rdida de archivos, accesos no autorizados a sus servidores, defectos, o cualquier falla en el desempe\u00f1o de la red global de Internet.<\/p><p class=\"font_8\">CONDICIONES GENERALES PARA LOS SERVICIOS DE DATOS<\/p><p class=\"font_8\">Las partes acuerdan que la vigencia del presente Anexo para los servicios de datos ser\u00e1 de manera indefinida y podr\u00e1 ser rescindido por cualquiera de las partes.<\/p><ul class=\"font_8\"><li><p class=\"font_8\">EL CONSUMIDOR se obliga a pagar mensualmente a EL PROVEEDOR la cantidad de %%EDITORCONTENT%%nbsp;\u00a0\u00a0\u00a0\u00a0 (\u00a0\u00a0\u00a0\u00a0\u00a0), por concepto de la prestaci\u00f3n del servicio contratado, seg\u00fan el presente anexo, m\u00e1s el consumo mensual excedente por concepto de los servicios recibidos que EL PROVEEDOR le proporciona a EL CONSUMIDOR. Las partes acuerdan que dichos importes incluyen aquellos impuestos aplicables o inherentes a la prestaci\u00f3n del servicio. Todos los precios est\u00e1n expresados y deber\u00e1n ser pagados en Pesos moneda de curso legal en los Estados Unidos Mexicanos.<\/p><\/li><\/ul><p class=\"font_8\">\u00a0<\/p><ul class=\"font_8\"><li><p class=\"font_8\">Para efectos de pago por la recepci\u00f3n de los servicios, EL PROVEEDOR entregar\u00e1 al EL CONSUMIDOR, en el domicilio o correo electr\u00f3nico previamente autorizado por EL CONSUMIDOR, a m\u00e1s tardar 10 (diez) d\u00edas naturales previos a la fecha de vencimiento, una factura por los Servicios respecto del mes inmediato siguiente.<\/p><\/li><\/ul><p class=\"font_8\">\u00a0<\/p><ul class=\"font_8\"><li><p class=\"font_8\">EL CONSUMIDOR se obliga a pagarle a EL PROVEEDOR el importe de las tarifas y dem\u00e1s cargos que se encuentren autorizados bajo el presente Anexo como contraprestaci\u00f3n por los Servicios objeto del Contrato, en la fecha l\u00edmite de pago establecida en la Factura<\/p><\/li><\/ul><p class=\"font_8\">\u00a0<\/p><ul class=\"font_8\"><li><p class=\"font_8\">EL CONSUMIDOR se obliga a pagar mensualmente a EL PROVEEDOR la cantidad que resulte de los servicios efectivamente prestados durante el periodo respectivo.<\/p><\/li><\/ul><p class=\"font_8\">\u00a0<\/p><ul class=\"font_8\"><li><p class=\"font_8\">Una vez instalados y entregados los servicios, EL PROVEEDOR comenzar\u00e1 a facturar los servicios contratados por EL CONSUMIDOR y este \u00faltimo se obliga a pagar por los servicios recibidos a partir recibir efectivamente los servicios.<\/p><\/li><\/ul><p class=\"font_8\">\u00a0<\/p><ul class=\"font_8\"><li><p class=\"font_8\">EL PROVEEDOR podr\u00e1 cambiar los precios o la cantidad de servicios contratados por EL CONSUMIDOR, previa notificaci\u00f3n por escrito al PROVEEDOR con al menos 15 d\u00edas de anticipaci\u00f3n. En el entendido de que EL CONSUMIDOR no se encuentre de acuerdo con dichos cambios, podr\u00e1 dar por cancelado el presente Anexo Marco con 15 d\u00edas posteriores a que entren en vigor dichas modificaciones.<\/p><\/li><\/ul><p class=\"font_8\">\u00a0<\/p><ul class=\"font_8\"><li><p class=\"font_8\">EL PROVEEDOR, previa notificaci\u00f3n que realice con por lo menos 24 (veinticuatro) horas de anticipaci\u00f3n, tendr\u00e1 el derecho de interrumpir la prestaci\u00f3n de los Servicios objeto del presente Anexo cuando sea necesaria la verificaci\u00f3n o mantenimiento del servicio<\/p><\/li><\/ul><p class=\"font_8\">\u00a0<\/p><ul class=\"font_8\"><li><p class=\"font_8\">Las Partes convienen en que EL PROVEEDOR hace entrega de los Servicios de conformidad con la regulaci\u00f3n vigente, nacional en materia de telecomunicaciones y de protecci\u00f3n al consumidor. EL PROVEEDOR no tendr\u00e1 responsabilidad alguna por el mal uso, uso contrario a especificaciones y\/o uso desautorizado que EL CONSUMIDOR o los usuarios de EL CONSUMIDOR hagan de sus facilidades, l\u00ednea(s) y\/o equipo de telecomunicaciones, ya sea a trav\u00e9s de sus funcionarios o empleados o por cualquier tercero, que pudieran tener acceso directo o indirecto a las mismas. EL CONSUMIDOR, deber\u00e1 adoptar las medidas necesarias para prevenir dichos actos.<\/p><\/li><\/ul><p class=\"font_8\">\u00a0<\/p><ul class=\"font_8\"><li><p class=\"font_8\">EL CONSUMIDOR conviene en no conectar ning\u00fan equipo, aparato, accesorio y\/o dispositivo, relacionado con la prestaci\u00f3n de los Servicios objeto de este Anexo, que no se encuentre debidamente autorizado y homologado para su uso por el Instituto Federal de Telecomunicaciones. En caso de contravenir lo anterior, EL CONSUMIDOR deber\u00e1 pagar a EL PROVEEDOR los da\u00f1os que le ocasione, adem\u00e1s de ser causa de rescisi\u00f3n autom\u00e1tica del Contrato.<\/p><\/li><\/ul><p class=\"font_8\">DERECHOS Y OBLIGACIONES DE LAS PARTES PARA LOS SERVICIOS ARRIBA DESCRITOS<\/p><p class=\"font_8\">Adem\u00e1s de las obligaciones y derechos establecidas en el presente Anexo, EL CONSUMIDOR deber\u00e1:<\/p><p class=\"font_8\">(i) EL CONSUMIDOR est\u00e1 de acuerdo en que est\u00e1 prohibido usar los servicios prestados por EL PROVEEDOR con un fin contrario a lo estipulado en los ordenamientos legales o reglamentos aplicables.<\/p><p class=\"font_8\">(ii) Cubrir a EL PROVEEDOR todos los cargos por pagos extempor\u00e1neos, y\/o comisiones por reanudaci\u00f3n del Servicio que se generen, en el caso de que se haya suspendido el Servicio en los t\u00e9rminos del presente Anexo y\/o el Contrato, los cuales podr\u00e1n ser consultados por EL CONSUMIDOR en los centros de atenci\u00f3n que EL PROVEEDOR ponga a su disposici\u00f3n.<\/p><p class=\"font_8\">EL PROVEEDOR deber\u00e1:<\/p><ul class=\"font_8\"><li><p class=\"font_8\">Instalar, mantener y operar la Red y el Equipo de EL PROVEEDOR, garantizando un m\u00e1ximo de eficiencia hasta el punto de demarcaci\u00f3n.<\/p><\/li><\/ul><p class=\"font_8\">\u00a0<\/p><ul class=\"font_8\"><li><p class=\"font_8\">Iniciar la prestaci\u00f3n del Servicio dentro del plazo y en el lugar establecido en el presente Anexo, contado a partir de la fecha en que EL CONSUMIDOR haya recibido los Servicios.<\/p><\/li><\/ul><p class=\"font_8\">RESCISI\u00d3N DEL SERVICIO DE DATOS<\/p><p class=\"font_8\">En el evento de que EL CONSUMIDOR haya solicitado un cambio de domicilio del lugar en donde se presten los Servicios aqu\u00ed establecidos y previamente presupuestado y autorizado por EL CONSUMIDOR, y en la nueva ubicaci\u00f3n no sea posible t\u00e9cnicamente por parte de EL PROVEEDOR prestar dichos Servicios contratados y\/o las nuevas adecuaciones y presupuesto que EL PROVEEDOR tenga que ejecutar\u00a0 en el nuevo sitio de entrega del servicio no sean aprobadas por EL CONSUMIDOR \u00a0y por consiguiente decida no utilizar los Servicios en el domicilio original, el presente Anexo se dar\u00e1 por terminado como si lo hubiera solicitado EL CONSUMIDOR.<\/p><p class=\"font_8\">EL PROVEEDOR podr\u00e1 dar por terminado anticipadamente el presente Anexo en forma autom\u00e1tica, sin responsabilidad y sin necesidad de declaraci\u00f3n judicial de conformidad con lo siguiente:<\/p><p class=\"font_8\">(i) \u00a0Cuando, al momento de efectuar la instalaci\u00f3n por razones t\u00e9cnicas de cobertura no sea factible t\u00e9cnicamente suministrar los Servicios.<\/p><p class=\"font_8\">(ii)Cuando EL CONSUMIDOR se niegue a seguir las recomendaciones que EL PROVEEDOR le ha hecho saber debidamente por escrito, y que estas negligencias tengan como consecuencia que EL PROVEEDOR no pueda prestar el servicio de una manera \u00f3ptima o como se establece en el presente Anexo Marco.<\/p><p class=\"font_8\">El presente Contrato se firma por duplicado, por los representantes debidamente facultados de las Partes, en la Ciudad de ___\u00a0, el d\u00eda_____ \u00a0.<\/p><p class=\"font_8\">\u00a0<\/p><p class=\"font_8\">\u00a0<\/p><p class=\"font_8\">\u00a0<\/p><p class=\"font_8\">\u00a0<\/p><p class=\"font_8\">\u00a0<\/p><p class=\"font_8\">\u00a0<\/p><p class=\"font_8\">\u00a0<\/p><p class=\"font_8\">\u00a0<\/p><p class=\"font_8\">\u00a0<\/p><p class=\"font_8\">\u00a0<\/p><p class=\"font_8\">\u00a0<\/p><p class=\"font_8\">\u00a0<\/p><p class=\"font_8\">\u00a0<\/p><p class=\"font_8\">\u00a0<\/p><p class=\"font_8\">\u00a0<\/p><p class=\"font_8\">\u00a0<\/p><p class=\"font_8\">\u00a0<\/p><\/div><div id=\"comp-jutw7buf\" class=\"XUUsC\" title=\"\"><div class=\"xQ_iF\" data-testid=\"linkElement\">\u00a0<\/div><\/div><p>\u00a0<\/p><div id=\"SITE_PAGES\"><div id=\"y9mcw\" class=\"_1FOTJ _3LL-w\"><div class=\"_2ufc7\"><div id=\"Containery9mcw\" class=\"_1KV2M\"><div class=\"\" data-mesh-id=\"Containery9mcwinlineContent\" data-testid=\"inline-content\"><div data-mesh-id=\"Containery9mcwinlineContent-gridContainer\" data-testid=\"mesh-container-content\"><div data-mesh-id=\"Containery9mcwinlineContent-wedge-3\">\u00a0<\/div><div data-mesh-id=\"Containery9mcwinlineContent-wedge-6\">\u00a0<\/div><div data-mesh-id=\"Containery9mcwinlineContent-wedge-8\">\u00a0<\/div><div data-mesh-id=\"Containery9mcwinlineContent-wedge-10\">\u00a0<\/div><div data-mesh-id=\"Containery9mcwinlineContent-wedge-12\">\u00a0<\/div><div data-mesh-id=\"Containery9mcwinlineContent-wedge-15\">\u00a0<\/div><div data-mesh-id=\"Containery9mcwinlineContent-wedge-17\">\u00a0<\/div><\/div><\/div><\/div><\/div><\/div><\/div><p>\u00a0<\/p><div id=\"soapAfterPagesContainer\" class=\"page-without-sosp\"><div class=\"\" data-mesh-id=\"soapAfterPagesContainerinlineContent\" data-testid=\"inline-content\"><div data-mesh-id=\"soapAfterPagesContainerinlineContent-gridContainer\" data-testid=\"mesh-container-content\">\u00a0<\/div><\/div><\/div><footer id=\"SITE_FOOTER_WRAPPER\" tabindex=\"-1\"><div id=\"SITE_FOOTER\" class=\"ZW5SX\"><div class=\"_2o25M\"><div class=\"_1nRb9\">\u00a0<\/div><\/div><div class=\"_38XI2\"><div class=\"_2P6JN\"><div class=\"_1dlfY\">\u00a0<\/div><\/div><div class=\"_1_UPn\"><div class=\"\" data-mesh-id=\"SITE_FOOTERinlineContent\" data-testid=\"inline-content\"><div data-mesh-id=\"SITE_FOOTERinlineContent-gridContainer\" data-testid=\"mesh-container-content\"><div id=\"comp-j20xdthi\" class=\"_2bjge\"><div class=\"qDqoW\" data-testid=\"container-bg\">\u00a0<\/div><div class=\"\" data-mesh-id=\"comp-j20xdthiinlineContent\" data-testid=\"inline-content\"><div data-mesh-id=\"comp-j20xdthiinlineContent-gridContainer\" data-testid=\"mesh-container-content\">\u00a0<\/div><\/div><\/div><div id=\"comp-j1wcnor7\" class=\"_2bjge\"><div class=\"qDqoW\" data-testid=\"container-bg\">\u00a0<\/div><div class=\"\" data-mesh-id=\"comp-j1wcnor7inlineContent\" data-testid=\"inline-content\"><div data-mesh-id=\"comp-j1wcnor7inlineContent-gridContainer\" data-testid=\"mesh-container-content\">\u00a0<\/div><\/div><\/div><div id=\"comp-j0mlojoo\" class=\"_1Q9if\" data-testid=\"richTextElement\"><h3 class=\"font_4\">Nuestra Pol\u00edtica de Calidad<\/h3><\/div><div id=\"comp-j152hmpr\" class=\"_1Q9if\" data-testid=\"richTextElement\"><p class=\"font_9\"><span class=\"color_11\">Nuestro compromiso es contribuir en el negocio de nuestros Clientes al transportar de forma \u00e1gil, oportuna y confiable su contenido, considerando sus requisitos y los de nuestras Partes Interesadas, brindando una experiencia superior, respaldada por la excelencia de nuestros colaboradores y la Mejora Continua del Sistema de Gesti\u00f3n de Calidad.<\/span><\/p><\/div><div id=\"comp-j153ezcr\" class=\"_2kLdM\" aria-disabled=\"false\"><a class=\"_6lnTT\" href=\"https:\/\/c687adc1-004e-4948-a560-a69f2dee4158.filesusr.com\/ugd\/751133_a08a72c66d5f431aaa88f5c8e8a47d72.pdf\" target=\"_blank\" rel=\"noopener\" data-testid=\"linkElement\" aria-disabled=\"false\"><span class=\"wQYUw\">Modelo de contrato de adhesi\u00f3n registrado ante PROFECO<\/span><\/a><\/div><div id=\"comp-j153atz0\" class=\"_2kLdM\" aria-disabled=\"false\"><a class=\"_6lnTT\" href=\"https:\/\/www.marcatel.com\/aviso-de-privacidad\" data-testid=\"linkElement\" aria-disabled=\"false\"><span class=\"wQYUw\">Aviso de Privacidad<\/span><\/a><\/div><div id=\"comp-j0llxv3i\" class=\"_2kLdM\" aria-disabled=\"false\"><a class=\"_6lnTT\" href=\"https:\/\/www.marcatel.com\/carta-derechos-de-usuario\" data-testid=\"linkElement\" aria-disabled=\"false\"><span class=\"wQYUw\">Carta de Derechos M\u00ednimos de los Usuarios de los Servicios P\u00fablicos de Telecomunicaciones <\/span><\/a><\/div><div id=\"comp-j153go6s\" class=\"_2kLdM\" aria-disabled=\"false\"><a class=\"_6lnTT\" href=\"https:\/\/www.marcatel.com\/colaboracion-seguridad-y-justicia\" data-testid=\"linkElement\" aria-disabled=\"false\"><span class=\"wQYUw\">Colaboraci\u00f3n con la Seguridad y la Justicia<\/span><\/a><\/div><div id=\"comp-j907to47\" class=\"_2kLdM\" aria-disabled=\"false\"><a class=\"_6lnTT\" href=\"https:\/\/www.marcatel.com\/codigo-practicas-comerciales\" data-testid=\"linkElement\" aria-disabled=\"false\"><span class=\"wQYUw\">C\u00f3digo de Pr\u00e1cticas Comerciales<\/span><\/a><\/div><div id=\"comp-kawpxxpv\" class=\"_2kLdM\" aria-disabled=\"false\"><a class=\"_6lnTT\" href=\"https:\/\/c687adc1-004e-4948-a560-a69f2dee4158.filesusr.com\/ugd\/751133_7cbe2afc978c4cbbba104fcf684d6d85.pdf\" target=\"_blank\" rel=\"noopener\" data-testid=\"linkElement\" aria-disabled=\"false\"><span class=\"wQYUw\">Equipos &#8211; Funciones de Accesibilidad<\/span><\/a><\/div><div id=\"comp-jl86ibye\" class=\"_2kLdM\" aria-disabled=\"false\"><a class=\"_6lnTT\" href=\"https:\/\/c687adc1-004e-4948-a560-a69f2dee4158.filesusr.com\/ugd\/751133_aaa21a195c0c451e9bd04733d0907d8b.pdf\" target=\"_blank\" rel=\"noopener\" data-testid=\"linkElement\" aria-disabled=\"false\"><span class=\"wQYUw\">Informaci\u00f3n transparente<\/span><\/a><\/div><div id=\"comp-kt1nswo6\" class=\"_2kLdM\" aria-disabled=\"false\"><a class=\"_6lnTT\" href=\"https:\/\/c687adc1-004e-4948-a560-a69f2dee4158.filesusr.com\/ugd\/751133_1cb33abcd49c4d1b863f1729945c2144.pdf\" target=\"_blank\" rel=\"noopener\" data-testid=\"linkElement\" aria-disabled=\"false\"><span class=\"wQYUw\">C\u00f3digo de Pol\u00edticas de Gesti\u00f3n de Tr\u00e1fico y Administraci\u00f3n de Red<\/span><\/a><\/div><div id=\"comp-jtu9r6v9\" class=\"_1Q9if\" data-testid=\"richTextElement\"><h2 class=\"font_2\">Escr\u00edbenos<\/h2><\/div><div id=\"comp-j1577ff2\" class=\"_2O-Ry\"><ul class=\"xb9fU\" aria-label=\"Barra de redes sociales\"><li id=\"dataItem-j1577fge-comp-j1577ff2\" class=\"_3lu8e\"><a class=\"_26AQd\" href=\"https:\/\/www.facebook.com\/marcatelmx\/\" target=\"_blank\" rel=\"noopener\" data-testid=\"linkElement\"><img decoding=\"async\" src=\"https:\/\/static.wixstatic.com\/media\/e0678ef25486466ba65ef6ad47b559e1.png\/v1\/fill\/w_35,h_35,al_c,q_85,usm_0.66_1.00_0.01\/e0678ef25486466ba65ef6ad47b559e1.webp\" alt=\"Facebook - White Circle\" \/><\/a><\/li><li id=\"dataItem-j1577fgf-comp-j1577ff2\" class=\"_3lu8e\"><a class=\"_26AQd\" href=\"https:\/\/twitter.com\/marcatelcom?lang=es\" target=\"_blank\" rel=\"noopener\" data-testid=\"linkElement\"><img decoding=\"async\" src=\"https:\/\/static.wixstatic.com\/media\/c4392d634a0148fda8b7b2b0ad98293b.png\/v1\/fill\/w_35,h_35,al_c,q_85,usm_0.66_1.00_0.01\/c4392d634a0148fda8b7b2b0ad98293b.webp\" alt=\"Twitter - White Circle\" \/><\/a><\/li><li id=\"dataItem-j1577fgf4-comp-j1577ff2\" class=\"_3lu8e\"><a class=\"_26AQd\" href=\"https:\/\/www.instagram.com\/marcatelcom\/\" target=\"_blank\" rel=\"noopener\" data-testid=\"linkElement\"><img decoding=\"async\" src=\"https:\/\/static.wixstatic.com\/media\/da7ef6dd1302486c9a67baebe4b364bc.png\/v1\/fill\/w_35,h_35,al_c,q_85,usm_0.66_1.00_0.01\/da7ef6dd1302486c9a67baebe4b364bc.webp\" alt=\"Instagram - White Circle\" \/><\/a><\/li><li id=\"dataItem-j1z7yd5h-comp-j1577ff2\" class=\"_3lu8e\"><a class=\"_26AQd\" href=\"https:\/\/mx.linkedin.com\/company\/marcatel\" target=\"_blank\" rel=\"noopener\" data-testid=\"linkElement\"><img decoding=\"async\" src=\"https:\/\/static.wixstatic.com\/media\/f61c7a3b4b4947b28511a25034973383.png\/v1\/fill\/w_35,h_35,al_c,q_85,usm_0.66_1.00_0.01\/f61c7a3b4b4947b28511a25034973383.webp\" alt=\"LinkedIn - White Circle\" \/><\/a><\/li><\/ul><\/div><div id=\"comp-j1530z5t\" class=\"_11gHK\"><div class=\"\" data-mesh-id=\"comp-j1530z5tinlineContent\" data-testid=\"inline-content\"><div data-mesh-id=\"comp-j1530z5tinlineContent-gridContainer\" data-testid=\"mesh-container-content\"><form id=\"comp-kf486sp0\" class=\"yBJuM\"><div class=\"\" data-mesh-id=\"comp-kf486sp0inlineContent\" data-testid=\"inline-content\"><div data-mesh-id=\"comp-kf486sp0inlineContent-gridContainer\" data-testid=\"mesh-container-content\"><div id=\"comp-kf486spl\" class=\"_2dBhC _65cjg\"><div class=\"XRJUI\"><input id=\"input_comp-kf486spl\" class=\"_1SOvY has-custom-focus\" maxlength=\"100\" name=\"nombre-*\" required=\"\" type=\"text\" value=\"\" placeholder=\"Nombre *\" aria-label=\"Nombre *\" \/><\/div><\/div><div id=\"comp-kf486spq\" class=\"_2dBhC _65cjg\"><div class=\"XRJUI\"><input id=\"input_comp-kf486spq\" class=\"_1SOvY has-custom-focus\" maxlength=\"250\" name=\"email\" pattern=\"^.+@.+\\.[a-zA-Z]{2,63}$\" required=\"\" type=\"email\" value=\"\" placeholder=\"E-mail *\" aria-label=\"E-mail *\" \/><\/div><\/div><div id=\"comp-kf486sq1\" class=\"_2dBhC\"><div class=\"XRJUI\"><input id=\"input_comp-kf486sq1\" class=\"_1SOvY has-custom-focus\" maxlength=\"50\" name=\"phone\" type=\"tel\" value=\"\" placeholder=\"Tel\u00e9fono\" aria-label=\"Tel\u00e9fono\" \/><\/div><\/div><div id=\"comp-kf486sq6\" class=\"bItEI _22Vl0\">\u00a0<\/div><div id=\"comp-kf486squ\" class=\"_1Q9if\" data-testid=\"richTextElement\"><p dir=\"ltr\">\u00a0<\/p><\/div><div id=\"comp-kf486sqg\" class=\"_2UgQw\" aria-disabled=\"false\">\u00a0<\/div><\/div><\/div><\/form><\/div><\/div><\/div><\/div><\/div><\/div><\/div><\/div><\/footer><div id=\"comp-j7t8sm02\" class=\"_2kLdM\" aria-disabled=\"false\"><a class=\"_6lnTT\" href=\"https:\/\/www.marcatel.com\/modelo-de-contrato-adhesion-profeco\" data-testid=\"linkElement\" aria-disabled=\"false\"><span class=\"wQYUw\">Consultar<\/span><\/a><\/div><div id=\"comp-j7t999i2\" class=\"_2kLdM\" aria-disabled=\"false\"><a class=\"_6lnTT\" href=\"https:\/\/c687adc1-004e-4948-a560-a69f2dee4158.filesusr.com\/ugd\/751133_dd0b7291230c48288e7138959d82a07e.pdf\" target=\"_blank\" rel=\"noopener\" data-testid=\"linkElement\" aria-disabled=\"false\"><span class=\"wQYUw\">Consultar Tarifas<\/span><\/a><\/div><div id=\"comp-j7t9grff\" class=\"_2kLdM\" aria-disabled=\"false\"><a class=\"_6lnTT\" href=\"https:\/\/www.marcatel.com\/cobertura\" target=\"_self\" data-testid=\"linkElement\" aria-disabled=\"false\"><span class=\"wQYUw\">Cobertura<\/span><\/a><\/div><div id=\"comp-j7t9td6z\" class=\"_2kLdM\" tabindex=\"0\" role=\"button\" aria-disabled=\"false\"><div class=\"_6lnTT\" data-testid=\"linkElement\" aria-disabled=\"false\"><span class=\"wQYUw\">Contrato Marco y T\u00e9rminos en formato audible<\/span><\/div><\/div><div id=\"comp-jtu9gvwt\" class=\"\"><div class=\"_3bLYT _2OIRR\" data-testid=\"svgRoot-comp-jtu9gvwt\">\u00a0<\/div><\/div><div id=\"comp-jtu9gvwt\" class=\"\"><div class=\"_3bLYT _2OIRR\" data-testid=\"svgRoot-comp-jtu9gvwt\">\u00a0<\/div><\/div><div id=\"comp-jb2j5lie\" class=\"_2UgQw\" aria-disabled=\"false\"><a class=\"_1fbEI\" href=\"https:\/\/www.marcatel.com\/suscripcion-marcatel\" data-testid=\"linkElement\" aria-disabled=\"false\"><span class=\"_1Qjd7\">Suscr\u00edbete a nuestras noticias<\/span><\/a><\/div><div id=\"comp-jl86hvzl\" class=\"XUUsC _2S73V\" title=\"\">\u00a0<\/div><div id=\"comp-j154030n\" class=\"XUUsC _2S73V\" title=\"\">\u00a0<\/div><div id=\"comp-j2kzcsv1\" class=\"XUUsC _2S73V\" title=\"\">\u00a0<\/div>\t\t\t\t\t\t\t\t<\/div>\n\t\t\t\t<\/div>\n\t\t\t\t\t<\/div>\n\t\t<\/div>\n\t\t\t\t<div class=\"elementor-column elementor-col-16 elementor-top-column elementor-element elementor-element-e57bb73\" data-id=\"e57bb73\" data-element_type=\"column\" data-e-type=\"column\">\n\t\t\t<div class=\"elementor-widget-wrap\">\n\t\t\t\t\t\t\t<\/div>\n\t\t<\/div>\n\t\t\t\t\t<\/div>\n\t\t<\/section>\n\t\t\t\t<\/div>\n\t\t","protected":false},"excerpt":{"rendered":"<p>CONTRATO MARCO DE PRESTACI\u00d3N DE SERVICIOS DE TELECOMUNICACIONES (EN LO SUCESIVO, EL \u201cCONTRATO\u201d) QUE CELEBRAN POR UNA PARTE MARCATEL COM, S.A. DE C.V., A QUIEN EN LO SUCESIVO SE LE DENOMINAR\u00c1 \u201cEL PROVEEDOR\u201d; Y POR LA OTRA PARTE &nbsp;, A QUIEN EN LO SUCESIVO SE LE DENOMINAR\u00c1 \u201cEL CONSUMIDOR\u201d, AL TENOR DE LAS SIGUIENTES DECLARACIONES [&hellip;]<\/p>\n","protected":false},"author":1,"featured_media":0,"parent":0,"menu_order":0,"comment_status":"closed","ping_status":"closed","template":"","meta":{"footnotes":""},"class_list":["post-1439","page","type-page","status-publish","hentry"],"yoast_head":"<!-- This site is optimized with the Yoast SEO plugin v27.3 - https:\/\/yoast.com\/product\/yoast-seo-wordpress\/ -->\n<title>Modelo de contrato de Adhesi\u00f3n PROFECO<\/title>\n<meta name=\"robots\" content=\"index, follow, max-snippet:-1, max-image-preview:large, max-video-preview:-1\" \/>\n<link rel=\"canonical\" href=\"https:\/\/vivaro.com\/fr\/modelo-de-contrato-de-adhesion-profeco\/\" \/>\n<meta property=\"og:locale\" content=\"fr_CA\" \/>\n<meta property=\"og:type\" content=\"article\" \/>\n<meta property=\"og:title\" content=\"Modelo de contrato de Adhesi\u00f3n PROFECO\" \/>\n<meta property=\"og:description\" content=\"CONTRATO MARCO DE PRESTACI\u00d3N DE SERVICIOS DE TELECOMUNICACIONES (EN LO SUCESIVO, EL \u201cCONTRATO\u201d) QUE CELEBRAN POR UNA PARTE MARCATEL COM, S.A. DE C.V., A QUIEN EN LO SUCESIVO SE LE DENOMINAR\u00c1 \u201cEL PROVEEDOR\u201d; Y POR LA OTRA PARTE &nbsp;, A QUIEN EN LO SUCESIVO SE LE DENOMINAR\u00c1 \u201cEL CONSUMIDOR\u201d, AL TENOR DE LAS SIGUIENTES DECLARACIONES [&hellip;]\" \/>\n<meta property=\"og:url\" content=\"https:\/\/vivaro.com\/fr\/modelo-de-contrato-de-adhesion-profeco\/\" \/>\n<meta property=\"og:site_name\" content=\"V\u00edvaro\" \/>\n<meta property=\"article:publisher\" content=\"https:\/\/www.facebook.com\/grupovivaro\" \/>\n<meta property=\"article:modified_time\" content=\"2021-11-19T21:18:20+00:00\" \/>\n<meta property=\"og:image\" content=\"https:\/\/static.wixstatic.com\/media\/e0678ef25486466ba65ef6ad47b559e1.png\/v1\/fill\/w_35,h_35,al_c,q_85,usm_0.66_1.00_0.01\/e0678ef25486466ba65ef6ad47b559e1.webp\" \/>\n<meta name=\"twitter:card\" content=\"summary_large_image\" \/>\n<meta name=\"twitter:site\" content=\"@GrupoVivaro\" \/>\n<meta name=\"twitter:label1\" content=\"Estimation du temps de lecture\" \/>\n\t<meta name=\"twitter:data1\" content=\"55 minutes\" \/>\n<script type=\"application\/ld+json\" class=\"yoast-schema-graph\">{\"@context\":\"https:\\\/\\\/schema.org\",\"@graph\":[{\"@type\":\"WebPage\",\"@id\":\"https:\\\/\\\/vivaro.com\\\/modelo-de-contrato-de-adhesion-profeco\\\/\",\"url\":\"https:\\\/\\\/vivaro.com\\\/modelo-de-contrato-de-adhesion-profeco\\\/\",\"name\":\"Modelo de contrato de Adhesi\u00f3n PROFECO\",\"isPartOf\":{\"@id\":\"https:\\\/\\\/vivaro.com\\\/en\\\/#website\"},\"primaryImageOfPage\":{\"@id\":\"https:\\\/\\\/vivaro.com\\\/modelo-de-contrato-de-adhesion-profeco\\\/#primaryimage\"},\"image\":{\"@id\":\"https:\\\/\\\/vivaro.com\\\/modelo-de-contrato-de-adhesion-profeco\\\/#primaryimage\"},\"thumbnailUrl\":\"https:\\\/\\\/static.wixstatic.com\\\/media\\\/e0678ef25486466ba65ef6ad47b559e1.png\\\/v1\\\/fill\\\/w_35,h_35,al_c,q_85,usm_0.66_1.00_0.01\\\/e0678ef25486466ba65ef6ad47b559e1.webp\",\"datePublished\":\"2021-11-19T16:37:19+00:00\",\"dateModified\":\"2021-11-19T21:18:20+00:00\",\"breadcrumb\":{\"@id\":\"https:\\\/\\\/vivaro.com\\\/modelo-de-contrato-de-adhesion-profeco\\\/#breadcrumb\"},\"inLanguage\":\"fr-CA\",\"potentialAction\":[{\"@type\":\"ReadAction\",\"target\":[\"https:\\\/\\\/vivaro.com\\\/modelo-de-contrato-de-adhesion-profeco\\\/\"]}]},{\"@type\":\"ImageObject\",\"inLanguage\":\"fr-CA\",\"@id\":\"https:\\\/\\\/vivaro.com\\\/modelo-de-contrato-de-adhesion-profeco\\\/#primaryimage\",\"url\":\"https:\\\/\\\/static.wixstatic.com\\\/media\\\/e0678ef25486466ba65ef6ad47b559e1.png\\\/v1\\\/fill\\\/w_35,h_35,al_c,q_85,usm_0.66_1.00_0.01\\\/e0678ef25486466ba65ef6ad47b559e1.webp\",\"contentUrl\":\"https:\\\/\\\/static.wixstatic.com\\\/media\\\/e0678ef25486466ba65ef6ad47b559e1.png\\\/v1\\\/fill\\\/w_35,h_35,al_c,q_85,usm_0.66_1.00_0.01\\\/e0678ef25486466ba65ef6ad47b559e1.webp\"},{\"@type\":\"BreadcrumbList\",\"@id\":\"https:\\\/\\\/vivaro.com\\\/modelo-de-contrato-de-adhesion-profeco\\\/#breadcrumb\",\"itemListElement\":[{\"@type\":\"ListItem\",\"position\":1,\"name\":\"Portada\",\"item\":\"https:\\\/\\\/vivaro.com\\\/\"},{\"@type\":\"ListItem\",\"position\":2,\"name\":\"Modelo de contrato de Adhesi\u00f3n PROFECO\"}]},{\"@type\":\"WebSite\",\"@id\":\"https:\\\/\\\/vivaro.com\\\/en\\\/#website\",\"url\":\"https:\\\/\\\/vivaro.com\\\/en\\\/\",\"name\":\"V\u00edvaro\",\"description\":\"Inovaci\u00f3n tecnol\u00f3gica y servicios de telecomunicaciones.\",\"publisher\":{\"@id\":\"https:\\\/\\\/vivaro.com\\\/en\\\/#organization\"},\"potentialAction\":[{\"@type\":\"SearchAction\",\"target\":{\"@type\":\"EntryPoint\",\"urlTemplate\":\"https:\\\/\\\/vivaro.com\\\/en\\\/?s={search_term_string}\"},\"query-input\":{\"@type\":\"PropertyValueSpecification\",\"valueRequired\":true,\"valueName\":\"search_term_string\"}}],\"inLanguage\":\"fr-CA\"},{\"@type\":\"Organization\",\"@id\":\"https:\\\/\\\/vivaro.com\\\/en\\\/#organization\",\"name\":\"V\u00edvaro\",\"url\":\"https:\\\/\\\/vivaro.com\\\/en\\\/\",\"logo\":{\"@type\":\"ImageObject\",\"inLanguage\":\"fr-CA\",\"@id\":\"https:\\\/\\\/vivaro.com\\\/en\\\/#\\\/schema\\\/logo\\\/image\\\/\",\"url\":\"https:\\\/\\\/vivaro.com\\\/wp-content\\\/uploads\\\/2022\\\/03\\\/vivaro-19-1.png\",\"contentUrl\":\"https:\\\/\\\/vivaro.com\\\/wp-content\\\/uploads\\\/2022\\\/03\\\/vivaro-19-1.png\",\"width\":599,\"height\":308,\"caption\":\"V\u00edvaro\"},\"image\":{\"@id\":\"https:\\\/\\\/vivaro.com\\\/en\\\/#\\\/schema\\\/logo\\\/image\\\/\"},\"sameAs\":[\"https:\\\/\\\/www.facebook.com\\\/grupovivaro\",\"https:\\\/\\\/x.com\\\/GrupoVivaro\",\"https:\\\/\\\/www.instagram.com\\\/grupovivaro\\\/?hl=es-la\",\"https:\\\/\\\/www.linkedin.com\\\/company\\\/grupovivaro\\\/\"]}]}<\/script>\n<!-- \/ Yoast SEO plugin. -->","yoast_head_json":{"title":"Modelo de contrato de Adhesi\u00f3n PROFECO","robots":{"index":"index","follow":"follow","max-snippet":"max-snippet:-1","max-image-preview":"max-image-preview:large","max-video-preview":"max-video-preview:-1"},"canonical":"https:\/\/vivaro.com\/fr\/modelo-de-contrato-de-adhesion-profeco\/","og_locale":"fr_CA","og_type":"article","og_title":"Modelo de contrato de Adhesi\u00f3n PROFECO","og_description":"CONTRATO MARCO DE PRESTACI\u00d3N DE SERVICIOS DE TELECOMUNICACIONES (EN LO SUCESIVO, EL \u201cCONTRATO\u201d) QUE CELEBRAN POR UNA PARTE MARCATEL COM, S.A. DE C.V., A QUIEN EN LO SUCESIVO SE LE DENOMINAR\u00c1 \u201cEL PROVEEDOR\u201d; Y POR LA OTRA PARTE &nbsp;, A QUIEN EN LO SUCESIVO SE LE DENOMINAR\u00c1 \u201cEL CONSUMIDOR\u201d, AL TENOR DE LAS SIGUIENTES DECLARACIONES [&hellip;]","og_url":"https:\/\/vivaro.com\/fr\/modelo-de-contrato-de-adhesion-profeco\/","og_site_name":"V\u00edvaro","article_publisher":"https:\/\/www.facebook.com\/grupovivaro","article_modified_time":"2021-11-19T21:18:20+00:00","og_image":[{"url":"https:\/\/static.wixstatic.com\/media\/e0678ef25486466ba65ef6ad47b559e1.png\/v1\/fill\/w_35,h_35,al_c,q_85,usm_0.66_1.00_0.01\/e0678ef25486466ba65ef6ad47b559e1.webp","type":"","width":"","height":""}],"twitter_card":"summary_large_image","twitter_site":"@GrupoVivaro","twitter_misc":{"Estimation du temps de lecture":"55 minutes"},"schema":{"@context":"https:\/\/schema.org","@graph":[{"@type":"WebPage","@id":"https:\/\/vivaro.com\/modelo-de-contrato-de-adhesion-profeco\/","url":"https:\/\/vivaro.com\/modelo-de-contrato-de-adhesion-profeco\/","name":"Modelo de contrato de Adhesi\u00f3n PROFECO","isPartOf":{"@id":"https:\/\/vivaro.com\/en\/#website"},"primaryImageOfPage":{"@id":"https:\/\/vivaro.com\/modelo-de-contrato-de-adhesion-profeco\/#primaryimage"},"image":{"@id":"https:\/\/vivaro.com\/modelo-de-contrato-de-adhesion-profeco\/#primaryimage"},"thumbnailUrl":"https:\/\/static.wixstatic.com\/media\/e0678ef25486466ba65ef6ad47b559e1.png\/v1\/fill\/w_35,h_35,al_c,q_85,usm_0.66_1.00_0.01\/e0678ef25486466ba65ef6ad47b559e1.webp","datePublished":"2021-11-19T16:37:19+00:00","dateModified":"2021-11-19T21:18:20+00:00","breadcrumb":{"@id":"https:\/\/vivaro.com\/modelo-de-contrato-de-adhesion-profeco\/#breadcrumb"},"inLanguage":"fr-CA","potentialAction":[{"@type":"ReadAction","target":["https:\/\/vivaro.com\/modelo-de-contrato-de-adhesion-profeco\/"]}]},{"@type":"ImageObject","inLanguage":"fr-CA","@id":"https:\/\/vivaro.com\/modelo-de-contrato-de-adhesion-profeco\/#primaryimage","url":"https:\/\/static.wixstatic.com\/media\/e0678ef25486466ba65ef6ad47b559e1.png\/v1\/fill\/w_35,h_35,al_c,q_85,usm_0.66_1.00_0.01\/e0678ef25486466ba65ef6ad47b559e1.webp","contentUrl":"https:\/\/static.wixstatic.com\/media\/e0678ef25486466ba65ef6ad47b559e1.png\/v1\/fill\/w_35,h_35,al_c,q_85,usm_0.66_1.00_0.01\/e0678ef25486466ba65ef6ad47b559e1.webp"},{"@type":"BreadcrumbList","@id":"https:\/\/vivaro.com\/modelo-de-contrato-de-adhesion-profeco\/#breadcrumb","itemListElement":[{"@type":"ListItem","position":1,"name":"Portada","item":"https:\/\/vivaro.com\/"},{"@type":"ListItem","position":2,"name":"Modelo de contrato de Adhesi\u00f3n PROFECO"}]},{"@type":"WebSite","@id":"https:\/\/vivaro.com\/en\/#website","url":"https:\/\/vivaro.com\/en\/","name":"V\u00edvaro","description":"Inovaci\u00f3n tecnol\u00f3gica y servicios de telecomunicaciones.","publisher":{"@id":"https:\/\/vivaro.com\/en\/#organization"},"potentialAction":[{"@type":"SearchAction","target":{"@type":"EntryPoint","urlTemplate":"https:\/\/vivaro.com\/en\/?s={search_term_string}"},"query-input":{"@type":"PropertyValueSpecification","valueRequired":true,"valueName":"search_term_string"}}],"inLanguage":"fr-CA"},{"@type":"Organization","@id":"https:\/\/vivaro.com\/en\/#organization","name":"V\u00edvaro","url":"https:\/\/vivaro.com\/en\/","logo":{"@type":"ImageObject","inLanguage":"fr-CA","@id":"https:\/\/vivaro.com\/en\/#\/schema\/logo\/image\/","url":"https:\/\/vivaro.com\/wp-content\/uploads\/2022\/03\/vivaro-19-1.png","contentUrl":"https:\/\/vivaro.com\/wp-content\/uploads\/2022\/03\/vivaro-19-1.png","width":599,"height":308,"caption":"V\u00edvaro"},"image":{"@id":"https:\/\/vivaro.com\/en\/#\/schema\/logo\/image\/"},"sameAs":["https:\/\/www.facebook.com\/grupovivaro","https:\/\/x.com\/GrupoVivaro","https:\/\/www.instagram.com\/grupovivaro\/?hl=es-la","https:\/\/www.linkedin.com\/company\/grupovivaro\/"]}]}},"_links":{"self":[{"href":"https:\/\/vivaro.com\/fr\/wp-json\/wp\/v2\/pages\/1439","targetHints":{"allow":["GET"]}}],"collection":[{"href":"https:\/\/vivaro.com\/fr\/wp-json\/wp\/v2\/pages"}],"about":[{"href":"https:\/\/vivaro.com\/fr\/wp-json\/wp\/v2\/types\/page"}],"author":[{"embeddable":true,"href":"https:\/\/vivaro.com\/fr\/wp-json\/wp\/v2\/users\/1"}],"replies":[{"embeddable":true,"href":"https:\/\/vivaro.com\/fr\/wp-json\/wp\/v2\/comments?post=1439"}],"version-history":[{"count":0,"href":"https:\/\/vivaro.com\/fr\/wp-json\/wp\/v2\/pages\/1439\/revisions"}],"wp:attachment":[{"href":"https:\/\/vivaro.com\/fr\/wp-json\/wp\/v2\/media?parent=1439"}],"curies":[{"name":"wp","href":"https:\/\/api.w.org\/{rel}","templated":true}]}}